{"id":1118,"date":"2020-03-17T19:15:16","date_gmt":"2020-03-17T18:15:16","guid":{"rendered":"https:\/\/reclaimfinance.org\/site\/?page_id=1118"},"modified":"2024-07-25T10:11:22","modified_gmt":"2024-07-25T08:11:22","slug":"nos-rapports","status":"publish","type":"page","link":"https:\/\/reclaimfinance.org\/site\/nos-rapports\/","title":{"rendered":"Nos rapports"},"content":{"rendered":"<p><div class=\"fusion-fullwidth fullwidth-box fusion-builder-row-1 fusion-flex-container has-pattern-background has-mask-background nonhundred-percent-fullwidth non-hundred-percent-height-scrolling\" style=\"--awb-background-blend-mode:overlay;--awb-border-radius-top-left:0px;--awb-border-radius-top-right:0px;--awb-border-radius-bottom-right:0px;--awb-border-radius-bottom-left:0px;--awb-margin-top:150px;--awb-margin-bottom:0px;--awb-background-color:rgba(138,197,107,0);--awb-flex-wrap:wrap;\" ><div class=\"fusion-builder-row fusion-row fusion-flex-align-items-center fusion-flex-content-wrap\" style=\"max-width:1216.8px;margin-left: calc(-4% \/ 2 );margin-right: calc(-4% \/ 2 );\"><div class=\"fusion-layout-column fusion_builder_column fusion-builder-column-0 fusion_builder_column_1_1 1_1 fusion-flex-column fusion-flex-align-self-center fusion-animated\" style=\"--awb-bg-color:rgba(255,255,255,0);--awb-bg-color-hover:rgba(255,255,255,0);--awb-bg-size:cover;--awb-border-color:var(--awb-color4);--awb-border-style:solid;--awb-width-large:100%;--awb-margin-top-large:0px;--awb-spacing-right-large:1.92%;--awb-margin-bottom-large:0px;--awb-spacing-left-large:1.92%;--awb-width-medium:100%;--awb-order-medium:0;--awb-spacing-right-medium:1.92%;--awb-spacing-left-medium:1.92%;--awb-width-small:100%;--awb-order-small:0;--awb-spacing-right-small:1.92%;--awb-spacing-left-small:1.92%;\" data-animationType=\"fadeInLeft\" data-animationDuration=\"0.8\" data-animationOffset=\"top-into-view\"><div class=\"fusion-column-wrapper fusion-column-has-shadow fusion-flex-justify-content-center fusion-content-layout-column\"><div class=\"fusion-title title fusion-title-1 fusion-title-text fusion-title-size-one\" style=\"--awb-text-color:var(--awb-color1);--awb-margin-bottom:15px;\"><div class=\"title-sep-container title-sep-container-left fusion-no-large-visibility fusion-no-medium-visibility fusion-no-small-visibility\"><div class=\"title-sep sep- sep-solid\" style=\"border-color:#3e3e3e;\"><\/div><\/div><span class=\"awb-title-spacer fusion-no-large-visibility fusion-no-medium-visibility fusion-no-small-visibility\"><\/span><h1 class=\"fusion-title-heading title-heading-left fusion-responsive-typography-calculated\" style=\"font-family:&quot;Montserrat&quot;;font-style:normal;font-weight:700;margin:0;text-transform:uppercase;--fontSize:30;line-height:1.4;text-shadow:4px 4px 1px rgba(51,54,69,0);\">Nos rapports<\/h1><span class=\"awb-title-spacer\"><\/span><div class=\"title-sep-container title-sep-container-right\"><div class=\"title-sep sep- sep-solid\" style=\"border-color:#3e3e3e;\"><\/div><\/div><\/div><div class=\"fusion-separator\" style=\"align-self: flex-start;margin-right:auto;width:100%;max-width:100px;\"><div class=\"fusion-separator-border sep-single sep-solid\" style=\"--awb-height:20px;--awb-amount:20px;--awb-sep-color:var(--awb-color4);border-color:var(--awb-color4);border-top-width:10px;\"><\/div><\/div><\/div><\/div><\/div><\/div><div class=\"fusion-fullwidth fullwidth-box fusion-builder-row-2 fusion-flex-container has-pattern-background has-mask-background nonhundred-percent-fullwidth non-hundred-percent-height-scrolling\" style=\"--awb-border-radius-top-left:0px;--awb-border-radius-top-right:0px;--awb-border-radius-bottom-right:0px;--awb-border-radius-bottom-left:0px;--awb-background-color:var(--awb-color7);--awb-flex-wrap:wrap;\" ><div class=\"fusion-builder-row fusion-row fusion-flex-align-items-flex-start fusion-flex-content-wrap\" style=\"max-width:1216.8px;margin-left: calc(-4% \/ 2 );margin-right: calc(-4% \/ 2 );\"><div class=\"fusion-layout-column fusion_builder_column fusion-builder-column-1 fusion_builder_column_1_3 1_3 fusion-flex-column\" style=\"--awb-bg-size:cover;--awb-width-large:33.333333333333%;--awb-margin-top-large:0px;--awb-spacing-right-large:5.76%;--awb-margin-bottom-large:0px;--awb-spacing-left-large:5.76%;--awb-width-medium:100%;--awb-spacing-right-medium:1.92%;--awb-spacing-left-medium:1.92%;--awb-width-small:100%;--awb-spacing-right-small:1.92%;--awb-spacing-left-small:1.92%;\"><div class=\"fusion-column-wrapper fusion-column-has-shadow fusion-flex-justify-content-flex-start fusion-content-layout-column\"><div class=\"fusion-search-element fusion-search-element-1 fusion-search-form-classic\" style=\"--awb-margin-top:25px;--awb-margin-bottom:25px;\">\t\t<form role=\"search\" class=\"searchform fusion-search-form  fusion-search-form-classic\" method=\"get\" action=\"https:\/\/reclaimfinance.org\/site\/\">\n\t\t\t<div class=\"fusion-search-form-content\">\n\n\t\t\t\t\n\t\t\t\t<div class=\"fusion-search-field search-field\">\n\t\t\t\t\t<label><span class=\"screen-reader-text\">Rechercher:<\/span>\n\t\t\t\t\t\t\t\t\t\t\t\t\t<input type=\"search\" value=\"\" name=\"s\" class=\"s\" placeholder=\"Search...\" required aria-required=\"true\" aria-label=\"Search...\"\/>\n\t\t\t\t\t\t\t\t\t\t\t<\/label>\n\t\t\t\t<\/div>\n\t\t\t\t<div class=\"fusion-search-button search-button\">\n\t\t\t\t\t<input type=\"submit\" class=\"fusion-search-submit searchsubmit\" aria-label=\"Recherche\" value=\"&#xf002;\" \/>\n\t\t\t\t\t\t\t\t\t<\/div>\n\n\t\t\t\t<input type=\"hidden\" name=\"post_type[]\" value=\"post\" \/><input type=\"hidden\" name=\"search_limit_to_post_titles\" value=\"0\" \/><input type=\"hidden\" name=\"fs\" value=\"1\" \/>\n\t\t\t<\/div>\n\n\n\t\t\t\n\t\t<\/form>\n\t\t<\/div><\/div><\/div><div class=\"fusion-layout-column fusion_builder_column fusion-builder-column-2 fusion_builder_column_1_1 1_1 fusion-flex-column\" style=\"--awb-bg-size:cover;--awb-width-large:100%;--awb-margin-top-large:0px;--awb-spacing-right-large:1.92%;--awb-margin-bottom-large:20px;--awb-spacing-left-large:1.92%;--awb-width-medium:100%;--awb-order-medium:0;--awb-spacing-right-medium:1.92%;--awb-spacing-left-medium:1.92%;--awb-width-small:100%;--awb-order-small:0;--awb-spacing-right-small:1.92%;--awb-spacing-left-small:1.92%;\"><div class=\"fusion-column-wrapper fusion-column-has-shadow fusion-flex-justify-content-flex-start fusion-content-layout-column\"><div class=\"fusion-post-cards fusion-post-cards-1 fusion-grid-archive fusion-grid-columns-2\" style=\"--awb-column-spacing:71px;--awb-dots-align:center;--awb-columns:2;--awb-filters-color:#ffffff;--awb-active-filter-border-size:3px;--awb-filters-height:36px;--awb-columns-small:100%;\"><ul class=\"fusion-grid fusion-grid-2 fusion-flex-align-items-flex-start fusion-grid-posts-cards\"><li class=\"fusion-layout-column fusion_builder_column fusion-builder-column-3 fusion-flex-column post-card fusion-grid-column fusion-post-cards-grid-column\" style=\"--awb-padding-right:10px;--awb-bg-blend:overlay;--awb-bg-size:cover;\" id=\"apercuRapport\"><div class=\"fusion-column-wrapper fusion-column-has-shadow fusion-flex-justify-content-flex-start fusion-content-layout-column\"><div class=\"fusion-builder-row fusion-builder-row-inner fusion-row fusion-flex-align-items-flex-start fusion-flex-content-wrap\" style=\"width:104% !important;max-width:104% !important;margin-left: calc(-4% \/ 2 );margin-right: calc(-4% \/ 2 );\"><div class=\"fusion-layout-column fusion_builder_column_inner fusion-builder-nested-column-0 fusion_builder_column_inner_1_3 1_3 fusion-flex-column\" style=\"--awb-bg-size:cover;--awb-box-shadow:2px 2px 4px 3px rgba(41,41,42,0.58);;--awb-width-large:33.333333333333%;--awb-margin-top-large:0px;--awb-spacing-right-large:5.76%;--awb-margin-bottom-large:20px;--awb-spacing-left-large:5.76%;--awb-width-medium:100%;--awb-order-medium:0;--awb-spacing-right-medium:1.92%;--awb-spacing-left-medium:1.92%;--awb-width-small:60%;--awb-order-small:0;--awb-spacing-right-small:3.2%;--awb-spacing-left-small:3.2%;\"><div class=\"fusion-column-wrapper fusion-column-has-shadow fusion-flex-justify-content-center fusion-content-layout-column\"><div class=\"fusion-classic-product-image-wrapper fusion-woo-product-image fusion-post-card-image fusion-post-card-image-1 has-aspect-ratio\" data-layout=\"static\" style=\"--awb-aspect-ratio:2 \/ 3;\"><div  class=\"fusion-image-wrapper\" aria-haspopup=\"true\">\n\t\t\t\t\t\t\t<a href=\"https:\/\/reclaimfinance.org\/site\/2026\/04\/08\/le-prix-du-gaz-les-couts-caches-du-soutien-des-banques-europeennes-a-lexpansion-des-centrales-a-gaz\/\" aria-label=\"Le prix du gaz : les co\u00fbts cach\u00e9s du soutien des banques europ\u00e9ennes \u00e0 l&rsquo;expansion des centrales \u00e0 gaz\">\n\t\t\t\t\t\t\t<img decoding=\"async\" width=\"540\" height=\"755\" src=\"https:\/\/reclaimfinance.org\/site\/wp-content\/uploads\/2026\/04\/The-price-of-gas.png\" class=\"attachment-full size-full wp-post-image\" alt=\"The price of gas\" \/>\t\t\t<\/a>\n\t\t\t\t\t\t\t<\/div>\n<\/div><\/div><\/div><div class=\"fusion-layout-column fusion_builder_column_inner fusion-builder-nested-column-1 fusion_builder_column_inner_2_3 2_3 fusion-flex-column\" style=\"--awb-bg-size:cover;--awb-width-large:66.666666666667%;--awb-margin-top-large:0px;--awb-spacing-right-large:2.88%;--awb-margin-bottom-large:20px;--awb-spacing-left-large:2.88%;--awb-width-medium:100%;--awb-order-medium:0;--awb-spacing-right-medium:1.92%;--awb-spacing-left-medium:1.92%;--awb-width-small:100%;--awb-order-small:0;--awb-spacing-right-small:1.92%;--awb-spacing-left-small:1.92%;\"><div class=\"fusion-column-wrapper fusion-column-has-shadow fusion-flex-justify-content-flex-start fusion-content-layout-column\"><div class=\"fusion-title title fusion-title-2 fusion-no-medium-visibility fusion-no-large-visibility fusion-title-text fusion-title-size-three\"><div class=\"title-sep-container title-sep-container-left fusion-no-large-visibility fusion-no-medium-visibility fusion-no-small-visibility\"><div class=\"title-sep sep- sep-solid\" style=\"border-color:#3e3e3e;\"><\/div><\/div><span class=\"awb-title-spacer fusion-no-large-visibility fusion-no-medium-visibility fusion-no-small-visibility\"><\/span><h3 class=\"fusion-title-heading title-heading-left fusion-responsive-typography-calculated\" style=\"margin:0;--fontSize:24;line-height:1.5;\">Le prix du gaz : les co\u00fbts cach\u00e9s du soutien des banques europ\u00e9ennes \u00e0 l&rsquo;expansion des centrales \u00e0 gaz<\/h3><span class=\"awb-title-spacer\"><\/span><div class=\"title-sep-container title-sep-container-right\"><div class=\"title-sep sep- sep-solid\" style=\"border-color:#3e3e3e;\"><\/div><\/div><\/div><div class=\"fusion-content-tb fusion-content-tb-1\" style=\"--awb-text-color:#e5e3e3;--awb-content-alignment:justify;--awb-text-transform:none;\"><p> Les banques europ\u00e9ennes ont allou\u00e9 41,9 milliards de dollars entre 2021 et 2024 \u00e0 des entreprises d\u00e9veloppant des nouvelles centrales \u00e0 gaz, ce en d\u00e9pit de leurs discours en faveur de la transition \u00e9nerg\u00e9tique. Pr\u00e8s des deux tiers des financements (63%) sont issus des banques fran\u00e7aises et britanniques, principalement [...]<\/p><\/div><div ><a class=\"fusion-button button-flat button-small button-custom fusion-button-default button-1 fusion-button-default-span fusion-button-default-type\" style=\"--button_accent_color:#ffffff;--button_border_color:var(--awb-color4);--button_accent_hover_color:#ffffff;--button_border_hover_color:#8fc84c;--button_border_width-top:2px;--button_border_width-right:2px;--button_border_width-bottom:2px;--button_border_width-left:2px;--button_gradient_top_color:rgba(138,197,107,0);--button_gradient_bottom_color:rgba(138,197,107,0);--button_gradient_top_color_hover:#8fc84c;--button_gradient_bottom_color_hover:#8fc84c;\" target=\"_blank\" rel=\"noopener noreferrer\" href=\"https:\/\/reclaimfinance.org\/site\/2026\/04\/08\/le-prix-du-gaz-les-couts-caches-du-soutien-des-banques-europeennes-a-lexpansion-des-centrales-a-gaz\/\"><span class=\"fusion-button-text\">En savoir plus<\/span><\/a><\/div><\/div><\/div><\/div><\/div><\/li>\n<li class=\"fusion-layout-column fusion_builder_column fusion-builder-column-4 fusion-flex-column post-card fusion-grid-column fusion-post-cards-grid-column\" style=\"--awb-padding-right:10px;--awb-bg-blend:overlay;--awb-bg-size:cover;\" id=\"apercuRapport\"><div class=\"fusion-column-wrapper fusion-column-has-shadow fusion-flex-justify-content-flex-start fusion-content-layout-column\"><div class=\"fusion-builder-row fusion-builder-row-inner fusion-row fusion-flex-align-items-flex-start fusion-flex-content-wrap\" style=\"width:104% !important;max-width:104% !important;margin-left: calc(-4% \/ 2 );margin-right: calc(-4% \/ 2 );\"><div class=\"fusion-layout-column fusion_builder_column_inner fusion-builder-nested-column-2 fusion_builder_column_inner_1_3 1_3 fusion-flex-column\" style=\"--awb-bg-size:cover;--awb-box-shadow:2px 2px 4px 3px rgba(41,41,42,0.58);;--awb-width-large:33.333333333333%;--awb-margin-top-large:0px;--awb-spacing-right-large:5.76%;--awb-margin-bottom-large:20px;--awb-spacing-left-large:5.76%;--awb-width-medium:100%;--awb-order-medium:0;--awb-spacing-right-medium:1.92%;--awb-spacing-left-medium:1.92%;--awb-width-small:60%;--awb-order-small:0;--awb-spacing-right-small:3.2%;--awb-spacing-left-small:3.2%;\"><div class=\"fusion-column-wrapper fusion-column-has-shadow fusion-flex-justify-content-center fusion-content-layout-column\"><div class=\"fusion-classic-product-image-wrapper fusion-woo-product-image fusion-post-card-image fusion-post-card-image-1 has-aspect-ratio\" data-layout=\"static\" style=\"--awb-aspect-ratio:2 \/ 3;\"><div  class=\"fusion-image-wrapper\" aria-haspopup=\"true\">\n\t\t\t\t\t\t\t<a href=\"https:\/\/reclaimfinance.org\/site\/2026\/03\/11\/catastrophes-naturelles-eviter-la-crise-de-lassurabilite-en-france\/\" aria-label=\"Catastrophes naturelles : \u00e9viter la crise de l\u2019assurabilit\u00e9 en France\">\n\t\t\t\t\t\t\t<img decoding=\"async\" width=\"538\" height=\"767\" src=\"https:\/\/reclaimfinance.org\/site\/wp-content\/uploads\/2026\/03\/Capture-decran-2026-03-04-142034-e1772633443960.png\" class=\"attachment-full size-full wp-post-image\" alt=\"\" \/>\t\t\t<\/a>\n\t\t\t\t\t\t\t<\/div>\n<\/div><\/div><\/div><div class=\"fusion-layout-column fusion_builder_column_inner fusion-builder-nested-column-3 fusion_builder_column_inner_2_3 2_3 fusion-flex-column\" style=\"--awb-bg-size:cover;--awb-width-large:66.666666666667%;--awb-margin-top-large:0px;--awb-spacing-right-large:2.88%;--awb-margin-bottom-large:20px;--awb-spacing-left-large:2.88%;--awb-width-medium:100%;--awb-order-medium:0;--awb-spacing-right-medium:1.92%;--awb-spacing-left-medium:1.92%;--awb-width-small:100%;--awb-order-small:0;--awb-spacing-right-small:1.92%;--awb-spacing-left-small:1.92%;\"><div class=\"fusion-column-wrapper fusion-column-has-shadow fusion-flex-justify-content-flex-start fusion-content-layout-column\"><div class=\"fusion-title title fusion-title-3 fusion-no-medium-visibility fusion-no-large-visibility fusion-title-text fusion-title-size-three\"><div class=\"title-sep-container title-sep-container-left fusion-no-large-visibility fusion-no-medium-visibility fusion-no-small-visibility\"><div class=\"title-sep sep- sep-solid\" style=\"border-color:#3e3e3e;\"><\/div><\/div><span class=\"awb-title-spacer fusion-no-large-visibility fusion-no-medium-visibility fusion-no-small-visibility\"><\/span><h3 class=\"fusion-title-heading title-heading-left fusion-responsive-typography-calculated\" style=\"margin:0;--fontSize:24;line-height:1.5;\">Catastrophes naturelles : \u00e9viter la crise de l\u2019assurabilit\u00e9 en France<\/h3><span class=\"awb-title-spacer\"><\/span><div class=\"title-sep-container title-sep-container-right\"><div class=\"title-sep sep- sep-solid\" style=\"border-color:#3e3e3e;\"><\/div><\/div><\/div><div class=\"fusion-content-tb fusion-content-tb-2\" style=\"--awb-text-color:#e5e3e3;--awb-content-alignment:justify;--awb-text-transform:none;\"><p> En 2025, 52% des co\u00fbts li\u00e9s aux \u00e9v\u00e8nements climatiques extr\u00eames dans le monde n\u2019ont pas \u00e9t\u00e9 assur\u00e9s, et sont donc rest\u00e9s \u00e0 la charge des sinistr\u00e9s, particuliers comme collectivit\u00e9s mais aussi des finances publiques. En France, l'intensification des catastrophes naturelles met en danger le syst\u00e8me assurantiel. Reclaim Finance a [...]<\/p><\/div><div ><a class=\"fusion-button button-flat button-small button-custom fusion-button-default button-2 fusion-button-default-span fusion-button-default-type\" style=\"--button_accent_color:#ffffff;--button_border_color:var(--awb-color4);--button_accent_hover_color:#ffffff;--button_border_hover_color:#8fc84c;--button_border_width-top:2px;--button_border_width-right:2px;--button_border_width-bottom:2px;--button_border_width-left:2px;--button_gradient_top_color:rgba(138,197,107,0);--button_gradient_bottom_color:rgba(138,197,107,0);--button_gradient_top_color_hover:#8fc84c;--button_gradient_bottom_color_hover:#8fc84c;\" target=\"_blank\" rel=\"noopener noreferrer\" href=\"https:\/\/reclaimfinance.org\/site\/2026\/03\/11\/catastrophes-naturelles-eviter-la-crise-de-lassurabilite-en-france\/\"><span class=\"fusion-button-text\">En savoir plus<\/span><\/a><\/div><\/div><\/div><\/div><\/div><\/li>\n<li class=\"fusion-layout-column fusion_builder_column fusion-builder-column-5 fusion-flex-column post-card fusion-grid-column fusion-post-cards-grid-column\" style=\"--awb-padding-right:10px;--awb-bg-blend:overlay;--awb-bg-size:cover;\" id=\"apercuRapport\"><div class=\"fusion-column-wrapper fusion-column-has-shadow fusion-flex-justify-content-flex-start fusion-content-layout-column\"><div class=\"fusion-builder-row fusion-builder-row-inner fusion-row fusion-flex-align-items-flex-start fusion-flex-content-wrap\" style=\"width:104% !important;max-width:104% !important;margin-left: calc(-4% \/ 2 );margin-right: calc(-4% \/ 2 );\"><div class=\"fusion-layout-column fusion_builder_column_inner fusion-builder-nested-column-4 fusion_builder_column_inner_1_3 1_3 fusion-flex-column\" style=\"--awb-bg-size:cover;--awb-box-shadow:2px 2px 4px 3px rgba(41,41,42,0.58);;--awb-width-large:33.333333333333%;--awb-margin-top-large:0px;--awb-spacing-right-large:5.76%;--awb-margin-bottom-large:20px;--awb-spacing-left-large:5.76%;--awb-width-medium:100%;--awb-order-medium:0;--awb-spacing-right-medium:1.92%;--awb-spacing-left-medium:1.92%;--awb-width-small:60%;--awb-order-small:0;--awb-spacing-right-small:3.2%;--awb-spacing-left-small:3.2%;\"><div class=\"fusion-column-wrapper fusion-column-has-shadow fusion-flex-justify-content-center fusion-content-layout-column\"><div class=\"fusion-classic-product-image-wrapper fusion-woo-product-image fusion-post-card-image fusion-post-card-image-1 has-aspect-ratio\" data-layout=\"static\" style=\"--awb-aspect-ratio:2 \/ 3;\"><div  class=\"fusion-image-wrapper\" aria-haspopup=\"true\">\n\t\t\t\t\t\t\t<a href=\"https:\/\/reclaimfinance.org\/site\/2026\/02\/05\/lassurance-vie-a-lere-de-lurgence-climatique-une-offre-en-uc-hors-de-controle-loin-des-attentes-des-epargnants\/\" aria-label=\"L&rsquo;assurance-vie \u00e0 l&rsquo;\u00e8re de l&rsquo;urgence climatique : une offre en UC hors de contr\u00f4le, loin des attentes des \u00e9pargnants\">\n\t\t\t\t\t\t\t<img decoding=\"async\" width=\"529\" height=\"755\" src=\"https:\/\/reclaimfinance.org\/site\/wp-content\/uploads\/2026\/02\/Capture-decran-2026-02-03-111458.png\" class=\"attachment-full size-full wp-post-image\" alt=\"Rapport Assurance-vie\" \/>\t\t\t<\/a>\n\t\t\t\t\t\t\t<\/div>\n<\/div><\/div><\/div><div class=\"fusion-layout-column fusion_builder_column_inner fusion-builder-nested-column-5 fusion_builder_column_inner_2_3 2_3 fusion-flex-column\" style=\"--awb-bg-size:cover;--awb-width-large:66.666666666667%;--awb-margin-top-large:0px;--awb-spacing-right-large:2.88%;--awb-margin-bottom-large:20px;--awb-spacing-left-large:2.88%;--awb-width-medium:100%;--awb-order-medium:0;--awb-spacing-right-medium:1.92%;--awb-spacing-left-medium:1.92%;--awb-width-small:100%;--awb-order-small:0;--awb-spacing-right-small:1.92%;--awb-spacing-left-small:1.92%;\"><div class=\"fusion-column-wrapper fusion-column-has-shadow fusion-flex-justify-content-flex-start fusion-content-layout-column\"><div class=\"fusion-title title fusion-title-4 fusion-no-medium-visibility fusion-no-large-visibility fusion-title-text fusion-title-size-three\"><div class=\"title-sep-container title-sep-container-left fusion-no-large-visibility fusion-no-medium-visibility fusion-no-small-visibility\"><div class=\"title-sep sep- sep-solid\" style=\"border-color:#3e3e3e;\"><\/div><\/div><span class=\"awb-title-spacer fusion-no-large-visibility fusion-no-medium-visibility fusion-no-small-visibility\"><\/span><h3 class=\"fusion-title-heading title-heading-left fusion-responsive-typography-calculated\" style=\"margin:0;--fontSize:24;line-height:1.5;\">L&rsquo;assurance-vie \u00e0 l&rsquo;\u00e8re de l&rsquo;urgence climatique : une offre en UC hors de contr\u00f4le, loin des attentes des \u00e9pargnants<\/h3><span class=\"awb-title-spacer\"><\/span><div class=\"title-sep-container title-sep-container-right\"><div class=\"title-sep sep- sep-solid\" style=\"border-color:#3e3e3e;\"><\/div><\/div><\/div><div class=\"fusion-content-tb fusion-content-tb-3\" style=\"--awb-text-color:#e5e3e3;--awb-content-alignment:justify;--awb-text-transform:none;\"><p> L'assurance-vie est de loin le premier produit d\u2019\u00e9pargne des Fran\u00e7ais. Depuis plus de 10 ans, l\u2019un de ses deux supports, les unit\u00e9s de compte (UC), s\u00e9duit de plus en plus d'\u00e9pargnants au point de repr\u00e9senter aujourd\u2019hui pr\u00e8s de 40 % de la collecte en assurance-vie, contre 12 % en [...]<\/p><\/div><div ><a class=\"fusion-button button-flat button-small button-custom fusion-button-default button-3 fusion-button-default-span fusion-button-default-type\" style=\"--button_accent_color:#ffffff;--button_border_color:var(--awb-color4);--button_accent_hover_color:#ffffff;--button_border_hover_color:#8fc84c;--button_border_width-top:2px;--button_border_width-right:2px;--button_border_width-bottom:2px;--button_border_width-left:2px;--button_gradient_top_color:rgba(138,197,107,0);--button_gradient_bottom_color:rgba(138,197,107,0);--button_gradient_top_color_hover:#8fc84c;--button_gradient_bottom_color_hover:#8fc84c;\" target=\"_blank\" rel=\"noopener noreferrer\" href=\"https:\/\/reclaimfinance.org\/site\/2026\/02\/05\/lassurance-vie-a-lere-de-lurgence-climatique-une-offre-en-uc-hors-de-controle-loin-des-attentes-des-epargnants\/\"><span class=\"fusion-button-text\">En savoir plus<\/span><\/a><\/div><\/div><\/div><\/div><\/div><\/li>\n<li class=\"fusion-layout-column fusion_builder_column fusion-builder-column-6 fusion-flex-column post-card fusion-grid-column fusion-post-cards-grid-column\" style=\"--awb-padding-right:10px;--awb-bg-blend:overlay;--awb-bg-size:cover;\" id=\"apercuRapport\"><div class=\"fusion-column-wrapper fusion-column-has-shadow fusion-flex-justify-content-flex-start fusion-content-layout-column\"><div class=\"fusion-builder-row fusion-builder-row-inner fusion-row fusion-flex-align-items-flex-start fusion-flex-content-wrap\" style=\"width:104% !important;max-width:104% !important;margin-left: calc(-4% \/ 2 );margin-right: calc(-4% \/ 2 );\"><div class=\"fusion-layout-column fusion_builder_column_inner fusion-builder-nested-column-6 fusion_builder_column_inner_1_3 1_3 fusion-flex-column\" style=\"--awb-bg-size:cover;--awb-box-shadow:2px 2px 4px 3px rgba(41,41,42,0.58);;--awb-width-large:33.333333333333%;--awb-margin-top-large:0px;--awb-spacing-right-large:5.76%;--awb-margin-bottom-large:20px;--awb-spacing-left-large:5.76%;--awb-width-medium:100%;--awb-order-medium:0;--awb-spacing-right-medium:1.92%;--awb-spacing-left-medium:1.92%;--awb-width-small:60%;--awb-order-small:0;--awb-spacing-right-small:3.2%;--awb-spacing-left-small:3.2%;\"><div class=\"fusion-column-wrapper fusion-column-has-shadow fusion-flex-justify-content-center fusion-content-layout-column\"><div class=\"fusion-classic-product-image-wrapper fusion-woo-product-image fusion-post-card-image fusion-post-card-image-1 has-aspect-ratio\" data-layout=\"static\" style=\"--awb-aspect-ratio:2 \/ 3;\"><div  class=\"fusion-image-wrapper\" aria-haspopup=\"true\">\n\t\t\t\t\t\t\t<a href=\"https:\/\/reclaimfinance.org\/site\/2026\/01\/28\/cibler-lechec-pourquoi-les-cibles-des-investisseurs-nassurent-pas-la-decarbonation\/\" aria-label=\"Cibler l&rsquo;\u00e9chec : pourquoi les cibles des investisseurs n&rsquo;assurent pas la d\u00e9carbonation\">\n\t\t\t\t\t\t\t<img decoding=\"async\" width=\"494\" height=\"696\" src=\"https:\/\/reclaimfinance.org\/site\/wp-content\/uploads\/2026\/01\/Capture-decran-2026-01-28-163110.png\" class=\"attachment-full size-full wp-post-image\" alt=\"\" \/>\t\t\t<\/a>\n\t\t\t\t\t\t\t<\/div>\n<\/div><\/div><\/div><div class=\"fusion-layout-column fusion_builder_column_inner fusion-builder-nested-column-7 fusion_builder_column_inner_2_3 2_3 fusion-flex-column\" style=\"--awb-bg-size:cover;--awb-width-large:66.666666666667%;--awb-margin-top-large:0px;--awb-spacing-right-large:2.88%;--awb-margin-bottom-large:20px;--awb-spacing-left-large:2.88%;--awb-width-medium:100%;--awb-order-medium:0;--awb-spacing-right-medium:1.92%;--awb-spacing-left-medium:1.92%;--awb-width-small:100%;--awb-order-small:0;--awb-spacing-right-small:1.92%;--awb-spacing-left-small:1.92%;\"><div class=\"fusion-column-wrapper fusion-column-has-shadow fusion-flex-justify-content-flex-start fusion-content-layout-column\"><div class=\"fusion-title title fusion-title-5 fusion-no-medium-visibility fusion-no-large-visibility fusion-title-text fusion-title-size-three\"><div class=\"title-sep-container title-sep-container-left fusion-no-large-visibility fusion-no-medium-visibility fusion-no-small-visibility\"><div class=\"title-sep sep- sep-solid\" style=\"border-color:#3e3e3e;\"><\/div><\/div><span class=\"awb-title-spacer fusion-no-large-visibility fusion-no-medium-visibility fusion-no-small-visibility\"><\/span><h3 class=\"fusion-title-heading title-heading-left fusion-responsive-typography-calculated\" style=\"margin:0;--fontSize:24;line-height:1.5;\">Cibler l&rsquo;\u00e9chec : pourquoi les cibles des investisseurs n&rsquo;assurent pas la d\u00e9carbonation<\/h3><span class=\"awb-title-spacer\"><\/span><div class=\"title-sep-container title-sep-container-right\"><div class=\"title-sep sep- sep-solid\" style=\"border-color:#3e3e3e;\"><\/div><\/div><\/div><div class=\"fusion-content-tb fusion-content-tb-4\" style=\"--awb-text-color:#e5e3e3;--awb-content-alignment:justify;--awb-text-transform:none;\"><p> Les investisseurs adoptent de plus en plus d\u2019objectifs climatiques pour r\u00e9pondre aux pressions visant \u00e0 g\u00e9rer les risques financiers li\u00e9s au climat et \u00e0 assurer la transition vers une \u00e9conomie net-zero. Ce rapport \u00e9value la robustesse, l\u2019ambition et la transparence de ces objectifs aupr\u00e8s d\u2019un \u00e9chantillon de 83 investisseurs [...]<\/p><\/div><div ><a class=\"fusion-button button-flat button-small button-custom fusion-button-default button-4 fusion-button-default-span fusion-button-default-type\" style=\"--button_accent_color:#ffffff;--button_border_color:var(--awb-color4);--button_accent_hover_color:#ffffff;--button_border_hover_color:#8fc84c;--button_border_width-top:2px;--button_border_width-right:2px;--button_border_width-bottom:2px;--button_border_width-left:2px;--button_gradient_top_color:rgba(138,197,107,0);--button_gradient_bottom_color:rgba(138,197,107,0);--button_gradient_top_color_hover:#8fc84c;--button_gradient_bottom_color_hover:#8fc84c;\" target=\"_blank\" rel=\"noopener noreferrer\" href=\"https:\/\/reclaimfinance.org\/site\/2026\/01\/28\/cibler-lechec-pourquoi-les-cibles-des-investisseurs-nassurent-pas-la-decarbonation\/\"><span class=\"fusion-button-text\">En savoir plus<\/span><\/a><\/div><\/div><\/div><\/div><\/div><\/li>\n<li class=\"fusion-layout-column fusion_builder_column fusion-builder-column-7 fusion-flex-column post-card fusion-grid-column fusion-post-cards-grid-column\" style=\"--awb-padding-right:10px;--awb-bg-blend:overlay;--awb-bg-size:cover;\" id=\"apercuRapport\"><div class=\"fusion-column-wrapper fusion-column-has-shadow fusion-flex-justify-content-flex-start fusion-content-layout-column\"><div class=\"fusion-builder-row fusion-builder-row-inner fusion-row fusion-flex-align-items-flex-start fusion-flex-content-wrap\" style=\"width:104% !important;max-width:104% !important;margin-left: calc(-4% \/ 2 );margin-right: calc(-4% \/ 2 );\"><div class=\"fusion-layout-column fusion_builder_column_inner fusion-builder-nested-column-8 fusion_builder_column_inner_1_3 1_3 fusion-flex-column\" style=\"--awb-bg-size:cover;--awb-box-shadow:2px 2px 4px 3px rgba(41,41,42,0.58);;--awb-width-large:33.333333333333%;--awb-margin-top-large:0px;--awb-spacing-right-large:5.76%;--awb-margin-bottom-large:20px;--awb-spacing-left-large:5.76%;--awb-width-medium:100%;--awb-order-medium:0;--awb-spacing-right-medium:1.92%;--awb-spacing-left-medium:1.92%;--awb-width-small:60%;--awb-order-small:0;--awb-spacing-right-small:3.2%;--awb-spacing-left-small:3.2%;\"><div class=\"fusion-column-wrapper fusion-column-has-shadow fusion-flex-justify-content-center fusion-content-layout-column\"><div class=\"fusion-classic-product-image-wrapper fusion-woo-product-image fusion-post-card-image fusion-post-card-image-1 has-aspect-ratio\" data-layout=\"static\" style=\"--awb-aspect-ratio:2 \/ 3;\"><div  class=\"fusion-image-wrapper\" aria-haspopup=\"true\">\n\t\t\t\t\t\t\t<a href=\"https:\/\/reclaimfinance.org\/site\/2025\/11\/27\/tresorerie-du-cac-40-un-levier-oublie-pour-le-climat-et-la-biodiversite\/\" aria-label=\"Tr\u00e9sorerie du CAC 40 &#8211; Un levier oubli\u00e9 pour le climat et la biodiversit\u00e9\">\n\t\t\t\t\t\t\t<img decoding=\"async\" width=\"622\" height=\"881\" src=\"https:\/\/reclaimfinance.org\/site\/wp-content\/uploads\/2025\/11\/CouvertureTresorerie-du-CAC-40-un-levier-oublie-pour-la-biodiversite.png\" class=\"attachment-full size-full wp-post-image\" alt=\"CouvertureTresorerie-du-CAC-40-un-levier-oublie-pour-la-biodiversite\" \/>\t\t\t<\/a>\n\t\t\t\t\t\t\t<\/div>\n<\/div><\/div><\/div><div class=\"fusion-layout-column fusion_builder_column_inner fusion-builder-nested-column-9 fusion_builder_column_inner_2_3 2_3 fusion-flex-column\" style=\"--awb-bg-size:cover;--awb-width-large:66.666666666667%;--awb-margin-top-large:0px;--awb-spacing-right-large:2.88%;--awb-margin-bottom-large:20px;--awb-spacing-left-large:2.88%;--awb-width-medium:100%;--awb-order-medium:0;--awb-spacing-right-medium:1.92%;--awb-spacing-left-medium:1.92%;--awb-width-small:100%;--awb-order-small:0;--awb-spacing-right-small:1.92%;--awb-spacing-left-small:1.92%;\"><div class=\"fusion-column-wrapper fusion-column-has-shadow fusion-flex-justify-content-flex-start fusion-content-layout-column\"><div class=\"fusion-title title fusion-title-6 fusion-no-medium-visibility fusion-no-large-visibility fusion-title-text fusion-title-size-three\"><div class=\"title-sep-container title-sep-container-left fusion-no-large-visibility fusion-no-medium-visibility fusion-no-small-visibility\"><div class=\"title-sep sep- sep-solid\" style=\"border-color:#3e3e3e;\"><\/div><\/div><span class=\"awb-title-spacer fusion-no-large-visibility fusion-no-medium-visibility fusion-no-small-visibility\"><\/span><h3 class=\"fusion-title-heading title-heading-left fusion-responsive-typography-calculated\" style=\"margin:0;--fontSize:24;line-height:1.5;\">Tr\u00e9sorerie du CAC 40 &#8211; Un levier oubli\u00e9 pour le climat et la biodiversit\u00e9<\/h3><span class=\"awb-title-spacer\"><\/span><div class=\"title-sep-container title-sep-container-right\"><div class=\"title-sep sep- sep-solid\" style=\"border-color:#3e3e3e;\"><\/div><\/div><\/div><div class=\"fusion-content-tb fusion-content-tb-5\" style=\"--awb-text-color:#e5e3e3;--awb-content-alignment:justify;--awb-text-transform:none;\"><p>Avec 1000 milliards d\u2019euros, la tr\u00e9sorerie des entreprises fran\u00e7aises repr\u00e9sente un levier puissant au service des entreprises qui souhaitent agir en faveur du climat et de la biodiversit\u00e9, au m\u00eame titre que leur strat\u00e9gie commerciale ou industrielle. Reclaim Finance, avec le soutien de WWF, fait \u00e9tat dans un nouveau rapport [...]<\/p><\/div><div ><a class=\"fusion-button button-flat button-small button-custom fusion-button-default button-5 fusion-button-default-span fusion-button-default-type\" style=\"--button_accent_color:#ffffff;--button_border_color:var(--awb-color4);--button_accent_hover_color:#ffffff;--button_border_hover_color:#8fc84c;--button_border_width-top:2px;--button_border_width-right:2px;--button_border_width-bottom:2px;--button_border_width-left:2px;--button_gradient_top_color:rgba(138,197,107,0);--button_gradient_bottom_color:rgba(138,197,107,0);--button_gradient_top_color_hover:#8fc84c;--button_gradient_bottom_color_hover:#8fc84c;\" target=\"_blank\" rel=\"noopener noreferrer\" href=\"https:\/\/reclaimfinance.org\/site\/2025\/11\/27\/tresorerie-du-cac-40-un-levier-oublie-pour-le-climat-et-la-biodiversite\/\"><span class=\"fusion-button-text\">En savoir plus<\/span><\/a><\/div><\/div><\/div><\/div><\/div><\/li>\n<li class=\"fusion-layout-column fusion_builder_column fusion-builder-column-8 fusion-flex-column post-card fusion-grid-column fusion-post-cards-grid-column\" style=\"--awb-padding-right:10px;--awb-bg-blend:overlay;--awb-bg-size:cover;\" id=\"apercuRapport\"><div class=\"fusion-column-wrapper fusion-column-has-shadow fusion-flex-justify-content-flex-start fusion-content-layout-column\"><div class=\"fusion-builder-row fusion-builder-row-inner fusion-row fusion-flex-align-items-flex-start fusion-flex-content-wrap\" style=\"width:104% !important;max-width:104% !important;margin-left: calc(-4% \/ 2 );margin-right: calc(-4% \/ 2 );\"><div class=\"fusion-layout-column fusion_builder_column_inner fusion-builder-nested-column-10 fusion_builder_column_inner_1_3 1_3 fusion-flex-column\" style=\"--awb-bg-size:cover;--awb-box-shadow:2px 2px 4px 3px rgba(41,41,42,0.58);;--awb-width-large:33.333333333333%;--awb-margin-top-large:0px;--awb-spacing-right-large:5.76%;--awb-margin-bottom-large:20px;--awb-spacing-left-large:5.76%;--awb-width-medium:100%;--awb-order-medium:0;--awb-spacing-right-medium:1.92%;--awb-spacing-left-medium:1.92%;--awb-width-small:60%;--awb-order-small:0;--awb-spacing-right-small:3.2%;--awb-spacing-left-small:3.2%;\"><div class=\"fusion-column-wrapper fusion-column-has-shadow fusion-flex-justify-content-center fusion-content-layout-column\"><div class=\"fusion-classic-product-image-wrapper fusion-woo-product-image fusion-post-card-image fusion-post-card-image-1 has-aspect-ratio\" data-layout=\"static\" style=\"--awb-aspect-ratio:2 \/ 3;\"><div  class=\"fusion-image-wrapper\" aria-haspopup=\"true\">\n\t\t\t\t\t\t\t<a href=\"https:\/\/reclaimfinance.org\/site\/2025\/11\/20\/deforestation-en-amazonie-la-complicite-des-banques-francaises\/\" aria-label=\"D\u00e9forestation en Amazonie: la complicit\u00e9 des banques fran\u00e7aises\">\n\t\t\t\t\t\t\t<img decoding=\"async\" width=\"670\" height=\"950\" src=\"https:\/\/reclaimfinance.org\/site\/wp-content\/uploads\/2025\/11\/Couverture-DEFORESTATION-EN-AMAZONIE_-LA-COMPLICITE-DES-BANQUES-FRANCAISES.png\" class=\"attachment-full size-full wp-post-image\" alt=\"Couverture DEFORESTATION-EN-AMAZONIE_-LA-COMPLICITE-DES-BANQUES-FRANCAISES\" \/>\t\t\t<\/a>\n\t\t\t\t\t\t\t<\/div>\n<\/div><\/div><\/div><div class=\"fusion-layout-column fusion_builder_column_inner fusion-builder-nested-column-11 fusion_builder_column_inner_2_3 2_3 fusion-flex-column\" style=\"--awb-bg-size:cover;--awb-width-large:66.666666666667%;--awb-margin-top-large:0px;--awb-spacing-right-large:2.88%;--awb-margin-bottom-large:20px;--awb-spacing-left-large:2.88%;--awb-width-medium:100%;--awb-order-medium:0;--awb-spacing-right-medium:1.92%;--awb-spacing-left-medium:1.92%;--awb-width-small:100%;--awb-order-small:0;--awb-spacing-right-small:1.92%;--awb-spacing-left-small:1.92%;\"><div class=\"fusion-column-wrapper fusion-column-has-shadow fusion-flex-justify-content-flex-start fusion-content-layout-column\"><div class=\"fusion-title title fusion-title-7 fusion-no-medium-visibility fusion-no-large-visibility fusion-title-text fusion-title-size-three\"><div class=\"title-sep-container title-sep-container-left fusion-no-large-visibility fusion-no-medium-visibility fusion-no-small-visibility\"><div class=\"title-sep sep- sep-solid\" style=\"border-color:#3e3e3e;\"><\/div><\/div><span class=\"awb-title-spacer fusion-no-large-visibility fusion-no-medium-visibility fusion-no-small-visibility\"><\/span><h3 class=\"fusion-title-heading title-heading-left fusion-responsive-typography-calculated\" style=\"margin:0;--fontSize:24;line-height:1.5;\">D\u00e9forestation en Amazonie: la complicit\u00e9 des banques fran\u00e7aises<\/h3><span class=\"awb-title-spacer\"><\/span><div class=\"title-sep-container title-sep-container-right\"><div class=\"title-sep sep- sep-solid\" style=\"border-color:#3e3e3e;\"><\/div><\/div><\/div><div class=\"fusion-content-tb fusion-content-tb-6\" style=\"--awb-text-color:#e5e3e3;--awb-content-alignment:justify;--awb-text-transform:none;\"><p> Alors que la COP30 touche \u00e0 sa fin en Amazonie, o\u00f9 les discussions sur sa protection ont \u00e9t\u00e9 centrales, Reclaim Finance et Canop\u00e9e r\u00e9v\u00e8lent dans ce briefing que les quatre grandes banques fran\u00e7aises ont financ\u00e9 deux acteurs majeurs de la d\u00e9forestation de cet \u00e9cosyst\u00e8me.  Informations cl\u00e9s :  [...]<\/p><\/div><div ><a class=\"fusion-button button-flat button-small button-custom fusion-button-default button-6 fusion-button-default-span fusion-button-default-type\" style=\"--button_accent_color:#ffffff;--button_border_color:var(--awb-color4);--button_accent_hover_color:#ffffff;--button_border_hover_color:#8fc84c;--button_border_width-top:2px;--button_border_width-right:2px;--button_border_width-bottom:2px;--button_border_width-left:2px;--button_gradient_top_color:rgba(138,197,107,0);--button_gradient_bottom_color:rgba(138,197,107,0);--button_gradient_top_color_hover:#8fc84c;--button_gradient_bottom_color_hover:#8fc84c;\" target=\"_blank\" rel=\"noopener noreferrer\" href=\"https:\/\/reclaimfinance.org\/site\/2025\/11\/20\/deforestation-en-amazonie-la-complicite-des-banques-francaises\/\"><span class=\"fusion-button-text\">En savoir plus<\/span><\/a><\/div><\/div><\/div><\/div><\/div><\/li>\n<li class=\"fusion-layout-column fusion_builder_column fusion-builder-column-9 fusion-flex-column post-card fusion-grid-column fusion-post-cards-grid-column\" style=\"--awb-padding-right:10px;--awb-bg-blend:overlay;--awb-bg-size:cover;\" id=\"apercuRapport\"><div class=\"fusion-column-wrapper fusion-column-has-shadow fusion-flex-justify-content-flex-start fusion-content-layout-column\"><div class=\"fusion-builder-row fusion-builder-row-inner fusion-row fusion-flex-align-items-flex-start fusion-flex-content-wrap\" style=\"width:104% !important;max-width:104% !important;margin-left: calc(-4% \/ 2 );margin-right: calc(-4% \/ 2 );\"><div class=\"fusion-layout-column fusion_builder_column_inner fusion-builder-nested-column-12 fusion_builder_column_inner_1_3 1_3 fusion-flex-column\" style=\"--awb-bg-size:cover;--awb-box-shadow:2px 2px 4px 3px rgba(41,41,42,0.58);;--awb-width-large:33.333333333333%;--awb-margin-top-large:0px;--awb-spacing-right-large:5.76%;--awb-margin-bottom-large:20px;--awb-spacing-left-large:5.76%;--awb-width-medium:100%;--awb-order-medium:0;--awb-spacing-right-medium:1.92%;--awb-spacing-left-medium:1.92%;--awb-width-small:60%;--awb-order-small:0;--awb-spacing-right-small:3.2%;--awb-spacing-left-small:3.2%;\"><div class=\"fusion-column-wrapper fusion-column-has-shadow fusion-flex-justify-content-center fusion-content-layout-column\"><div class=\"fusion-classic-product-image-wrapper fusion-woo-product-image fusion-post-card-image fusion-post-card-image-1 has-aspect-ratio\" data-layout=\"static\" style=\"--awb-aspect-ratio:2 \/ 3;\"><div  class=\"fusion-image-wrapper\" aria-haspopup=\"true\">\n\t\t\t\t\t\t\t<a href=\"https:\/\/reclaimfinance.org\/site\/2025\/11\/06\/credit-agricole-un-double-discours-entre-banque-et-gestion-dactifs-sur-le-climat\/\" aria-label=\"Cr\u00e9dit agricole : un double discours entre banque et gestion d&rsquo;actifs sur le climat\">\n\t\t\t\t\t\t\t<img decoding=\"async\" width=\"623\" height=\"882\" src=\"https:\/\/reclaimfinance.org\/site\/wp-content\/uploads\/2025\/11\/Couverture-credit-agricole-double-discours.png\" class=\"attachment-full size-full wp-post-image\" alt=\"Couverture cr\u00e9dit agricole double discours\" \/>\t\t\t<\/a>\n\t\t\t\t\t\t\t<\/div>\n<\/div><\/div><\/div><div class=\"fusion-layout-column fusion_builder_column_inner fusion-builder-nested-column-13 fusion_builder_column_inner_2_3 2_3 fusion-flex-column\" style=\"--awb-bg-size:cover;--awb-width-large:66.666666666667%;--awb-margin-top-large:0px;--awb-spacing-right-large:2.88%;--awb-margin-bottom-large:20px;--awb-spacing-left-large:2.88%;--awb-width-medium:100%;--awb-order-medium:0;--awb-spacing-right-medium:1.92%;--awb-spacing-left-medium:1.92%;--awb-width-small:100%;--awb-order-small:0;--awb-spacing-right-small:1.92%;--awb-spacing-left-small:1.92%;\"><div class=\"fusion-column-wrapper fusion-column-has-shadow fusion-flex-justify-content-flex-start fusion-content-layout-column\"><div class=\"fusion-title title fusion-title-8 fusion-no-medium-visibility fusion-no-large-visibility fusion-title-text fusion-title-size-three\"><div class=\"title-sep-container title-sep-container-left fusion-no-large-visibility fusion-no-medium-visibility fusion-no-small-visibility\"><div class=\"title-sep sep- sep-solid\" style=\"border-color:#3e3e3e;\"><\/div><\/div><span class=\"awb-title-spacer fusion-no-large-visibility fusion-no-medium-visibility fusion-no-small-visibility\"><\/span><h3 class=\"fusion-title-heading title-heading-left fusion-responsive-typography-calculated\" style=\"margin:0;--fontSize:24;line-height:1.5;\">Cr\u00e9dit agricole : un double discours entre banque et gestion d&rsquo;actifs sur le climat<\/h3><span class=\"awb-title-spacer\"><\/span><div class=\"title-sep-container title-sep-container-right\"><div class=\"title-sep sep- sep-solid\" style=\"border-color:#3e3e3e;\"><\/div><\/div><\/div><div class=\"fusion-content-tb fusion-content-tb-7\" style=\"--awb-text-color:#e5e3e3;--awb-content-alignment:justify;--awb-text-transform:none;\"><p> Plus d\u2019un an apr\u00e8s l\u2019annonce par le Cr\u00e9dit Agricole d\u2019une mesure reconnaissant l\u2019imp\u00e9ratif scientifique de mettre fin \u00e0 l\u2019expansion p\u00e9tro-gazi\u00e8re, Reclaim Finance a voulu savoir quels avaient \u00e9t\u00e9 les impacts de cette annonce sur l\u2019ensemble des activit\u00e9s du groupe bancaire fran\u00e7ais. Cette note analyse les pratiques d\u2019Amundi, filiale phare [...]<\/p><\/div><div ><a class=\"fusion-button button-flat button-small button-custom fusion-button-default button-7 fusion-button-default-span fusion-button-default-type\" style=\"--button_accent_color:#ffffff;--button_border_color:var(--awb-color4);--button_accent_hover_color:#ffffff;--button_border_hover_color:#8fc84c;--button_border_width-top:2px;--button_border_width-right:2px;--button_border_width-bottom:2px;--button_border_width-left:2px;--button_gradient_top_color:rgba(138,197,107,0);--button_gradient_bottom_color:rgba(138,197,107,0);--button_gradient_top_color_hover:#8fc84c;--button_gradient_bottom_color_hover:#8fc84c;\" target=\"_blank\" rel=\"noopener noreferrer\" href=\"https:\/\/reclaimfinance.org\/site\/2025\/11\/06\/credit-agricole-un-double-discours-entre-banque-et-gestion-dactifs-sur-le-climat\/\"><span class=\"fusion-button-text\">En savoir plus<\/span><\/a><\/div><\/div><\/div><\/div><\/div><\/li>\n<li class=\"fusion-layout-column fusion_builder_column fusion-builder-column-10 fusion-flex-column post-card fusion-grid-column fusion-post-cards-grid-column\" style=\"--awb-padding-right:10px;--awb-bg-blend:overlay;--awb-bg-size:cover;\" id=\"apercuRapport\"><div class=\"fusion-column-wrapper fusion-column-has-shadow fusion-flex-justify-content-flex-start fusion-content-layout-column\"><div class=\"fusion-builder-row fusion-builder-row-inner fusion-row fusion-flex-align-items-flex-start fusion-flex-content-wrap\" style=\"width:104% !important;max-width:104% !important;margin-left: calc(-4% \/ 2 );margin-right: calc(-4% \/ 2 );\"><div class=\"fusion-layout-column fusion_builder_column_inner fusion-builder-nested-column-14 fusion_builder_column_inner_1_3 1_3 fusion-flex-column\" style=\"--awb-bg-size:cover;--awb-box-shadow:2px 2px 4px 3px rgba(41,41,42,0.58);;--awb-width-large:33.333333333333%;--awb-margin-top-large:0px;--awb-spacing-right-large:5.76%;--awb-margin-bottom-large:20px;--awb-spacing-left-large:5.76%;--awb-width-medium:100%;--awb-order-medium:0;--awb-spacing-right-medium:1.92%;--awb-spacing-left-medium:1.92%;--awb-width-small:60%;--awb-order-small:0;--awb-spacing-right-small:3.2%;--awb-spacing-left-small:3.2%;\"><div class=\"fusion-column-wrapper fusion-column-has-shadow fusion-flex-justify-content-center fusion-content-layout-column\"><div class=\"fusion-classic-product-image-wrapper fusion-woo-product-image fusion-post-card-image fusion-post-card-image-1 has-aspect-ratio\" data-layout=\"static\" style=\"--awb-aspect-ratio:2 \/ 3;\"><div  class=\"fusion-image-wrapper\" aria-haspopup=\"true\">\n\t\t\t\t\t\t\t<a href=\"https:\/\/reclaimfinance.org\/site\/2025\/11\/05\/quel-futur-pour-lloyds\/\" aria-label=\"Quel futur pour Lloyd&rsquo;s?\">\n\t\t\t\t\t\t\t<img decoding=\"async\" width=\"528\" height=\"745\" src=\"https:\/\/reclaimfinance.org\/site\/wp-content\/uploads\/2025\/11\/Capture-decran-2025-11-04-171449-1.png\" class=\"attachment-full size-full wp-post-image\" alt=\"\" \/>\t\t\t<\/a>\n\t\t\t\t\t\t\t<\/div>\n<\/div><\/div><\/div><div class=\"fusion-layout-column fusion_builder_column_inner fusion-builder-nested-column-15 fusion_builder_column_inner_2_3 2_3 fusion-flex-column\" style=\"--awb-bg-size:cover;--awb-width-large:66.666666666667%;--awb-margin-top-large:0px;--awb-spacing-right-large:2.88%;--awb-margin-bottom-large:20px;--awb-spacing-left-large:2.88%;--awb-width-medium:100%;--awb-order-medium:0;--awb-spacing-right-medium:1.92%;--awb-spacing-left-medium:1.92%;--awb-width-small:100%;--awb-order-small:0;--awb-spacing-right-small:1.92%;--awb-spacing-left-small:1.92%;\"><div class=\"fusion-column-wrapper fusion-column-has-shadow fusion-flex-justify-content-flex-start fusion-content-layout-column\"><div class=\"fusion-title title fusion-title-9 fusion-no-medium-visibility fusion-no-large-visibility fusion-title-text fusion-title-size-three\"><div class=\"title-sep-container title-sep-container-left fusion-no-large-visibility fusion-no-medium-visibility fusion-no-small-visibility\"><div class=\"title-sep sep- sep-solid\" style=\"border-color:#3e3e3e;\"><\/div><\/div><span class=\"awb-title-spacer fusion-no-large-visibility fusion-no-medium-visibility fusion-no-small-visibility\"><\/span><h3 class=\"fusion-title-heading title-heading-left fusion-responsive-typography-calculated\" style=\"margin:0;--fontSize:24;line-height:1.5;\">Quel futur pour Lloyd&rsquo;s?<\/h3><span class=\"awb-title-spacer\"><\/span><div class=\"title-sep-container title-sep-container-right\"><div class=\"title-sep sep- sep-solid\" style=\"border-color:#3e3e3e;\"><\/div><\/div><\/div><div class=\"fusion-content-tb fusion-content-tb-8\" style=\"--awb-text-color:#e5e3e3;--awb-content-alignment:justify;--awb-text-transform:none;\"><p>Lloyd\u2019s of London, plus gros march\u00e9 mondial de l'assurance des \u00e9nergies fossiles, continue sa croissance dans le secteur \u00e0 contre-courant des tendances du march\u00e9 de l'assurance mondial, selon une nouvelle analyse de Reclaim Finance. Ce positionnement rend les pratiques du march\u00e9 de Lloyd's de plus en plus en d\u00e9calage avec [...]<\/p><\/div><div ><a class=\"fusion-button button-flat button-small button-custom fusion-button-default button-8 fusion-button-default-span fusion-button-default-type\" style=\"--button_accent_color:#ffffff;--button_border_color:var(--awb-color4);--button_accent_hover_color:#ffffff;--button_border_hover_color:#8fc84c;--button_border_width-top:2px;--button_border_width-right:2px;--button_border_width-bottom:2px;--button_border_width-left:2px;--button_gradient_top_color:rgba(138,197,107,0);--button_gradient_bottom_color:rgba(138,197,107,0);--button_gradient_top_color_hover:#8fc84c;--button_gradient_bottom_color_hover:#8fc84c;\" target=\"_blank\" rel=\"noopener noreferrer\" href=\"https:\/\/reclaimfinance.org\/site\/2025\/11\/05\/quel-futur-pour-lloyds\/\"><span class=\"fusion-button-text\">En savoir plus<\/span><\/a><\/div><\/div><\/div><\/div><\/div><\/li>\n<li class=\"fusion-layout-column fusion_builder_column fusion-builder-column-11 fusion-flex-column post-card fusion-grid-column fusion-post-cards-grid-column\" style=\"--awb-padding-right:10px;--awb-bg-blend:overlay;--awb-bg-size:cover;\" id=\"apercuRapport\"><div class=\"fusion-column-wrapper fusion-column-has-shadow fusion-flex-justify-content-flex-start fusion-content-layout-column\"><div class=\"fusion-builder-row fusion-builder-row-inner fusion-row fusion-flex-align-items-flex-start fusion-flex-content-wrap\" style=\"width:104% !important;max-width:104% !important;margin-left: calc(-4% \/ 2 );margin-right: calc(-4% \/ 2 );\"><div class=\"fusion-layout-column fusion_builder_column_inner fusion-builder-nested-column-16 fusion_builder_column_inner_1_3 1_3 fusion-flex-column\" style=\"--awb-bg-size:cover;--awb-box-shadow:2px 2px 4px 3px rgba(41,41,42,0.58);;--awb-width-large:33.333333333333%;--awb-margin-top-large:0px;--awb-spacing-right-large:5.76%;--awb-margin-bottom-large:20px;--awb-spacing-left-large:5.76%;--awb-width-medium:100%;--awb-order-medium:0;--awb-spacing-right-medium:1.92%;--awb-spacing-left-medium:1.92%;--awb-width-small:60%;--awb-order-small:0;--awb-spacing-right-small:3.2%;--awb-spacing-left-small:3.2%;\"><div class=\"fusion-column-wrapper fusion-column-has-shadow fusion-flex-justify-content-center fusion-content-layout-column\"><div class=\"fusion-classic-product-image-wrapper fusion-woo-product-image fusion-post-card-image fusion-post-card-image-1 has-aspect-ratio\" data-layout=\"static\" style=\"--awb-aspect-ratio:2 \/ 3;\"><div  class=\"fusion-image-wrapper\" aria-haspopup=\"true\">\n\t\t\t\t\t\t\t<a href=\"https:\/\/reclaimfinance.org\/site\/2025\/10\/29\/proteger-les-profits-pas-le-climat-retour-sur-10-ans-de-faux-espoirs-rapport\/\" aria-label=\"Prot\u00e9ger les profits, pas le climat : retour sur 10 ans de faux espoirs\">\n\t\t\t\t\t\t\t<img decoding=\"async\" width=\"670\" height=\"950\" src=\"https:\/\/reclaimfinance.org\/site\/wp-content\/uploads\/2025\/10\/Cover-rapport-Lucie.png\" class=\"attachment-full size-full wp-post-image\" alt=\"Prot\u00e9ger les profits, pas le climat couverture rapport\" \/>\t\t\t<\/a>\n\t\t\t\t\t\t\t<\/div>\n<\/div><\/div><\/div><div class=\"fusion-layout-column fusion_builder_column_inner fusion-builder-nested-column-17 fusion_builder_column_inner_2_3 2_3 fusion-flex-column\" style=\"--awb-bg-size:cover;--awb-width-large:66.666666666667%;--awb-margin-top-large:0px;--awb-spacing-right-large:2.88%;--awb-margin-bottom-large:20px;--awb-spacing-left-large:2.88%;--awb-width-medium:100%;--awb-order-medium:0;--awb-spacing-right-medium:1.92%;--awb-spacing-left-medium:1.92%;--awb-width-small:100%;--awb-order-small:0;--awb-spacing-right-small:1.92%;--awb-spacing-left-small:1.92%;\"><div class=\"fusion-column-wrapper fusion-column-has-shadow fusion-flex-justify-content-flex-start fusion-content-layout-column\"><div class=\"fusion-title title fusion-title-10 fusion-no-medium-visibility fusion-no-large-visibility fusion-title-text fusion-title-size-three\"><div class=\"title-sep-container title-sep-container-left fusion-no-large-visibility fusion-no-medium-visibility fusion-no-small-visibility\"><div class=\"title-sep sep- sep-solid\" style=\"border-color:#3e3e3e;\"><\/div><\/div><span class=\"awb-title-spacer fusion-no-large-visibility fusion-no-medium-visibility fusion-no-small-visibility\"><\/span><h3 class=\"fusion-title-heading title-heading-left fusion-responsive-typography-calculated\" style=\"margin:0;--fontSize:24;line-height:1.5;\">Prot\u00e9ger les profits, pas le climat : retour sur 10 ans de faux espoirs<\/h3><span class=\"awb-title-spacer\"><\/span><div class=\"title-sep-container title-sep-container-right\"><div class=\"title-sep sep- sep-solid\" style=\"border-color:#3e3e3e;\"><\/div><\/div><\/div><div class=\"fusion-content-tb fusion-content-tb-9\" style=\"--awb-text-color:#e5e3e3;--awb-content-alignment:justify;--awb-text-transform:none;\"><p> Alors que la France s\u2019appr\u00eate \u00e0 c\u00e9l\u00e9brer les 10 ans de l\u2019Accord de Paris, lors du\u00a0Paris Peace Forum\u00a0cette semaine, Reclaim Finance dresse un constat pr\u00e9occupant du bilan de l\u2019action de la finance priv\u00e9e et de celle des d\u00e9cideurs publics et r\u00e9gulateurs fran\u00e7ais pour l\u2019encadrer.   1570 nouveaux projets [...]<\/p><\/div><div ><a class=\"fusion-button button-flat button-small button-custom fusion-button-default button-9 fusion-button-default-span fusion-button-default-type\" style=\"--button_accent_color:#ffffff;--button_border_color:var(--awb-color4);--button_accent_hover_color:#ffffff;--button_border_hover_color:#8fc84c;--button_border_width-top:2px;--button_border_width-right:2px;--button_border_width-bottom:2px;--button_border_width-left:2px;--button_gradient_top_color:rgba(138,197,107,0);--button_gradient_bottom_color:rgba(138,197,107,0);--button_gradient_top_color_hover:#8fc84c;--button_gradient_bottom_color_hover:#8fc84c;\" target=\"_blank\" rel=\"noopener noreferrer\" href=\"https:\/\/reclaimfinance.org\/site\/2025\/10\/29\/proteger-les-profits-pas-le-climat-retour-sur-10-ans-de-faux-espoirs-rapport\/\"><span class=\"fusion-button-text\">En savoir plus<\/span><\/a><\/div><\/div><\/div><\/div><\/div><\/li>\n<li class=\"fusion-layout-column fusion_builder_column fusion-builder-column-12 fusion-flex-column post-card fusion-grid-column fusion-post-cards-grid-column\" style=\"--awb-padding-right:10px;--awb-bg-blend:overlay;--awb-bg-size:cover;\" id=\"apercuRapport\"><div class=\"fusion-column-wrapper fusion-column-has-shadow fusion-flex-justify-content-flex-start fusion-content-layout-column\"><div class=\"fusion-builder-row fusion-builder-row-inner fusion-row fusion-flex-align-items-flex-start fusion-flex-content-wrap\" style=\"width:104% !important;max-width:104% !important;margin-left: calc(-4% \/ 2 );margin-right: calc(-4% \/ 2 );\"><div class=\"fusion-layout-column fusion_builder_column_inner fusion-builder-nested-column-18 fusion_builder_column_inner_1_3 1_3 fusion-flex-column\" style=\"--awb-bg-size:cover;--awb-box-shadow:2px 2px 4px 3px rgba(41,41,42,0.58);;--awb-width-large:33.333333333333%;--awb-margin-top-large:0px;--awb-spacing-right-large:5.76%;--awb-margin-bottom-large:20px;--awb-spacing-left-large:5.76%;--awb-width-medium:100%;--awb-order-medium:0;--awb-spacing-right-medium:1.92%;--awb-spacing-left-medium:1.92%;--awb-width-small:60%;--awb-order-small:0;--awb-spacing-right-small:3.2%;--awb-spacing-left-small:3.2%;\"><div class=\"fusion-column-wrapper fusion-column-has-shadow fusion-flex-justify-content-center fusion-content-layout-column\"><div class=\"fusion-classic-product-image-wrapper fusion-woo-product-image fusion-post-card-image fusion-post-card-image-1 has-aspect-ratio\" data-layout=\"static\" style=\"--awb-aspect-ratio:2 \/ 3;\"><div  class=\"fusion-image-wrapper\" aria-haspopup=\"true\">\n\t\t\t\t\t\t\t<a href=\"https:\/\/reclaimfinance.org\/site\/2025\/10\/14\/rapport-not-this-way-why-coal-transition-offsets-are-a-dead-end\/\" aria-label=\"Rapport Not This Way: Why Coal Transition Offsets are a Dead End\">\n\t\t\t\t\t\t\t<img decoding=\"async\" width=\"492\" height=\"700\" src=\"https:\/\/reclaimfinance.org\/site\/wp-content\/uploads\/2025\/10\/Capture-decran-2025-10-13-145354.png\" class=\"attachment-full size-full wp-post-image\" alt=\"\" \/>\t\t\t<\/a>\n\t\t\t\t\t\t\t<\/div>\n<\/div><\/div><\/div><div class=\"fusion-layout-column fusion_builder_column_inner fusion-builder-nested-column-19 fusion_builder_column_inner_2_3 2_3 fusion-flex-column\" style=\"--awb-bg-size:cover;--awb-width-large:66.666666666667%;--awb-margin-top-large:0px;--awb-spacing-right-large:2.88%;--awb-margin-bottom-large:20px;--awb-spacing-left-large:2.88%;--awb-width-medium:100%;--awb-order-medium:0;--awb-spacing-right-medium:1.92%;--awb-spacing-left-medium:1.92%;--awb-width-small:100%;--awb-order-small:0;--awb-spacing-right-small:1.92%;--awb-spacing-left-small:1.92%;\"><div class=\"fusion-column-wrapper fusion-column-has-shadow fusion-flex-justify-content-flex-start fusion-content-layout-column\"><div class=\"fusion-title title fusion-title-11 fusion-no-medium-visibility fusion-no-large-visibility fusion-title-text fusion-title-size-three\"><div class=\"title-sep-container title-sep-container-left fusion-no-large-visibility fusion-no-medium-visibility fusion-no-small-visibility\"><div class=\"title-sep sep- sep-solid\" style=\"border-color:#3e3e3e;\"><\/div><\/div><span class=\"awb-title-spacer fusion-no-large-visibility fusion-no-medium-visibility fusion-no-small-visibility\"><\/span><h3 class=\"fusion-title-heading title-heading-left fusion-responsive-typography-calculated\" style=\"margin:0;--fontSize:24;line-height:1.5;\">Rapport Not This Way: Why Coal Transition Offsets are a Dead End<\/h3><span class=\"awb-title-spacer\"><\/span><div class=\"title-sep-container title-sep-container-right\"><div class=\"title-sep sep- sep-solid\" style=\"border-color:#3e3e3e;\"><\/div><\/div><\/div><div class=\"fusion-content-tb fusion-content-tb-10\" style=\"--awb-text-color:#e5e3e3;--awb-content-alignment:justify;--awb-text-transform:none;\"><p> L\u2019utilisation de cr\u00e9dits carbone pour fermer des centrales \u00e0 charbon, comme le proposent certains gouvernements, banques et acteurs du secteur, risque d\u2019\u00e9chouer \u00e0 r\u00e9duire les \u00e9missions mondiales. Elle reproduirait les \u00e9checs pass\u00e9s des m\u00e9canismes de compensation, g\u00e9n\u00e9rant de vastes volumes de cr\u00e9dits fictifs et permettant aux pollueurs de poursuivre [...]<\/p><\/div><div ><a class=\"fusion-button button-flat button-small button-custom fusion-button-default button-10 fusion-button-default-span fusion-button-default-type\" style=\"--button_accent_color:#ffffff;--button_border_color:var(--awb-color4);--button_accent_hover_color:#ffffff;--button_border_hover_color:#8fc84c;--button_border_width-top:2px;--button_border_width-right:2px;--button_border_width-bottom:2px;--button_border_width-left:2px;--button_gradient_top_color:rgba(138,197,107,0);--button_gradient_bottom_color:rgba(138,197,107,0);--button_gradient_top_color_hover:#8fc84c;--button_gradient_bottom_color_hover:#8fc84c;\" target=\"_blank\" rel=\"noopener noreferrer\" href=\"https:\/\/reclaimfinance.org\/site\/2025\/10\/14\/rapport-not-this-way-why-coal-transition-offsets-are-a-dead-end\/\"><span class=\"fusion-button-text\">En savoir plus<\/span><\/a><\/div><\/div><\/div><\/div><\/div><\/li>\n<\/ul><div class=\"pagination clearfix\"><span class=\"current\">1<\/span><a href=\"https:\/\/reclaimfinance.org\/site\/wp-json\/wp\/v2\/pages\/1118\/page\/2\/\" class=\"inactive\">2<\/a><a href=\"https:\/\/reclaimfinance.org\/site\/wp-json\/wp\/v2\/pages\/1118\/page\/3\/\" class=\"inactive\">3<\/a><span class=\"pagination-dots paginations-dots-end\">&middot;&middot;&middot;<\/span><a href=\"https:\/\/reclaimfinance.org\/site\/wp-json\/wp\/v2\/pages\/1118\/page\/10\/\" class=\"inactive\">10<\/a><a class=\"pagination-next\" rel=\"next\" href=\"https:\/\/reclaimfinance.org\/site\/wp-json\/wp\/v2\/pages\/1118\/page\/2\/\"><span class=\"page-text\">Suivant<\/span><span class=\"page-next\"><\/span><\/a><\/div><div class=\"fusion-clearfix\"><\/div><\/div><\/div><\/div><div class=\"fusion-layout-column fusion_builder_column fusion-builder-column-13 fusion_builder_column_1_1 1_1 fusion-flex-column fusion-flex-align-self-flex-start fusion-column-no-min-height fusion-no-small-visibility\" style=\"--awb-bg-size:cover;--awb-width-large:100%;--awb-margin-top-large:50px;--awb-spacing-right-large:1.92%;--awb-margin-bottom-large:0px;--awb-spacing-left-large:0px;--awb-width-medium:100%;--awb-spacing-right-medium:1.92%;--awb-spacing-left-medium:1.92%;--awb-width-small:100%;--awb-spacing-right-small:1.92%;--awb-spacing-left-small:1.92%;\"><div class=\"fusion-column-wrapper fusion-column-has-shadow fusion-flex-justify-content-flex-start fusion-content-layout-column\"><div class=\"fusion-section-separator section-separator big-half-circle fusion-section-separator-1\" style=\"--awb-spacer-height:99px;--awb-svg-margin-right:1.92%;--awb-svg-margin-left-medium:1.92%;--awb-svg-margin-right-medium:1.92%;--awb-svg-margin-left-small:1.92%;--awb-svg-margin-right-small:1.92%;--awb-divider-height:99px;--awb-spacer-padding-top:inherit;--awb-sep-padding:0;--awb-svg-padding:0;--awb-margin-bottom:-1px;\"><div class=\"fusion-section-separator-svg\"><svg class=\"fusion-big-half-circle-candy\" xmlns=\"http:\/\/www.w3.org\/2000\/svg\" version=\"1.1\" width=\"100%\" height=\"100\" viewBox=\"0 0 100 100\" preserveAspectRatio=\"none\" fill=\"rgba(80,172,120,1)\"><path d=\"M0 100 C40 0 60 0 100 100 Z\"><\/path><\/svg><\/div><div class=\"fusion-section-separator-spacer\"><div class=\"fusion-section-separator-spacer-height\"><\/div><\/div><\/div><\/div><\/div><\/div><\/div><\/p>\n","protected":false},"excerpt":{"rendered":"","protected":false},"author":28,"featured_media":0,"parent":0,"menu_order":0,"comment_status":"closed","ping_status":"open","template":"100-width.php","meta":{"footnotes":""},"programme":[],"class_list":["post-1118","page","type-page","status-publish","hentry"],"yoast_head":"<!-- This site is optimized with the Yoast SEO plugin v23.1 - https:\/\/yoast.com\/wordpress\/plugins\/seo\/ -->\n<title>Nos rapports - Reclaim Finance<\/title>\n<meta name=\"description\" content=\"Retrouvez tous nos rapports sur la finance et le climat. Nous dressons l&#039;analyse de l&#039;impact financier sur le r\u00e9chauffement climatique.\" \/>\n<meta name=\"robots\" content=\"index, follow, max-snippet:-1, max-image-preview:large, max-video-preview:-1\" \/>\n<link rel=\"canonical\" href=\"https:\/\/reclaimfinance.org\/site\/nos-rapports\/\" \/>\n<meta property=\"og:locale\" content=\"fr_FR\" \/>\n<meta property=\"og:type\" content=\"article\" \/>\n<meta property=\"og:title\" content=\"Nos rapports - Reclaim Finance\" \/>\n<meta property=\"og:description\" content=\"Retrouvez tous nos rapports sur la finance et le climat. Nous dressons l&#039;analyse de l&#039;impact financier sur le r\u00e9chauffement climatique.\" \/>\n<meta property=\"og:url\" content=\"https:\/\/reclaimfinance.org\/site\/nos-rapports\/\" \/>\n<meta property=\"og:site_name\" content=\"Reclaim Finance\" \/>\n<meta property=\"article:publisher\" content=\"https:\/\/www.facebook.com\/ReclaimFinanceONG\" \/>\n<meta property=\"article:modified_time\" content=\"2024-07-25T08:11:22+00:00\" \/>\n<meta name=\"twitter:card\" content=\"summary_large_image\" \/>\n<meta name=\"twitter:site\" content=\"@ReclaimFinance\" \/>\n<meta name=\"twitter:label1\" content=\"Dur\u00e9e de lecture estim\u00e9e\" \/>\n\t<meta name=\"twitter:data1\" content=\"3 minutes\" \/>\n<script type=\"application\/ld+json\" class=\"yoast-schema-graph\">{\"@context\":\"https:\/\/schema.org\",\"@graph\":[{\"@type\":\"WebPage\",\"@id\":\"https:\/\/reclaimfinance.org\/site\/nos-rapports\/\",\"url\":\"https:\/\/reclaimfinance.org\/site\/nos-rapports\/\",\"name\":\"Nos rapports - Reclaim Finance\",\"isPartOf\":{\"@id\":\"https:\/\/reclaimfinance.org\/site\/#website\"},\"datePublished\":\"2020-03-17T18:15:16+00:00\",\"dateModified\":\"2024-07-25T08:11:22+00:00\",\"description\":\"Retrouvez tous nos rapports sur la finance et le climat. Nous dressons l'analyse de l'impact financier sur le r\u00e9chauffement climatique.\",\"breadcrumb\":{\"@id\":\"https:\/\/reclaimfinance.org\/site\/nos-rapports\/#breadcrumb\"},\"inLanguage\":\"fr-FR\",\"potentialAction\":[{\"@type\":\"ReadAction\",\"target\":[\"https:\/\/reclaimfinance.org\/site\/nos-rapports\/\"]}]},{\"@type\":\"BreadcrumbList\",\"@id\":\"https:\/\/reclaimfinance.org\/site\/nos-rapports\/#breadcrumb\",\"itemListElement\":[{\"@type\":\"ListItem\",\"position\":1,\"name\":\"Accueil\",\"item\":\"https:\/\/reclaimfinance.org\/site\/\"},{\"@type\":\"ListItem\",\"position\":2,\"name\":\"Nos rapports\"}]},{\"@type\":\"WebSite\",\"@id\":\"https:\/\/reclaimfinance.org\/site\/#website\",\"url\":\"https:\/\/reclaimfinance.org\/site\/\",\"name\":\"Reclaim Finance\",\"description\":\"Reprendre le contr\u00f4le de la finance pour le climat et la biodiversit\u00e9\",\"publisher\":{\"@id\":\"https:\/\/reclaimfinance.org\/site\/#organization\"},\"potentialAction\":[{\"@type\":\"SearchAction\",\"target\":{\"@type\":\"EntryPoint\",\"urlTemplate\":\"https:\/\/reclaimfinance.org\/site\/?s={search_term_string}\"},\"query-input\":\"required name=search_term_string\"}],\"inLanguage\":\"fr-FR\"},{\"@type\":\"Organization\",\"@id\":\"https:\/\/reclaimfinance.org\/site\/#organization\",\"name\":\"Reclaim Finance\",\"url\":\"https:\/\/reclaimfinance.org\/site\/\",\"logo\":{\"@type\":\"ImageObject\",\"inLanguage\":\"fr-FR\",\"@id\":\"https:\/\/reclaimfinance.org\/site\/#\/schema\/logo\/image\/\",\"url\":\"https:\/\/reclaimfinance.org\/site\/wp-content\/uploads\/2020\/03\/logo_RC_space.png\",\"contentUrl\":\"https:\/\/reclaimfinance.org\/site\/wp-content\/uploads\/2020\/03\/logo_RC_space.png\",\"width\":800,\"height\":800,\"caption\":\"Reclaim Finance\"},\"image\":{\"@id\":\"https:\/\/reclaimfinance.org\/site\/#\/schema\/logo\/image\/\"},\"sameAs\":[\"https:\/\/www.facebook.com\/ReclaimFinanceONG\",\"https:\/\/x.com\/ReclaimFinance\",\"https:\/\/www.instagram.com\/reclaimfinance\/\",\"https:\/\/www.linkedin.com\/company\/reclaim-finance-ong-think-tank\"]}]}<\/script>\n<!-- \/ Yoast SEO plugin. -->","yoast_head_json":{"title":"Nos rapports - Reclaim Finance","description":"Retrouvez tous nos rapports sur la finance et le climat. Nous dressons l'analyse de l'impact financier sur le r\u00e9chauffement climatique.","robots":{"index":"index","follow":"follow","max-snippet":"max-snippet:-1","max-image-preview":"max-image-preview:large","max-video-preview":"max-video-preview:-1"},"canonical":"https:\/\/reclaimfinance.org\/site\/nos-rapports\/","og_locale":"fr_FR","og_type":"article","og_title":"Nos rapports - Reclaim Finance","og_description":"Retrouvez tous nos rapports sur la finance et le climat. Nous dressons l'analyse de l'impact financier sur le r\u00e9chauffement climatique.","og_url":"https:\/\/reclaimfinance.org\/site\/nos-rapports\/","og_site_name":"Reclaim Finance","article_publisher":"https:\/\/www.facebook.com\/ReclaimFinanceONG","article_modified_time":"2024-07-25T08:11:22+00:00","twitter_card":"summary_large_image","twitter_site":"@ReclaimFinance","twitter_misc":{"Dur\u00e9e de lecture estim\u00e9e":"3 minutes"},"schema":{"@context":"https:\/\/schema.org","@graph":[{"@type":"WebPage","@id":"https:\/\/reclaimfinance.org\/site\/nos-rapports\/","url":"https:\/\/reclaimfinance.org\/site\/nos-rapports\/","name":"Nos rapports - Reclaim Finance","isPartOf":{"@id":"https:\/\/reclaimfinance.org\/site\/#website"},"datePublished":"2020-03-17T18:15:16+00:00","dateModified":"2024-07-25T08:11:22+00:00","description":"Retrouvez tous nos rapports sur la finance et le climat. Nous dressons l'analyse de l'impact financier sur le r\u00e9chauffement climatique.","breadcrumb":{"@id":"https:\/\/reclaimfinance.org\/site\/nos-rapports\/#breadcrumb"},"inLanguage":"fr-FR","potentialAction":[{"@type":"ReadAction","target":["https:\/\/reclaimfinance.org\/site\/nos-rapports\/"]}]},{"@type":"BreadcrumbList","@id":"https:\/\/reclaimfinance.org\/site\/nos-rapports\/#breadcrumb","itemListElement":[{"@type":"ListItem","position":1,"name":"Accueil","item":"https:\/\/reclaimfinance.org\/site\/"},{"@type":"ListItem","position":2,"name":"Nos rapports"}]},{"@type":"WebSite","@id":"https:\/\/reclaimfinance.org\/site\/#website","url":"https:\/\/reclaimfinance.org\/site\/","name":"Reclaim Finance","description":"Reprendre le contr\u00f4le de la finance pour le climat et la biodiversit\u00e9","publisher":{"@id":"https:\/\/reclaimfinance.org\/site\/#organization"},"potentialAction":[{"@type":"SearchAction","target":{"@type":"EntryPoint","urlTemplate":"https:\/\/reclaimfinance.org\/site\/?s={search_term_string}"},"query-input":"required name=search_term_string"}],"inLanguage":"fr-FR"},{"@type":"Organization","@id":"https:\/\/reclaimfinance.org\/site\/#organization","name":"Reclaim Finance","url":"https:\/\/reclaimfinance.org\/site\/","logo":{"@type":"ImageObject","inLanguage":"fr-FR","@id":"https:\/\/reclaimfinance.org\/site\/#\/schema\/logo\/image\/","url":"https:\/\/reclaimfinance.org\/site\/wp-content\/uploads\/2020\/03\/logo_RC_space.png","contentUrl":"https:\/\/reclaimfinance.org\/site\/wp-content\/uploads\/2020\/03\/logo_RC_space.png","width":800,"height":800,"caption":"Reclaim Finance"},"image":{"@id":"https:\/\/reclaimfinance.org\/site\/#\/schema\/logo\/image\/"},"sameAs":["https:\/\/www.facebook.com\/ReclaimFinanceONG","https:\/\/x.com\/ReclaimFinance","https:\/\/www.instagram.com\/reclaimfinance\/","https:\/\/www.linkedin.com\/company\/reclaim-finance-ong-think-tank"]}]}},"_links":{"self":[{"href":"https:\/\/reclaimfinance.org\/site\/wp-json\/wp\/v2\/pages\/1118"}],"collection":[{"href":"https:\/\/reclaimfinance.org\/site\/wp-json\/wp\/v2\/pages"}],"about":[{"href":"https:\/\/reclaimfinance.org\/site\/wp-json\/wp\/v2\/types\/page"}],"author":[{"embeddable":true,"href":"https:\/\/reclaimfinance.org\/site\/wp-json\/wp\/v2\/users\/28"}],"replies":[{"embeddable":true,"href":"https:\/\/reclaimfinance.org\/site\/wp-json\/wp\/v2\/comments?post=1118"}],"version-history":[{"count":0,"href":"https:\/\/reclaimfinance.org\/site\/wp-json\/wp\/v2\/pages\/1118\/revisions"}],"wp:attachment":[{"href":"https:\/\/reclaimfinance.org\/site\/wp-json\/wp\/v2\/media?parent=1118"}],"wp:term":[{"taxonomy":"programme","embeddable":true,"href":"https:\/\/reclaimfinance.org\/site\/wp-json\/wp\/v2\/programme?post=1118"}],"curies":[{"name":"wp","href":"https:\/\/api.w.org\/{rel}","templated":true}]}}