{"id":22945,"date":"2022-09-21T00:01:50","date_gmt":"2022-09-20T22:01:50","guid":{"rendered":"https:\/\/reclaimfinance.org\/site\/?page_id=22945"},"modified":"2025-03-14T17:14:13","modified_gmt":"2025-03-14T16:14:13","slug":"maitriser-linflation-en-soutenant-la-transition-energetique","status":"publish","type":"page","link":"https:\/\/reclaimfinance.org\/site\/maitriser-linflation-en-soutenant-la-transition-energetique\/","title":{"rendered":"Ma\u00eetriser l\u2019inflation en soutenant la transition \u00e9nerg\u00e9tique"},"content":{"rendered":"<p><div class=\"fusion-fullwidth fullwidth-box fusion-builder-row-1 has-pattern-background has-mask-background fusion-parallax-none nonhundred-percent-fullwidth hundred-percent-height hundred-percent-height-center-content non-hundred-percent-height-scrolling\" style=\"--awb-background-blend-mode:overlay;--awb-border-radius-top-left:0px;--awb-border-radius-top-right:0px;--awb-border-radius-bottom-right:0px;--awb-border-radius-bottom-left:0px;--awb-padding-top:140px;--awb-padding-bottom:10px;--awb-margin-top:0px;--awb-margin-bottom:0px;--awb-background-color:rgba(51,54,71,0.69);--awb-background-image:url(&quot;https:\/\/reclaimfinance.org\/site\/wp-content\/uploads\/2022\/08\/BCE-Projet-inflation-scaled.jpg&quot;);--awb-background-size:cover;--awb-flex-wrap:wrap;\" ><div class=\"fusion-fullwidth-center-content\"><div class=\"fusion-builder-row fusion-row\"><div class=\"fusion-layout-column fusion_builder_column fusion-builder-column-0 fusion_builder_column_1_1 1_1 fusion-one-full fusion-column-first fusion-column-last centrer\" style=\"--awb-padding-top:100px;--awb-padding-right:20px;--awb-padding-left:20px;--awb-padding-top-medium:0px;--awb-padding-right-medium:0px;--awb-padding-bottom-medium:0px;--awb-padding-left-medium:0px;--awb-padding-top-small:0px;--awb-padding-right-small:0px;--awb-padding-bottom-small:0px;--awb-padding-left-small:0px;--awb-bg-size:cover;--awb-margin-bottom:0px;\"><div class=\"fusion-column-wrapper fusion-column-has-shadow fusion-flex-column-wrapper-legacy\"><div class=\"fusion-title title fusion-title-1 fusion-title-center fusion-title-text fusion-title-size-one\" style=\"--awb-font-size:60px;\"><div class=\"title-sep-container title-sep-container-left\"><div class=\"title-sep sep- sep-solid\" style=\"border-color:#3e3e3e;\"><\/div><\/div><span class=\"awb-title-spacer\"><\/span><h1 class=\"fusion-title-heading title-heading-center fusion-responsive-typography-calculated\" style=\"margin:0;font-size:1em;letter-spacing:;text-transform:uppercase;--fontSize:60;line-height:1;\">TRACER LA VOIE POUR UNE BANQUE CENTRALE VERTE<\/h1><span class=\"awb-title-spacer\"><\/span><div class=\"title-sep-container title-sep-container-right\"><div class=\"title-sep sep- sep-solid\" style=\"border-color:#3e3e3e;\"><\/div><\/div><\/div><div class=\"fusion-title title fusion-title-2 fusion-title-center fusion-title-text fusion-title-size-two fusion-animated\" style=\"--awb-text-color:#ffffff;--awb-font-size:35px;\" data-animationType=\"slideInDown\" data-animationDuration=\"0.9\" data-animationOffset=\"top-into-view\"><div class=\"title-sep-container title-sep-container-left\"><div class=\"title-sep sep- sep-solid\" style=\"border-color:#3e3e3e;\"><\/div><\/div><span class=\"awb-title-spacer\"><\/span><h2 class=\"fusion-title-heading title-heading-center fusion-responsive-typography-calculated\" style=\"margin:0;font-size:1em;letter-spacing:;text-transform:lowercase;--fontSize:35;line-height:1.5;\">LE R\u00d4LE DES BANQUES CENTRALES DANS LA PROTECTION DE L&rsquo;ENVIRONNEMENT<\/h2><span class=\"awb-title-spacer\"><\/span><div class=\"title-sep-container title-sep-container-right\"><div class=\"title-sep sep- sep-solid\" style=\"border-color:#3e3e3e;\"><\/div><\/div><\/div><div class=\"fusion-sep-clear\"><\/div><div class=\"fusion-separator fusion-full-width-sep\" style=\"margin-left: auto;margin-right: auto;margin-top:15px;margin-bottom:15px;width:100%;\"><\/div><div class=\"fusion-sep-clear\"><\/div><div class=\"fusion-clearfix\"><\/div><\/div><\/div><div class=\"fusion-layout-column fusion_builder_column fusion-builder-column-1 fusion_builder_column_1_1 1_1 fusion-one-full fusion-column-first fusion-column-last\" style=\"--awb-bg-size:cover;\"><div class=\"fusion-column-wrapper fusion-column-has-shadow fusion-flex-column-wrapper-legacy\"><div class=\"fusion-image-element fusion-image-align-center in-legacy-container\" style=\"text-align:center;--awb-max-width:100px;--awb-caption-title-font-family:var(--h2_typography-font-family);--awb-caption-title-font-weight:var(--h2_typography-font-weight);--awb-caption-title-font-style:var(--h2_typography-font-style);--awb-caption-title-size:var(--h2_typography-font-size);--awb-caption-title-transform:var(--h2_typography-text-transform);--awb-caption-title-line-height:var(--h2_typography-line-height);--awb-caption-title-letter-spacing:var(--h2_typography-letter-spacing);\"><div class=\"imageframe-align-center\"><span class=\" fusion-imageframe imageframe-none imageframe-1 hover-type-zoomin\"><a class=\"fusion-no-lightbox\" href=\"#page\" target=\"_self\" aria-label=\"scroll down button\"><img decoding=\"async\" width=\"300\" height=\"300\" src=\"https:\/\/reclaimfinance.org\/site\/wp-content\/uploads\/2022\/02\/scroll-down-button.png\" alt class=\"img-responsive wp-image-18477\" srcset=\"https:\/\/reclaimfinance.org\/site\/wp-content\/uploads\/2022\/02\/scroll-down-button-200x200.png 200w, https:\/\/reclaimfinance.org\/site\/wp-content\/uploads\/2022\/02\/scroll-down-button.png 300w\" sizes=\"(max-width: 800px) 100vw, 300px\" \/><\/a><\/span><\/div><\/div><div class=\"fusion-clearfix\"><\/div><\/div><\/div><\/div><\/div><\/div><div class=\"fusion-fullwidth fullwidth-box fusion-builder-row-2 nonhundred-percent-fullwidth non-hundred-percent-height-scrolling\" style=\"--awb-border-radius-top-left:0px;--awb-border-radius-top-right:0px;--awb-border-radius-bottom-right:0px;--awb-border-radius-bottom-left:0px;--awb-padding-top:50px;--awb-padding-bottom:50px;--awb-margin-bottom:0px;--awb-background-color:#FFFFFF;--awb-flex-wrap:wrap;\" ><div class=\"fusion-builder-row fusion-row\"><div class=\"fusion-layout-column fusion_builder_column fusion-builder-column-2 fusion_builder_column_1_1 1_1 fusion-one-full fusion-column-first fusion-column-last\" style=\"--awb-bg-size:cover;--awb-margin-bottom:0px;\"><div class=\"fusion-column-wrapper fusion-column-has-shadow fusion-flex-column-wrapper-legacy\"><div class=\"fusion-sep-clear\"><\/div><div class=\"fusion-separator fusion-full-width-sep\" style=\"margin-left: auto;margin-right: auto;width:100%;\"><\/div><div class=\"fusion-sep-clear\"><\/div><div class=\"fusion-text fusion-text-1 fusion-text-no-margin\" style=\"--awb-content-alignment:justify;--awb-text-color:#333647;\"><p>Avec au moins 620 \u20ac milliards suppl\u00e9mentaires par an devant \u00eatre investis en Europe d\u2019ici 2030 pour atteindre les objectifs climatiques, toutes les institutions financi\u00e8res doivent r\u00e9fl\u00e9chir \u00e0 la mani\u00e8re dont elles peuvent soutenir cet objectif. En tant qu\u2019acteurs cl\u00e9s du secteur financier, les banques centrales ont \u00e9galement un r\u00f4le \u00e0 jouer. En r\u00e9gulant la masse mon\u00e9taire et en supervisant les banques, elles influencent le pouvoir d\u2019achat, la dette et la stabilit\u00e9 financi\u00e8re. <\/p>\n<p>Les banques centrales doivent contribuer \u00e0 la transition \u00e9cologique du secteur financier. Non seulement parce qu\u2019elles ont la responsabilit\u00e9 morale de le faire, mais aussi parce que leurs mandats les y obligent. En effet, le changement climatique et la d\u00e9pendance aux \u00e9nergies fossiles ont un impact significatif sur la stabilit\u00e9 des prix (i.e le contr\u00f4le de l\u2019inflation). <\/p>\n<\/div><div class=\"fusion-clearfix\"><\/div><\/div><\/div><\/div><\/div><div class=\"fusion-fullwidth fullwidth-box fusion-builder-row-3 fusion-flex-container nonhundred-percent-fullwidth non-hundred-percent-height-scrolling\" style=\"--awb-border-radius-top-left:0px;--awb-border-radius-top-right:0px;--awb-border-radius-bottom-right:0px;--awb-border-radius-bottom-left:0px;--awb-background-color:#f2f2ef;--awb-flex-wrap:wrap;\" ><div class=\"fusion-builder-row fusion-row fusion-flex-align-items-flex-start fusion-flex-content-wrap\" style=\"max-width:1216.8px;margin-left: calc(-4% \/ 2 );margin-right: calc(-4% \/ 2 );\"><div class=\"fusion-layout-column fusion_builder_column fusion-builder-column-3 fusion_builder_column_1_1 1_1 fusion-flex-column\" style=\"--awb-padding-top:50px;--awb-padding-bottom:50px;--awb-bg-size:cover;--awb-width-large:100%;--awb-margin-top-large:0px;--awb-spacing-right-large:1.92%;--awb-margin-bottom-large:0px;--awb-spacing-left-large:1.92%;--awb-width-medium:100%;--awb-order-medium:0;--awb-spacing-right-medium:1.92%;--awb-spacing-left-medium:1.92%;--awb-width-small:100%;--awb-order-small:0;--awb-spacing-right-small:1.92%;--awb-spacing-left-small:1.92%;\"><div class=\"fusion-column-wrapper fusion-column-has-shadow fusion-flex-justify-content-flex-start fusion-content-layout-column\"><div class=\"fusion-title title fusion-title-3 fusion-title-text fusion-title-size-two\" style=\"--awb-text-color:var(--awb-color7);--awb-margin-bottom:0px;\"><div class=\"title-sep-container title-sep-container-left fusion-no-large-visibility fusion-no-medium-visibility fusion-no-small-visibility\"><div class=\"title-sep sep- sep-solid\" style=\"border-color:#3e3e3e;\"><\/div><\/div><span class=\"awb-title-spacer fusion-no-large-visibility fusion-no-medium-visibility fusion-no-small-visibility\"><\/span><h2 class=\"fusion-title-heading title-heading-left fusion-responsive-typography-calculated\" style=\"margin:0;text-transform:uppercase;--fontSize:33;line-height:1.5;\">LE CHANGEMENT CLIMATIQUE ET lES \u00c9NERGIES FOSSILES IMPACTENT L&rsquo;INFLATION<\/h2><span class=\"awb-title-spacer\"><\/span><div class=\"title-sep-container title-sep-container-right\"><div class=\"title-sep sep- sep-solid\" style=\"border-color:#3e3e3e;\"><\/div><\/div><\/div><div class=\"fusion-separator\" style=\"align-self: flex-start;margin-right:auto;margin-top:20px;margin-bottom:30px;width:100%;max-width:100px;\"><div class=\"fusion-separator-border sep-single sep-solid\" style=\"--awb-height:20px;--awb-amount:20px;--awb-sep-color:var(--awb-color4);border-color:var(--awb-color4);border-top-width:10px;\"><\/div><\/div><div class=\"fusion-text fusion-text-2 fusion-text-no-margin\" style=\"--awb-content-alignment:justify;--awb-text-color:var(--awb-color7);\"><p>La Banque centrale europ\u00e9enne (BCE) travaille avec les 20 banques centrales nationales de l\u2019Eurosyst\u00e8me pour assurer la stabilit\u00e9 des prix. La BCE doit \u00e9galement soutenir les politiques de l\u2019Union europ\u00e9enne (UE), y compris ses objectifs climatiques, tant que cela ne compromet pas cette stabilit\u00e9 des prix. <\/p>\n<p>En 2021, la BCE adoptait ses premi\u00e8res mesures li\u00e9es au climat. Depuis, elle n\u2019a pourtant pas encore align\u00e9 l\u2019ensemble de ses op\u00e9rations sur les objectifs climatiques de l\u2019UE. Pour y parvenir, elle doit \u00e0 la fois cesser de soutenir les entreprises allant \u00e0 l\u2019encontre de la transition \u2013 notamment en excluant les d\u00e9veloppeurs d\u2019\u00e9nergies fossiles de ses achats d\u2019actifs et de son cadre de garanties \u2013 et mettre en place des mesures favorisant la transition de l\u2019UE en encourageant les investissements soutenables. <\/p>\n<\/div><\/div><\/div><\/div><\/div><div class=\"fusion-fullwidth fullwidth-box fusion-builder-row-4 fusion-flex-container has-pattern-background has-mask-background nonhundred-percent-fullwidth non-hundred-percent-height-scrolling\" style=\"--awb-border-radius-top-left:0px;--awb-border-radius-top-right:0px;--awb-border-radius-bottom-right:0px;--awb-border-radius-bottom-left:0px;--awb-background-color:var(--awb-color7);--awb-flex-wrap:wrap;\" ><div class=\"fusion-builder-row fusion-row fusion-flex-align-items-flex-start fusion-flex-content-wrap\" style=\"max-width:1216.8px;margin-left: calc(-4% \/ 2 );margin-right: calc(-4% \/ 2 );\"><div class=\"fusion-layout-column fusion_builder_column fusion-builder-column-4 fusion_builder_column_1_1 1_1 fusion-flex-column\" style=\"--awb-bg-size:cover;--awb-width-large:100%;--awb-margin-top-large:0px;--awb-spacing-right-large:1.92%;--awb-margin-bottom-large:0px;--awb-spacing-left-large:1.92%;--awb-width-medium:100%;--awb-order-medium:0;--awb-spacing-right-medium:1.92%;--awb-spacing-left-medium:1.92%;--awb-width-small:100%;--awb-order-small:0;--awb-spacing-right-small:1.92%;--awb-spacing-left-small:1.92%;\"><div class=\"fusion-column-wrapper fusion-column-has-shadow fusion-flex-justify-content-flex-start fusion-content-layout-column\"><div class=\"fusion-section-separator section-separator big-half-circle fusion-section-separator-1\" style=\"--awb-spacer-height:99px;--awb-svg-margin-left:1.92%;--awb-svg-margin-right:1.92%;--awb-svg-margin-left-medium:1.92%;--awb-svg-margin-right-medium:1.92%;--awb-svg-margin-left-small:1.92%;--awb-svg-margin-right-small:1.92%;--awb-divider-height:99px;--awb-spacer-padding-top:inherit;--awb-sep-padding:0;--awb-svg-padding:0;\"><div class=\"fusion-section-separator-svg\"><svg class=\"fusion-big-half-circle-candy\" xmlns=\"http:\/\/www.w3.org\/2000\/svg\" version=\"1.1\" width=\"100%\" height=\"100\" viewBox=\"0 0 100 100\" preserveAspectRatio=\"none\" fill=\"rgba(242,242,239,1)\"><path d=\"M0 0 C55 180 100 0 100 0 Z\"><\/path><\/svg><\/div><div class=\"fusion-section-separator-spacer\"><div class=\"fusion-section-separator-spacer-height\"><\/div><\/div><\/div><\/div><\/div><\/div><\/div><div class=\"fusion-fullwidth fullwidth-box fusion-builder-row-5 fusion-flex-container nonhundred-percent-fullwidth non-hundred-percent-height-scrolling\" style=\"--awb-border-radius-top-left:0px;--awb-border-radius-top-right:0px;--awb-border-radius-bottom-right:0px;--awb-border-radius-bottom-left:0px;--awb-padding-top:50px;--awb-padding-bottom:50px;--awb-background-color:#333647;--awb-flex-wrap:wrap;\" ><div class=\"fusion-builder-row fusion-row fusion-flex-align-items-flex-start fusion-flex-content-wrap\" style=\"max-width:1216.8px;margin-left: calc(-4% \/ 2 );margin-right: calc(-4% \/ 2 );\"><div class=\"fusion-layout-column fusion_builder_column fusion-builder-column-5 fusion_builder_column_1_1 1_1 fusion-flex-column\" style=\"--awb-bg-size:cover;--awb-width-large:100%;--awb-margin-top-large:0px;--awb-spacing-right-large:1.92%;--awb-margin-bottom-large:0px;--awb-spacing-left-large:1.92%;--awb-width-medium:100%;--awb-order-medium:0;--awb-spacing-right-medium:1.92%;--awb-spacing-left-medium:1.92%;--awb-width-small:100%;--awb-order-small:0;--awb-spacing-right-small:1.92%;--awb-spacing-left-small:1.92%;\"><div class=\"fusion-column-wrapper fusion-column-has-shadow fusion-flex-justify-content-flex-start fusion-content-layout-column\"><div class=\"fusion-title title fusion-title-4 fusion-title-text fusion-title-size-two\" style=\"--awb-margin-bottom:0px;\"><div class=\"title-sep-container title-sep-container-left fusion-no-large-visibility fusion-no-medium-visibility fusion-no-small-visibility\"><div class=\"title-sep sep- sep-solid\" style=\"border-color:#3e3e3e;\"><\/div><\/div><span class=\"awb-title-spacer fusion-no-large-visibility fusion-no-medium-visibility fusion-no-small-visibility\"><\/span><h2 class=\"fusion-title-heading title-heading-left fusion-responsive-typography-calculated\" style=\"margin:0;text-transform:uppercase;--fontSize:33;line-height:1.5;\">CESSER DE SOUTENIR LES GRANDS POLLUEURS<\/h2><span class=\"awb-title-spacer\"><\/span><div class=\"title-sep-container title-sep-container-right\"><div class=\"title-sep sep- sep-solid\" style=\"border-color:#3e3e3e;\"><\/div><\/div><\/div><div class=\"fusion-separator\" style=\"align-self: flex-start;margin-right:auto;margin-top:20px;margin-bottom:30px;width:100%;max-width:100px;\"><div class=\"fusion-separator-border sep-single sep-solid\" style=\"--awb-height:20px;--awb-amount:20px;--awb-sep-color:var(--awb-color4);border-color:var(--awb-color4);border-top-width:10px;\"><\/div><\/div><\/div><\/div><div class=\"fusion-layout-column fusion_builder_column fusion-builder-column-6 fusion_builder_column_3_5 3_5 fusion-flex-column\" style=\"--awb-bg-size:cover;--awb-width-large:60%;--awb-margin-top-large:0px;--awb-spacing-right-large:3.2%;--awb-margin-bottom-large:0px;--awb-spacing-left-large:3.2%;--awb-width-medium:100%;--awb-order-medium:0;--awb-spacing-right-medium:1.92%;--awb-spacing-left-medium:1.92%;--awb-width-small:100%;--awb-order-small:0;--awb-spacing-right-small:1.92%;--awb-spacing-left-small:1.92%;\"><div class=\"fusion-column-wrapper fusion-column-has-shadow fusion-flex-justify-content-flex-start fusion-content-layout-column\"><div class=\"fusion-text fusion-text-3 fusion-text-no-margin\" style=\"--awb-content-alignment:justify;--awb-text-color:#ffffff;\"><p>La BCE soutient actuellement des entreprises \u00e0 fortes \u00e9missions, y compris des d\u00e9veloppeurs d\u2019\u00e9nergies fossiles, par divers m\u00e9canismes. Cela est notamment d\u00fb \u00e0 l&rsquo;accent mis sur les risques financiers \u00e0 court terme, au d\u00e9triment de l&rsquo;impact climatique, ainsi qu&rsquo;\u00e0 la non-int\u00e9gration des cons\u00e9quences n\u00e9gatives des activit\u00e9s \u00e9conomiques. <\/p>\n<\/div><\/div><\/div><div class=\"fusion-layout-column fusion_builder_column fusion-builder-column-7 fusion_builder_column_1_1 1_1 fusion-flex-column fusion-flex-align-self-center\" style=\"--awb-bg-size:cover;--awb-width-large:100%;--awb-margin-top-large:50px;--awb-spacing-right-large:1.92%;--awb-margin-bottom-large:0px;--awb-spacing-left-large:1.92%;--awb-width-medium:60%;--awb-order-medium:0;--awb-spacing-right-medium:3.2%;--awb-spacing-left-medium:3.2%;--awb-width-small:100%;--awb-order-small:0;--awb-spacing-right-small:1.92%;--awb-spacing-left-small:1.92%;\"><div class=\"fusion-column-wrapper fusion-column-has-shadow fusion-flex-justify-content-center fusion-content-layout-column\"><div class=\"fusion-tabs fusion-tabs-1 classic nav-is-justified tabs horizontal-tabs icon-position-left mobile-mode-accordion\" style=\"--awb-margin-bottom:0px;--awb-title-border-radius-top-left:0px;--awb-title-border-radius-top-right:0px;--awb-title-border-radius-bottom-right:0px;--awb-title-border-radius-bottom-left:0px;--awb-alignment:start;--awb-inactive-color:#414559;--awb-background-color:#333645;--awb-border-color:#333645;--awb-active-border-color:#59bc6d;\"><div class=\"nav\"><ul class=\"nav-tabs nav-justified\" role=\"tablist\"><li class=\"active\" role=\"presentation\"><a class=\"tab-link\" data-toggle=\"tab\" role=\"tab\" aria-controls=\"tab-9d7c637cff015359b40\" aria-selected=\"true\" id=\"fusion-tab-corrigerlebiaiscarbonedanslecollateral\" href=\"#tab-9d7c637cff015359b40\"><h4 class=\"fusion-tab-heading\">Corriger le biais carbone dans le collateral<\/h4><\/a><\/li><li role=\"presentation\"><a class=\"tab-link\" data-toggle=\"tab\" role=\"tab\" aria-controls=\"tab-459476ed090925f4b90\" aria-selected=\"false\" tabindex=\"-1\" id=\"fusion-tab-comblerleslacunesdesportefeuillesmon\u00e9taires\" href=\"#tab-459476ed090925f4b90\"><h4 class=\"fusion-tab-heading\">Combler les lacunes des portefeuilles mon\u00e9taires<\/h4><\/a><\/li><\/ul><\/div><div class=\"tab-content\"><div class=\"nav fusion-mobile-tab-nav\"><ul class=\"nav-tabs nav-justified\" role=\"tablist\"><li class=\"active\" role=\"presentation\"><a class=\"tab-link\" data-toggle=\"tab\" role=\"tab\" aria-controls=\"tab-9d7c637cff015359b40\" aria-selected=\"true\" id=\"mobile-fusion-tab-corrigerlebiaiscarbonedanslecollateral\" href=\"#tab-9d7c637cff015359b40\"><h4 class=\"fusion-tab-heading\">Corriger le biais carbone dans le collateral<\/h4><\/a><\/li><\/ul><\/div><div class=\"tab-pane fade fusion-clearfix in active\" role=\"tabpanel\" tabindex=\"0\" aria-labelledby=\"fusion-tab-corrigerlebiaiscarbonedanslecollateral\" id=\"tab-9d7c637cff015359b40\">\n<p><span data-contrast=\"none\">Lorsque la BCE d\u00e9cide quels actifs sont \u00e9ligibles en tant que garanties pour les cr\u00e9dits accord\u00e9s aux banques commerciales (appel\u00e9s \u00ab collat\u00e9ral \u00bb) et sous quelles conditions, elle favorise aujourd\u2019hui les entreprises fortement \u00e9mettrices. En effet, certains actifs d\u2019entreprises fossiles sont consid\u00e9r\u00e9s comme peu risqu\u00e9s, permettant ainsi aux banques d\u2019acc\u00e9der \u00e0 plus de liquidit\u00e9s qu\u2019en d\u00e9posant des actifs plus verts.<\/span><span data-ccp-props=\"{}\">&nbsp;<\/span><\/p>\n<p><span data-contrast=\"none\">Malgr\u00e9 les annonces faites par la BCE pour corriger ce probl\u00e8me, son incapacit\u00e9 \u00e0 mettre en \u0153uvre les mesures promises est pr\u00e9occupante. La BCE devrait exclure les actifs li\u00e9s aux entreprises \u00e0 fortes \u00e9missions et pleinement int\u00e9grer l\u2019impact climatique des entreprises lors de l\u2019\u00e9valuation de l\u2019ensemble des actifs \u00e9ligibles.<\/span><span data-ccp-props=\"{}\">&nbsp;<\/span><\/p>\n<p><i><span data-contrast=\"none\">Plus d\u2019informations sur le <\/span><\/i><span style=\"text-decoration: underline;\"><a href=\"https:\/\/reclaimfinance.org\/site\/2024\/04\/04\/collateral-damage-en-finir-avec-le-soutien-de-la-bce-aux-entreprises-fossiles\/\" target=\"_blank\" rel=\"noopener\"><i>collat\u00e9ral de politique mon\u00e9taire<\/i><\/a><\/span><i><span data-contrast=\"none\">.<\/span><\/i><span data-ccp-props=\"{}\">&nbsp;<\/span><\/p>\n<\/div><div class=\"nav fusion-mobile-tab-nav\"><ul class=\"nav-tabs nav-justified\" role=\"tablist\"><li role=\"presentation\"><a class=\"tab-link\" data-toggle=\"tab\" role=\"tab\" aria-controls=\"tab-459476ed090925f4b90\" aria-selected=\"false\" tabindex=\"-1\" id=\"mobile-fusion-tab-comblerleslacunesdesportefeuillesmon\u00e9taires\" href=\"#tab-459476ed090925f4b90\"><h4 class=\"fusion-tab-heading\">Combler les lacunes des portefeuilles mon\u00e9taires<\/h4><\/a><\/li><\/ul><\/div><div class=\"tab-pane fade fusion-clearfix\" role=\"tabpanel\" tabindex=\"0\" aria-labelledby=\"fusion-tab-comblerleslacunesdesportefeuillesmon\u00e9taires\" id=\"tab-459476ed090925f4b90\">\n<p>En 2022, la BCE a annonc\u00e9 une politique visant \u00e0 favoriser les entreprises ayant une meilleure performance climatique lors de l\u2019achat d\u2019actifs ou \u201cassouplissement quantitatif\u201d. Non seulement cette politique n\u2019a pas conduit \u00e0 l\u2019exclusion des d\u00e9veloppeurs d\u2019\u00e9nergies fossiles, mais elle est \u00e9galement devenue obsol\u00e8te \u00e0 la mi-2023 avec la fin de ces achats.<\/p>\n<p>Plut\u00f4t que d\u2019attendre une r\u00e9duction naturelle de ses portefeuilles mon\u00e9taires, via l\u2019arriv\u00e9e \u00e0 \u00e9ch\u00e9ance des titres d\u00e9tenus, la BCE doit activement se d\u00e9barrasser des actifs li\u00e9s aux entreprises d\u00e9veloppant de nouveaux projets d\u2019\u00e9nergies fossiles. Dans le futur, si elle reprend ses achats d\u2019actifs, elle devra \u00e9viter ces actifs et privil\u00e9gier ceux issus d\u2019entreprises soutenables.<\/p>\n<p><i><span data-contrast=\"none\">Plus d\u2019informations sur la <\/span><\/i><span style=\"text-decoration: underline;\"><a href=\"https:\/\/reclaimfinance.org\/site\/2023\/08\/03\/achats-dactifs-de-la-banque-centrale-europeenne-loin-des-objectifs-de-lue\/\" target=\"_blank\" rel=\"noopener\"><i>strat\u00e9gie de d\u00e9carbonation de la BCE<\/i><\/a><\/span><i><span data-contrast=\"none\">.<\/span><\/i><span data-ccp-props=\"{}\">&nbsp;<\/span><\/p>\n<\/div><\/div><\/div><\/div><\/div><\/div><\/div><div class=\"fusion-fullwidth fullwidth-box fusion-builder-row-6 fusion-flex-container nonhundred-percent-fullwidth non-hundred-percent-height-scrolling\" style=\"--awb-border-radius-top-left:0px;--awb-border-radius-top-right:0px;--awb-border-radius-bottom-right:0px;--awb-border-radius-bottom-left:0px;--awb-background-color:#f2f2ef;--awb-flex-wrap:wrap;\" ><div class=\"fusion-builder-row fusion-row fusion-flex-align-items-flex-start fusion-flex-content-wrap\" style=\"max-width:1216.8px;margin-left: calc(-4% \/ 2 );margin-right: calc(-4% \/ 2 );\"><div class=\"fusion-layout-column fusion_builder_column fusion-builder-column-8 fusion_builder_column_1_1 1_1 fusion-flex-column\" style=\"--awb-padding-top:50px;--awb-padding-bottom:50px;--awb-bg-size:cover;--awb-width-large:100%;--awb-margin-top-large:0px;--awb-spacing-right-large:1.92%;--awb-margin-bottom-large:0px;--awb-spacing-left-large:1.92%;--awb-width-medium:100%;--awb-order-medium:0;--awb-spacing-right-medium:1.92%;--awb-spacing-left-medium:1.92%;--awb-width-small:100%;--awb-order-small:0;--awb-spacing-right-small:1.92%;--awb-spacing-left-small:1.92%;\"><div class=\"fusion-column-wrapper fusion-column-has-shadow fusion-flex-justify-content-flex-start fusion-content-layout-column\"><div class=\"fusion-title title fusion-title-5 fusion-title-text fusion-title-size-two\" style=\"--awb-text-color:var(--awb-color7);--awb-margin-bottom:0px;\"><div class=\"title-sep-container title-sep-container-left fusion-no-large-visibility fusion-no-medium-visibility fusion-no-small-visibility\"><div class=\"title-sep sep- sep-solid\" style=\"border-color:#3e3e3e;\"><\/div><\/div><span class=\"awb-title-spacer fusion-no-large-visibility fusion-no-medium-visibility fusion-no-small-visibility\"><\/span><h2 class=\"fusion-title-heading title-heading-left fusion-responsive-typography-calculated\" style=\"margin:0;text-transform:uppercase;--fontSize:33;line-height:1.5;\">CONTRIBUER \u00c0 LA TRANSITION \u00c9COLOGIQUE<\/h2><span class=\"awb-title-spacer\"><\/span><div class=\"title-sep-container title-sep-container-right\"><div class=\"title-sep sep- sep-solid\" style=\"border-color:#3e3e3e;\"><\/div><\/div><\/div><div class=\"fusion-separator\" style=\"align-self: flex-start;margin-right:auto;margin-top:20px;margin-bottom:30px;width:100%;max-width:100px;\"><div class=\"fusion-separator-border sep-single sep-solid\" style=\"--awb-height:20px;--awb-amount:20px;--awb-sep-color:var(--awb-color4);border-color:var(--awb-color4);border-top-width:10px;\"><\/div><\/div><div class=\"fusion-text fusion-text-4 fusion-text-no-margin\" style=\"--awb-content-alignment:justify;--awb-text-color:var(--awb-color7);\"><p>Au-del\u00e0 de la r\u00e9duction de son soutien aux grands pollueurs, la BCE devrait \u00e9galement s\u2019efforcer de contribuer activement \u00e0 la transition de l\u2019UE. Elle pourrait y parvenir en s\u2019appuyant sur son principal outil de politique mon\u00e9taire : les taux d\u2019int\u00e9r\u00eat. <\/p>\n<p>Les taux d\u2019int\u00e9r\u00eat influencent l\u2019ensemble de l\u2019\u00e9conomie en d\u00e9terminant le co\u00fbt du cr\u00e9dit pour les particuliers, les entreprises et les gouvernements. \u00c0 ce titre, ils jouent un r\u00f4le cl\u00e9 dans notre capacit\u00e9 \u00e0 financer la transition vers des \u00e9nergies soutenables. <\/p>\n<\/div><div class=\"fusion-image-element \" style=\"text-align:center;--awb-margin-top:50px;--awb-margin-bottom:50px;--awb-max-width:75%;--awb-caption-title-font-family:var(--h2_typography-font-family);--awb-caption-title-font-weight:var(--h2_typography-font-weight);--awb-caption-title-font-style:var(--h2_typography-font-style);--awb-caption-title-size:var(--h2_typography-font-size);--awb-caption-title-transform:var(--h2_typography-text-transform);--awb-caption-title-line-height:var(--h2_typography-line-height);--awb-caption-title-letter-spacing:var(--h2_typography-letter-spacing);\"><span class=\" fusion-imageframe imageframe-none imageframe-2 hover-type-none fusion-animated\" data-animationType=\"fadeInUp\" data-animationDuration=\"1.4\" data-animationOffset=\"top-into-view\"><img decoding=\"async\" width=\"2560\" height=\"1417\" title=\"BCE-INFLATION-FR\" src=\"https:\/\/reclaimfinance.org\/site\/wp-content\/uploads\/2025\/03\/BCE-INFLATION-FR.png\" alt class=\"img-responsive wp-image-35960\" srcset=\"https:\/\/reclaimfinance.org\/site\/wp-content\/uploads\/2025\/03\/BCE-INFLATION-FR-200x111.png 200w, https:\/\/reclaimfinance.org\/site\/wp-content\/uploads\/2025\/03\/BCE-INFLATION-FR-400x221.png 400w, https:\/\/reclaimfinance.org\/site\/wp-content\/uploads\/2025\/03\/BCE-INFLATION-FR-600x332.png 600w, https:\/\/reclaimfinance.org\/site\/wp-content\/uploads\/2025\/03\/BCE-INFLATION-FR-800x443.png 800w, https:\/\/reclaimfinance.org\/site\/wp-content\/uploads\/2025\/03\/BCE-INFLATION-FR-1200x664.png 1200w, https:\/\/reclaimfinance.org\/site\/wp-content\/uploads\/2025\/03\/BCE-INFLATION-FR.png 2560w\" sizes=\"(max-width: 1024px) 100vw, (max-width: 640px) 100vw, 1200px\" \/><\/span><\/div><div class=\"fusion-text fusion-text-5 fusion-text-no-margin\" style=\"--awb-content-alignment:justify;--awb-text-color:var(--awb-color7);\"><p><span data-contrast=\"none\">Avec le retour d\u2019une inflation \u00e9lev\u00e9e en 2021, la BCE a relev\u00e9 ses taux d\u2019int\u00e9r\u00eat \u00e0 des niveaux in\u00e9dits depuis des d\u00e9cennies. Bien que ces taux aient significativement baiss\u00e9 depuis cette p\u00e9riode, ils restent \u00e9lev\u00e9s, rendant la transition \u00e9cologique de l\u2019UE plus co\u00fbteuse. En cons\u00e9quence, ils d\u00e9couragent l\u2019investissement dans des solutions climatiques comme les \u00e9nergies soutenables et la r\u00e9novation des b\u00e2timents.<\/span><span data-ccp-props=\"{\">&nbsp;<\/span><\/p>\n<p><span data-contrast=\"none\">A moyen et long terme, cette situation va \u00e0 l\u2019encontre du mandat de la BCE, car le changement climatique et notre d\u00e9pendance aux \u00e9nergies fossiles rendent les prix plus volatils, ce qui peut accentuer l\u2019inflation et accro\u00eetre le risque d\u2019instabilit\u00e9 financi\u00e8re.<\/span><span data-ccp-props=\"{\">&nbsp;<\/span><\/p>\n<p><span data-contrast=\"none\">Des taux d\u2019int\u00e9r\u00eat diff\u00e9renci\u00e9s pourraient offrir une solution en permettant \u00e0 la banque de lutter contre l\u2019inflation \u00e0 court terme tout en finan\u00e7ant la transition \u00e9nerg\u00e9tique et \u00e9cologique indispensable \u00e0 plus long terme.<\/span><span data-ccp-props=\"{\">&nbsp;<\/span><\/p>\n<p><i><span data-contrast=\"none\">Plus d\u2019informations sur <\/span><\/i><span style=\"text-decoration: underline;\"><a style=\"color: #333647; text-decoration: underline;\" href=\"https:\/\/reclaimfinance.org\/site\/2022\/09\/21\/rapport-maitriser-linflation-en-soutenant-la-transition-energetique\/\" target=\"_blank\" rel=\"noopener\"><i>les taux diff\u00e9renci\u00e9s<\/i><\/a><\/span><i><span data-contrast=\"none\">.<\/span><\/i><span data-ccp-props=\"{\">&nbsp;<\/span><\/p>\n<\/div><\/div><\/div><\/div><\/div><div class=\"fusion-fullwidth fullwidth-box fusion-builder-row-7 fusion-flex-container nonhundred-percent-fullwidth non-hundred-percent-height-scrolling\" style=\"--awb-border-radius-top-left:0px;--awb-border-radius-top-right:0px;--awb-border-radius-bottom-right:0px;--awb-border-radius-bottom-left:0px;--awb-padding-top:50px;--awb-padding-right:20px;--awb-padding-bottom:50px;--awb-padding-left:20px;--awb-margin-bottom:0px;--awb-background-color:#e5e3e3;--awb-flex-wrap:wrap;\" ><div class=\"fusion-builder-row fusion-row fusion-flex-align-items-stretch fusion-flex-justify-content-center fusion-flex-content-wrap\" style=\"max-width:1216.8px;margin-left: calc(-4% \/ 2 );margin-right: calc(-4% \/ 2 );\"><div class=\"fusion-layout-column fusion_builder_column fusion-builder-column-9 fusion_builder_column_1_1 1_1 fusion-flex-column\" style=\"--awb-bg-size:cover;--awb-width-large:100%;--awb-margin-top-large:0px;--awb-spacing-right-large:1.92%;--awb-margin-bottom-large:0px;--awb-spacing-left-large:1.92%;--awb-width-medium:100%;--awb-order-medium:0;--awb-spacing-right-medium:1.92%;--awb-spacing-left-medium:1.92%;--awb-width-small:100%;--awb-order-small:0;--awb-spacing-right-small:1.92%;--awb-spacing-left-small:1.92%;\"><div class=\"fusion-column-wrapper fusion-column-has-shadow fusion-flex-justify-content-flex-start fusion-content-layout-column\"><div class=\"fusion-title title fusion-title-6 fusion-title-text fusion-title-size-two\" style=\"--awb-text-color:var(--awb-color7);--awb-margin-bottom:0px;\"><div class=\"title-sep-container title-sep-container-left fusion-no-large-visibility fusion-no-small-visibility\"><div class=\"title-sep sep- sep-solid\" style=\"border-color:#3e3e3e;\"><\/div><\/div><span class=\"awb-title-spacer fusion-no-large-visibility fusion-no-small-visibility\"><\/span><h2 class=\"fusion-title-heading title-heading-left md-text-align-center fusion-responsive-typography-calculated\" style=\"margin:0;text-transform:uppercase;--fontSize:33;line-height:1.3;\">Que disent les experts et les organisations de la soci\u00e9t\u00e9 civile \u00e0 ce sujet ?<\/h2><span class=\"awb-title-spacer\"><\/span><div class=\"title-sep-container title-sep-container-right\"><div class=\"title-sep sep- sep-solid\" style=\"border-color:#3e3e3e;\"><\/div><\/div><\/div><div class=\"fusion-separator\" style=\"align-self: flex-start;margin-right:auto;margin-top:20px;margin-bottom:30px;width:100%;max-width:100px;\"><div class=\"fusion-separator-border sep-single sep-solid\" style=\"--awb-height:20px;--awb-amount:20px;--awb-sep-color:var(--awb-color4);border-color:var(--awb-color4);border-top-width:10px;\"><\/div><\/div><\/div><\/div><div class=\"fusion-layout-column fusion_builder_column fusion-builder-column-10 fusion_builder_column_1_1 1_1 fusion-flex-column\" style=\"--awb-bg-size:cover;--awb-width-large:100%;--awb-margin-top-large:0px;--awb-spacing-right-large:1.92%;--awb-margin-bottom-large:50px;--awb-spacing-left-large:1.92%;--awb-width-medium:100%;--awb-order-medium:0;--awb-spacing-right-medium:1.92%;--awb-spacing-left-medium:1.92%;--awb-width-small:100%;--awb-order-small:0;--awb-spacing-right-small:1.92%;--awb-spacing-left-small:1.92%;\"><div class=\"fusion-column-wrapper fusion-column-has-shadow fusion-flex-justify-content-flex-start fusion-content-layout-column\"><div class=\"fusion-text fusion-text-6 fusion-text-no-margin\" style=\"--awb-content-alignment:justify;--awb-text-color:var(--awb-color7);\"><p>En janvier 2025, plus de 60 organisations de la soci\u00e9t\u00e9 civile et experts ont \u00e9crit une lettre ouverte au Conseil des gouverneurs de la Banque centrale europ\u00e9enne, son organe d\u00e9cisionnel. Ils ont appel\u00e9 \u00e0 ce que la r\u00e9vision de la strat\u00e9gie de politique mon\u00e9taire introduise des mesures pour verdir la politique mon\u00e9taire. <\/p>\n<p>Les mesures recommand\u00e9es par cette coalition sont d\u00e9taill\u00e9es dans un manifeste sign\u00e9 par 41 organisations de la soci\u00e9t\u00e9 civile. <\/p>\n<\/div><\/div><\/div><div class=\"fusion-layout-column fusion_builder_column fusion-builder-column-11 fusion_builder_column_1_2 1_2 fusion-flex-column\" style=\"--awb-bg-size:cover;--awb-width-large:50%;--awb-margin-top-large:0px;--awb-spacing-right-large:3.84%;--awb-margin-bottom-large:0px;--awb-spacing-left-large:3.84%;--awb-width-medium:100%;--awb-order-medium:0;--awb-spacing-right-medium:1.92%;--awb-spacing-left-medium:1.92%;--awb-width-small:100%;--awb-order-small:0;--awb-spacing-right-small:1.92%;--awb-spacing-left-small:1.92%;\"><div class=\"fusion-column-wrapper fusion-column-has-shadow fusion-flex-justify-content-space-around fusion-content-layout-row fusion-flex-align-items-center\"><div style=\"text-align:center;\"><a class=\"fusion-button button-flat button-medium button-custom fusion-button-default button-1 fusion-button-default-span fusion-button-default-type\" style=\"--button_accent_color:var(--awb-color4);--button_border_color:var(--awb-color4);--button_accent_hover_color:#ffffff;--button_border_hover_color:#8fc84c;--button_border_width-top:2px;--button_border_width-right:2px;--button_border_width-bottom:2px;--button_border_width-left:2px;--button_gradient_top_color:rgba(138,197,107,0);--button_gradient_bottom_color:rgba(138,197,107,0);--button_gradient_top_color_hover:#8fc84c;--button_gradient_bottom_color_hover:#8fc84c;\" target=\"_blank\" rel=\"noopener noreferrer\" href=\"https:\/\/reclaimfinance.org\/site\/2025\/01\/28\/lettre-ouverte-au-conseil-des-gouverneurs-de-la-bce-appelant-au-verdissement-de-la-politique-monetaire\/\"><span class=\"fusion-button-text\">Lire la lettre ouverte<\/span><\/a><\/div><div style=\"text-align:center;\"><a class=\"fusion-button button-flat button-medium button-custom fusion-button-default button-2 fusion-button-default-span fusion-button-default-type\" style=\"--button_accent_color:var(--awb-color4);--button_border_color:var(--awb-color4);--button_accent_hover_color:#ffffff;--button_border_hover_color:#8fc84c;--button_border_width-top:2px;--button_border_width-right:2px;--button_border_width-bottom:2px;--button_border_width-left:2px;--button_gradient_top_color:rgba(138,197,107,0);--button_gradient_bottom_color:rgba(138,197,107,0);--button_gradient_top_color_hover:#8fc84c;--button_gradient_bottom_color_hover:#8fc84c;\" target=\"_blank\" rel=\"noopener noreferrer\" href=\"https:\/\/reclaimfinance.org\/site\/2025\/01\/28\/stabilite-par-la-soutenabilite-trois-recommandations-pour-la-revision-de-la-strategie-de-politique-monetaire-de-la-bce-en-2025\/\"><span class=\"fusion-button-text\">Lire le manifeste<\/span><\/a><\/div><\/div><\/div><\/div><\/div><\/p>\n","protected":false},"excerpt":{"rendered":"","protected":false},"author":26,"featured_media":22452,"parent":0,"menu_order":0,"comment_status":"closed","ping_status":"closed","template":"100-width.php","meta":{"footnotes":""},"programme":[],"class_list":["post-22945","page","type-page","status-publish","has-post-thumbnail","hentry"],"yoast_head":"<!-- This site is optimized with the Yoast SEO plugin v23.1 - https:\/\/yoast.com\/wordpress\/plugins\/seo\/ -->\n<title>Ma\u00eetriser l\u2019inflation en soutenant la transition \u00e9nerg\u00e9tique - Reclaim Finance<\/title>\n<meta name=\"description\" content=\"Dans le cadre de son mandat de stabilit\u00e9 des prix, la Banque centrale europ\u00e9enne (BCE) a un r\u00f4le important \u00e0 jouer : g\u00e9rer l&#039;inflation en soutenant une transition \u00e9nerg\u00e9tique verte au sein de l&#039;Union europ\u00e9enne (UE).\" \/>\n<meta name=\"robots\" content=\"index, follow, max-snippet:-1, max-image-preview:large, max-video-preview:-1\" \/>\n<link rel=\"canonical\" href=\"https:\/\/reclaimfinance.org\/site\/maitriser-linflation-en-soutenant-la-transition-energetique\/\" \/>\n<meta property=\"og:locale\" content=\"fr_FR\" \/>\n<meta property=\"og:type\" content=\"article\" \/>\n<meta property=\"og:title\" content=\"Ma\u00eetriser l\u2019inflation en soutenant la transition \u00e9nerg\u00e9tique - Reclaim Finance\" \/>\n<meta property=\"og:description\" content=\"Dans le cadre de son mandat de stabilit\u00e9 des prix, la Banque centrale europ\u00e9enne (BCE) a un r\u00f4le important \u00e0 jouer : g\u00e9rer l&#039;inflation en soutenant une transition \u00e9nerg\u00e9tique verte au sein de l&#039;Union europ\u00e9enne (UE).\" \/>\n<meta property=\"og:url\" content=\"https:\/\/reclaimfinance.org\/site\/maitriser-linflation-en-soutenant-la-transition-energetique\/\" \/>\n<meta property=\"og:site_name\" content=\"Reclaim Finance\" \/>\n<meta property=\"article:publisher\" content=\"https:\/\/www.facebook.com\/ReclaimFinanceONG\" \/>\n<meta property=\"article:modified_time\" content=\"2025-03-14T16:14:13+00:00\" \/>\n<meta property=\"og:image\" content=\"https:\/\/reclaimfinance.org\/site\/wp-content\/uploads\/2022\/08\/BCE-Projet-inflation-1024x682.jpg\" \/>\n\t<meta property=\"og:image:width\" content=\"1024\" \/>\n\t<meta property=\"og:image:height\" content=\"682\" \/>\n\t<meta property=\"og:image:type\" content=\"image\/jpeg\" \/>\n<meta name=\"twitter:card\" content=\"summary_large_image\" \/>\n<meta name=\"twitter:image\" content=\"https:\/\/reclaimfinance.org\/site\/wp-content\/uploads\/2022\/08\/BCE-Projet-inflation-scaled.jpg\" \/>\n<meta name=\"twitter:site\" content=\"@ReclaimFinance\" \/>\n<meta name=\"twitter:label1\" content=\"Dur\u00e9e de lecture estim\u00e9e\" \/>\n\t<meta name=\"twitter:data1\" content=\"17 minutes\" \/>\n<script type=\"application\/ld+json\" class=\"yoast-schema-graph\">{\"@context\":\"https:\/\/schema.org\",\"@graph\":[{\"@type\":\"WebPage\",\"@id\":\"https:\/\/reclaimfinance.org\/site\/maitriser-linflation-en-soutenant-la-transition-energetique\/\",\"url\":\"https:\/\/reclaimfinance.org\/site\/maitriser-linflation-en-soutenant-la-transition-energetique\/\",\"name\":\"Ma\u00eetriser l\u2019inflation en soutenant la transition \u00e9nerg\u00e9tique - Reclaim Finance\",\"isPartOf\":{\"@id\":\"https:\/\/reclaimfinance.org\/site\/#website\"},\"primaryImageOfPage\":{\"@id\":\"https:\/\/reclaimfinance.org\/site\/maitriser-linflation-en-soutenant-la-transition-energetique\/#primaryimage\"},\"image\":{\"@id\":\"https:\/\/reclaimfinance.org\/site\/maitriser-linflation-en-soutenant-la-transition-energetique\/#primaryimage\"},\"thumbnailUrl\":\"https:\/\/reclaimfinance.org\/site\/wp-content\/uploads\/2022\/07\/1.-BANNER-SITEWEB6-min.png\",\"datePublished\":\"2022-09-20T22:01:50+00:00\",\"dateModified\":\"2025-03-14T16:14:13+00:00\",\"description\":\"Dans le cadre de son mandat de stabilit\u00e9 des prix, la Banque centrale europ\u00e9enne (BCE) a un r\u00f4le important \u00e0 jouer : g\u00e9rer l'inflation en soutenant une transition \u00e9nerg\u00e9tique verte au sein de l'Union europ\u00e9enne (UE).\",\"breadcrumb\":{\"@id\":\"https:\/\/reclaimfinance.org\/site\/maitriser-linflation-en-soutenant-la-transition-energetique\/#breadcrumb\"},\"inLanguage\":\"fr-FR\",\"potentialAction\":[{\"@type\":\"ReadAction\",\"target\":[\"https:\/\/reclaimfinance.org\/site\/maitriser-linflation-en-soutenant-la-transition-energetique\/\"]}]},{\"@type\":\"ImageObject\",\"inLanguage\":\"fr-FR\",\"@id\":\"https:\/\/reclaimfinance.org\/site\/maitriser-linflation-en-soutenant-la-transition-energetique\/#primaryimage\",\"url\":\"https:\/\/reclaimfinance.org\/site\/wp-content\/uploads\/2022\/07\/1.-BANNER-SITEWEB6-min.png\",\"contentUrl\":\"https:\/\/reclaimfinance.org\/site\/wp-content\/uploads\/2022\/07\/1.-BANNER-SITEWEB6-min.png\",\"width\":1350,\"height\":600,\"caption\":\"european central bank\"},{\"@type\":\"BreadcrumbList\",\"@id\":\"https:\/\/reclaimfinance.org\/site\/maitriser-linflation-en-soutenant-la-transition-energetique\/#breadcrumb\",\"itemListElement\":[{\"@type\":\"ListItem\",\"position\":1,\"name\":\"Accueil\",\"item\":\"https:\/\/reclaimfinance.org\/site\/\"},{\"@type\":\"ListItem\",\"position\":2,\"name\":\"Ma\u00eetriser l\u2019inflation en soutenant la transition \u00e9nerg\u00e9tique\"}]},{\"@type\":\"WebSite\",\"@id\":\"https:\/\/reclaimfinance.org\/site\/#website\",\"url\":\"https:\/\/reclaimfinance.org\/site\/\",\"name\":\"Reclaim Finance\",\"description\":\"Reprendre le contr\u00f4le de la finance pour le climat et la biodiversit\u00e9\",\"publisher\":{\"@id\":\"https:\/\/reclaimfinance.org\/site\/#organization\"},\"potentialAction\":[{\"@type\":\"SearchAction\",\"target\":{\"@type\":\"EntryPoint\",\"urlTemplate\":\"https:\/\/reclaimfinance.org\/site\/?s={search_term_string}\"},\"query-input\":\"required name=search_term_string\"}],\"inLanguage\":\"fr-FR\"},{\"@type\":\"Organization\",\"@id\":\"https:\/\/reclaimfinance.org\/site\/#organization\",\"name\":\"Reclaim Finance\",\"url\":\"https:\/\/reclaimfinance.org\/site\/\",\"logo\":{\"@type\":\"ImageObject\",\"inLanguage\":\"fr-FR\",\"@id\":\"https:\/\/reclaimfinance.org\/site\/#\/schema\/logo\/image\/\",\"url\":\"https:\/\/reclaimfinance.org\/site\/wp-content\/uploads\/2020\/03\/logo_RC_space.png\",\"contentUrl\":\"https:\/\/reclaimfinance.org\/site\/wp-content\/uploads\/2020\/03\/logo_RC_space.png\",\"width\":800,\"height\":800,\"caption\":\"Reclaim Finance\"},\"image\":{\"@id\":\"https:\/\/reclaimfinance.org\/site\/#\/schema\/logo\/image\/\"},\"sameAs\":[\"https:\/\/www.facebook.com\/ReclaimFinanceONG\",\"https:\/\/x.com\/ReclaimFinance\",\"https:\/\/www.instagram.com\/reclaimfinance\/\",\"https:\/\/www.linkedin.com\/company\/reclaim-finance-ong-think-tank\"]}]}<\/script>\n<!-- \/ Yoast SEO plugin. -->","yoast_head_json":{"title":"Ma\u00eetriser l\u2019inflation en soutenant la transition \u00e9nerg\u00e9tique - Reclaim Finance","description":"Dans le cadre de son mandat de stabilit\u00e9 des prix, la Banque centrale europ\u00e9enne (BCE) a un r\u00f4le important \u00e0 jouer : g\u00e9rer l'inflation en soutenant une transition \u00e9nerg\u00e9tique verte au sein de l'Union europ\u00e9enne (UE).","robots":{"index":"index","follow":"follow","max-snippet":"max-snippet:-1","max-image-preview":"max-image-preview:large","max-video-preview":"max-video-preview:-1"},"canonical":"https:\/\/reclaimfinance.org\/site\/maitriser-linflation-en-soutenant-la-transition-energetique\/","og_locale":"fr_FR","og_type":"article","og_title":"Ma\u00eetriser l\u2019inflation en soutenant la transition \u00e9nerg\u00e9tique - Reclaim Finance","og_description":"Dans le cadre de son mandat de stabilit\u00e9 des prix, la Banque centrale europ\u00e9enne (BCE) a un r\u00f4le important \u00e0 jouer : g\u00e9rer l'inflation en soutenant une transition \u00e9nerg\u00e9tique verte au sein de l'Union europ\u00e9enne (UE).","og_url":"https:\/\/reclaimfinance.org\/site\/maitriser-linflation-en-soutenant-la-transition-energetique\/","og_site_name":"Reclaim Finance","article_publisher":"https:\/\/www.facebook.com\/ReclaimFinanceONG","article_modified_time":"2025-03-14T16:14:13+00:00","og_image":[{"width":1024,"height":682,"url":"https:\/\/reclaimfinance.org\/site\/wp-content\/uploads\/2022\/08\/BCE-Projet-inflation-1024x682.jpg","type":"image\/jpeg"}],"twitter_card":"summary_large_image","twitter_image":"https:\/\/reclaimfinance.org\/site\/wp-content\/uploads\/2022\/08\/BCE-Projet-inflation-scaled.jpg","twitter_site":"@ReclaimFinance","twitter_misc":{"Dur\u00e9e de lecture estim\u00e9e":"17 minutes"},"schema":{"@context":"https:\/\/schema.org","@graph":[{"@type":"WebPage","@id":"https:\/\/reclaimfinance.org\/site\/maitriser-linflation-en-soutenant-la-transition-energetique\/","url":"https:\/\/reclaimfinance.org\/site\/maitriser-linflation-en-soutenant-la-transition-energetique\/","name":"Ma\u00eetriser l\u2019inflation en soutenant la transition \u00e9nerg\u00e9tique - Reclaim Finance","isPartOf":{"@id":"https:\/\/reclaimfinance.org\/site\/#website"},"primaryImageOfPage":{"@id":"https:\/\/reclaimfinance.org\/site\/maitriser-linflation-en-soutenant-la-transition-energetique\/#primaryimage"},"image":{"@id":"https:\/\/reclaimfinance.org\/site\/maitriser-linflation-en-soutenant-la-transition-energetique\/#primaryimage"},"thumbnailUrl":"https:\/\/reclaimfinance.org\/site\/wp-content\/uploads\/2022\/07\/1.-BANNER-SITEWEB6-min.png","datePublished":"2022-09-20T22:01:50+00:00","dateModified":"2025-03-14T16:14:13+00:00","description":"Dans le cadre de son mandat de stabilit\u00e9 des prix, la Banque centrale europ\u00e9enne (BCE) a un r\u00f4le important \u00e0 jouer : g\u00e9rer l'inflation en soutenant une transition \u00e9nerg\u00e9tique verte au sein de l'Union europ\u00e9enne (UE).","breadcrumb":{"@id":"https:\/\/reclaimfinance.org\/site\/maitriser-linflation-en-soutenant-la-transition-energetique\/#breadcrumb"},"inLanguage":"fr-FR","potentialAction":[{"@type":"ReadAction","target":["https:\/\/reclaimfinance.org\/site\/maitriser-linflation-en-soutenant-la-transition-energetique\/"]}]},{"@type":"ImageObject","inLanguage":"fr-FR","@id":"https:\/\/reclaimfinance.org\/site\/maitriser-linflation-en-soutenant-la-transition-energetique\/#primaryimage","url":"https:\/\/reclaimfinance.org\/site\/wp-content\/uploads\/2022\/07\/1.-BANNER-SITEWEB6-min.png","contentUrl":"https:\/\/reclaimfinance.org\/site\/wp-content\/uploads\/2022\/07\/1.-BANNER-SITEWEB6-min.png","width":1350,"height":600,"caption":"european central bank"},{"@type":"BreadcrumbList","@id":"https:\/\/reclaimfinance.org\/site\/maitriser-linflation-en-soutenant-la-transition-energetique\/#breadcrumb","itemListElement":[{"@type":"ListItem","position":1,"name":"Accueil","item":"https:\/\/reclaimfinance.org\/site\/"},{"@type":"ListItem","position":2,"name":"Ma\u00eetriser l\u2019inflation en soutenant la transition \u00e9nerg\u00e9tique"}]},{"@type":"WebSite","@id":"https:\/\/reclaimfinance.org\/site\/#website","url":"https:\/\/reclaimfinance.org\/site\/","name":"Reclaim Finance","description":"Reprendre le contr\u00f4le de la finance pour le climat et la biodiversit\u00e9","publisher":{"@id":"https:\/\/reclaimfinance.org\/site\/#organization"},"potentialAction":[{"@type":"SearchAction","target":{"@type":"EntryPoint","urlTemplate":"https:\/\/reclaimfinance.org\/site\/?s={search_term_string}"},"query-input":"required name=search_term_string"}],"inLanguage":"fr-FR"},{"@type":"Organization","@id":"https:\/\/reclaimfinance.org\/site\/#organization","name":"Reclaim Finance","url":"https:\/\/reclaimfinance.org\/site\/","logo":{"@type":"ImageObject","inLanguage":"fr-FR","@id":"https:\/\/reclaimfinance.org\/site\/#\/schema\/logo\/image\/","url":"https:\/\/reclaimfinance.org\/site\/wp-content\/uploads\/2020\/03\/logo_RC_space.png","contentUrl":"https:\/\/reclaimfinance.org\/site\/wp-content\/uploads\/2020\/03\/logo_RC_space.png","width":800,"height":800,"caption":"Reclaim Finance"},"image":{"@id":"https:\/\/reclaimfinance.org\/site\/#\/schema\/logo\/image\/"},"sameAs":["https:\/\/www.facebook.com\/ReclaimFinanceONG","https:\/\/x.com\/ReclaimFinance","https:\/\/www.instagram.com\/reclaimfinance\/","https:\/\/www.linkedin.com\/company\/reclaim-finance-ong-think-tank"]}]}},"_links":{"self":[{"href":"https:\/\/reclaimfinance.org\/site\/wp-json\/wp\/v2\/pages\/22945"}],"collection":[{"href":"https:\/\/reclaimfinance.org\/site\/wp-json\/wp\/v2\/pages"}],"about":[{"href":"https:\/\/reclaimfinance.org\/site\/wp-json\/wp\/v2\/types\/page"}],"author":[{"embeddable":true,"href":"https:\/\/reclaimfinance.org\/site\/wp-json\/wp\/v2\/users\/26"}],"replies":[{"embeddable":true,"href":"https:\/\/reclaimfinance.org\/site\/wp-json\/wp\/v2\/comments?post=22945"}],"version-history":[{"count":3,"href":"https:\/\/reclaimfinance.org\/site\/wp-json\/wp\/v2\/pages\/22945\/revisions"}],"predecessor-version":[{"id":35962,"href":"https:\/\/reclaimfinance.org\/site\/wp-json\/wp\/v2\/pages\/22945\/revisions\/35962"}],"wp:featuredmedia":[{"embeddable":true,"href":"https:\/\/reclaimfinance.org\/site\/wp-json\/wp\/v2\/media\/22452"}],"wp:attachment":[{"href":"https:\/\/reclaimfinance.org\/site\/wp-json\/wp\/v2\/media?parent=22945"}],"wp:term":[{"taxonomy":"programme","embeddable":true,"href":"https:\/\/reclaimfinance.org\/site\/wp-json\/wp\/v2\/programme?post=22945"}],"curies":[{"name":"wp","href":"https:\/\/api.w.org\/{rel}","templated":true}]}}