{"id":664,"date":"2020-03-02T16:23:05","date_gmt":"2020-03-02T15:23:05","guid":{"rendered":"https:\/\/reclaimfinance.org\/site\/?page_id=664"},"modified":"2024-04-04T10:32:14","modified_gmt":"2024-04-04T08:32:14","slug":"blog","status":"publish","type":"page","link":"https:\/\/reclaimfinance.org\/site\/blog\/","title":{"rendered":"Publications"},"content":{"rendered":"<p><div class=\"fusion-fullwidth fullwidth-box fusion-builder-row-1 fusion-flex-container has-pattern-background has-mask-background nonhundred-percent-fullwidth non-hundred-percent-height-scrolling\" style=\"--awb-background-blend-mode:overlay;--awb-border-radius-top-left:0px;--awb-border-radius-top-right:0px;--awb-border-radius-bottom-right:0px;--awb-border-radius-bottom-left:0px;--awb-margin-top:150px;--awb-background-color:rgba(138,197,107,0);--awb-flex-wrap:wrap;\" ><div class=\"fusion-builder-row fusion-row fusion-flex-align-items-center fusion-flex-content-wrap\" style=\"max-width:1216.8px;margin-left: calc(-4% \/ 2 );margin-right: calc(-4% \/ 2 );\"><div class=\"fusion-layout-column fusion_builder_column fusion-builder-column-0 fusion_builder_column_1_1 1_1 fusion-flex-column fusion-flex-align-self-center fusion-animated\" style=\"--awb-bg-color:rgba(255,255,255,0);--awb-bg-color-hover:rgba(255,255,255,0);--awb-bg-size:cover;--awb-border-color:var(--awb-color4);--awb-border-style:solid;--awb-width-large:100%;--awb-margin-top-large:0px;--awb-spacing-right-large:1.92%;--awb-margin-bottom-large:0px;--awb-spacing-left-large:1.92%;--awb-width-medium:100%;--awb-order-medium:0;--awb-spacing-right-medium:1.92%;--awb-spacing-left-medium:1.92%;--awb-width-small:100%;--awb-order-small:0;--awb-spacing-right-small:1.92%;--awb-spacing-left-small:1.92%;\" data-animationType=\"fadeInLeft\" data-animationDuration=\"0.8\" data-animationOffset=\"top-into-view\"><div class=\"fusion-column-wrapper fusion-column-has-shadow fusion-flex-justify-content-center fusion-content-layout-column\"><div class=\"fusion-title title fusion-title-1 fusion-title-text fusion-title-size-one\" style=\"--awb-text-color:var(--awb-color1);--awb-margin-bottom:15px;\"><div class=\"title-sep-container title-sep-container-left fusion-no-large-visibility fusion-no-medium-visibility fusion-no-small-visibility\"><div class=\"title-sep sep- sep-solid\" style=\"border-color:#3e3e3e;\"><\/div><\/div><span class=\"awb-title-spacer fusion-no-large-visibility fusion-no-medium-visibility fusion-no-small-visibility\"><\/span><h1 class=\"fusion-title-heading title-heading-left fusion-responsive-typography-calculated\" style=\"font-family:&quot;Montserrat&quot;;font-style:normal;font-weight:700;margin:0;text-transform:uppercase;--fontSize:30;line-height:1.4;text-shadow:4px 4px 1px rgba(51,54,69,0);\">Publications<\/h1><span class=\"awb-title-spacer\"><\/span><div class=\"title-sep-container title-sep-container-right\"><div class=\"title-sep sep- sep-solid\" style=\"border-color:#3e3e3e;\"><\/div><\/div><\/div><div class=\"fusion-separator\" style=\"align-self: flex-start;margin-right:auto;width:100%;max-width:100px;\"><div class=\"fusion-separator-border sep-single sep-solid\" style=\"--awb-height:20px;--awb-amount:20px;--awb-sep-color:var(--awb-color4);border-color:var(--awb-color4);border-top-width:10px;\"><\/div><\/div><\/div><\/div><\/div><\/div><div class=\"fusion-fullwidth fullwidth-box fusion-builder-row-2 fusion-flex-container pourquoiRF nonhundred-percent-fullwidth non-hundred-percent-height-scrolling\" style=\"--awb-border-radius-top-left:0px;--awb-border-radius-top-right:0px;--awb-border-radius-bottom-right:0px;--awb-border-radius-bottom-left:0px;--awb-padding-bottom:0px;--awb-margin-bottom:0px;--awb-flex-wrap:wrap;\" ><div class=\"fusion-builder-row fusion-row fusion-flex-align-items-flex-start fusion-flex-content-wrap\" style=\"max-width:calc( 1170px + 0px );margin-left: calc(-0px \/ 2 );margin-right: calc(-0px \/ 2 );\"><div class=\"fusion-layout-column fusion_builder_column fusion-builder-column-1 fusion_builder_column_1_3 1_3 fusion-flex-column\" style=\"--awb-bg-size:cover;--awb-width-large:33.333333333333%;--awb-margin-top-large:0px;--awb-spacing-right-large:0px;--awb-margin-bottom-large:00px;--awb-spacing-left-large:0px;--awb-width-medium:100%;--awb-spacing-right-medium:0px;--awb-spacing-left-medium:0px;--awb-width-small:100%;--awb-spacing-right-small:0px;--awb-spacing-left-small:0px;\"><div class=\"fusion-column-wrapper fusion-column-has-shadow fusion-flex-justify-content-flex-start fusion-content-layout-column\"><div class=\"fusion-search-element fusion-search-element-1 fusion-search-form-classic\" style=\"--awb-margin-top:25px;--awb-margin-bottom:25px;\">\t\t<form role=\"search\" class=\"searchform fusion-search-form  fusion-search-form-classic\" method=\"get\" action=\"https:\/\/reclaimfinance.org\/site\/\">\n\t\t\t<div class=\"fusion-search-form-content\">\n\n\t\t\t\t\n\t\t\t\t<div class=\"fusion-search-field search-field\">\n\t\t\t\t\t<label><span class=\"screen-reader-text\">Rechercher:<\/span>\n\t\t\t\t\t\t\t\t\t\t\t\t\t<input type=\"search\" value=\"\" name=\"s\" class=\"s\" placeholder=\"Rechercher\" required aria-required=\"true\" aria-label=\"Rechercher\"\/>\n\t\t\t\t\t\t\t\t\t\t\t<\/label>\n\t\t\t\t<\/div>\n\t\t\t\t<div class=\"fusion-search-button search-button\">\n\t\t\t\t\t<input type=\"submit\" class=\"fusion-search-submit searchsubmit\" aria-label=\"Recherche\" value=\"&#xf002;\" \/>\n\t\t\t\t\t\t\t\t\t<\/div>\n\n\t\t\t\t<input type=\"hidden\" name=\"post_type[]\" value=\"post\" \/><input type=\"hidden\" name=\"search_limit_to_post_titles\" value=\"0\" \/><input type=\"hidden\" name=\"fs\" value=\"1\" \/>\n\t\t\t<\/div>\n\n\n\t\t\t\n\t\t<\/form>\n\t\t<\/div><\/div><\/div><div class=\"fusion-layout-column fusion_builder_column fusion-builder-column-2 fusion_builder_column_1_1 1_1 fusion-flex-column\" style=\"--awb-bg-size:cover;--awb-width-large:100%;--awb-margin-top-large:0px;--awb-spacing-right-large:0px;--awb-margin-bottom-large:20px;--awb-spacing-left-large:0px;--awb-width-medium:100%;--awb-spacing-right-medium:0px;--awb-spacing-left-medium:0px;--awb-width-small:100%;--awb-spacing-right-small:0px;--awb-spacing-left-small:0px;\"><div class=\"fusion-column-wrapper fusion-column-has-shadow fusion-flex-justify-content-center fusion-content-layout-column\"><div class=\"fusion-blog-shortcode fusion-blog-shortcode-1 fusion-blog-archive fusion-blog-layout-grid-wrapper fusion-blog-pagination\" style=\"--awb-title-font-size:20px;--awb-title-line-height:23px;\"><style type=\"text\/css\">.fusion-blog-shortcode-1 .fusion-blog-layout-grid .fusion-post-grid{padding:15px;}.fusion-blog-shortcode-1 .fusion-posts-container{margin-left: -15px !important; margin-right:-15px !important;}<\/style><div class=\"fusion-posts-container fusion-posts-container-pagination fusion-blog-rollover fusion-blog-layout-grid fusion-blog-layout-grid-3 isotope fusion-blog-equal-heights\" data-pages=\"41\" data-grid-col-space=\"30\" style=\"margin: -15px -15px 0;min-height:500px;\"><article id=\"blog-1-post-39811\" class=\"fusion-post-grid post-39811 post type-post status-publish format-standard has-post-thumbnail hentry category-blog acteurs_financiers-banques-fr thematique-energies-renouvelables-fr programme-programme-2-fr\">\n<div class=\"fusion-post-wrapper\" style=\"background-color:rgba(255,255,255,0);border:1px solid #2a2b3d;border-bottom-width:3px;\">\n\n\t\t\t<div class=\"fusion-flexslider flexslider fusion-flexslider-loading fusion-post-slideshow\" style=\"border-color:#2a2b3d;\">\n\t\t<ul class=\"slides\">\n\t\t\t\n\t\t\t\t\t\t\t\t\t\t\t\t\t\t<li><div  class=\"fusion-image-wrapper\" aria-haspopup=\"true\">\n\t\t\t\t<img decoding=\"async\" width=\"1125\" height=\"500\" src=\"https:\/\/reclaimfinance.org\/site\/wp-content\/uploads\/2026\/04\/scotiabank.png\" class=\"attachment-full size-full wp-post-image\" alt=\"\" \/><div class=\"fusion-rollover\">\n\t<div class=\"fusion-rollover-content\">\n\n\t\t\t\t\n\t\t\n\t\t\t\t\t\t\t\t\n\t\t\t\t\t\t\t\t\n\t\t\n\t\t\t\t\t\t<a class=\"fusion-link-wrapper\" href=\"https:\/\/reclaimfinance.org\/site\/2026\/04\/30\/scotiabank-publie-le-premier-ratio-de-financement-a-lenergie-canadien\/\" aria-label=\"Scotiabank publie le premier ratio de financement \u00e0 l\u2019\u00e9nergie canadien\"><\/a>\n\t<\/div>\n<\/div>\n<\/div>\n<\/li>\n\t\t\t\n\t\t\t\n\t\t\t\t\t\t\t\t<\/ul>\n\t<\/div>\n\t<div class=\"fusion-post-content-wrapper\" style=\"padding:30px 25px 20px 25px;\"><div class=\"fusion-post-content post-content\"><h3 class=\"blog-shortcode-post-title entry-title\"><a href=\"https:\/\/reclaimfinance.org\/site\/2026\/04\/30\/scotiabank-publie-le-premier-ratio-de-financement-a-lenergie-canadien\/\">Scotiabank publie le premier ratio de financement \u00e0 l\u2019\u00e9nergie canadien<\/a><\/h3><p class=\"fusion-single-line-meta\"><span class=\"vcard\" style=\"display: none;\"><span class=\"fn\"><a href=\"https:\/\/reclaimfinance.org\/site\/author\/aman\/\" title=\"Articles par Aatira\u00ef Manickawasagar\" rel=\"author\">Aatira\u00ef Manickawasagar<\/a><\/span><\/span><span class=\"updated\" style=\"display:none;\">2026-04-30T11:52:10+02:00<\/span><span>30\/04\/2026<\/span><span class=\"fusion-inline-sep\">|<\/span><a href=\"https:\/\/reclaimfinance.org\/site\/category\/blog\/\" rel=\"category tag\">Articles<\/a><span class=\"fusion-inline-sep\">|<\/span><\/p><\/div><\/div><div class=\"fusion-clearfix\"><\/div><\/div>\n<\/article>\n<article id=\"blog-1-post-39629\" class=\"fusion-post-grid post-39629 post type-post status-publish format-standard has-post-thumbnail hentry category-blog acteurs_financiers-banques-fr thematique-energies-fossiles\">\n<div class=\"fusion-post-wrapper\" style=\"background-color:rgba(255,255,255,0);border:1px solid #2a2b3d;border-bottom-width:3px;\">\n\n\t\t\t<div class=\"fusion-flexslider flexslider fusion-flexslider-loading fusion-post-slideshow\" style=\"border-color:#2a2b3d;\">\n\t\t<ul class=\"slides\">\n\t\t\t\n\t\t\t\t\t\t\t\t\t\t\t\t\t\t<li><div  class=\"fusion-image-wrapper\" aria-haspopup=\"true\">\n\t\t\t\t<img decoding=\"async\" width=\"1125\" height=\"500\" src=\"https:\/\/reclaimfinance.org\/site\/wp-content\/uploads\/2026\/04\/BCE-1.png\" class=\"attachment-full size-full wp-post-image\" alt=\"\" \/><div class=\"fusion-rollover\">\n\t<div class=\"fusion-rollover-content\">\n\n\t\t\t\t\n\t\t\n\t\t\t\t\t\t\t\t\n\t\t\t\t\t\t\t\t\n\t\t\n\t\t\t\t\t\t<a class=\"fusion-link-wrapper\" href=\"https:\/\/reclaimfinance.org\/site\/2026\/04\/27\/le-choix-de-la-bce-proteger-la-transition-energetique-ou-repeter-les-erreurs-du-passe\/\" aria-label=\"Le choix de la BCE : prot\u00e9ger la transition \u00e9nerg\u00e9tique ou r\u00e9p\u00e9ter les erreurs du pass\u00e9\"><\/a>\n\t<\/div>\n<\/div>\n<\/div>\n<\/li>\n\t\t\t\n\t\t\t\n\t\t\t\t\t\t\t\t<\/ul>\n\t<\/div>\n\t<div class=\"fusion-post-content-wrapper\" style=\"padding:30px 25px 20px 25px;\"><div class=\"fusion-post-content post-content\"><h3 class=\"blog-shortcode-post-title entry-title\"><a href=\"https:\/\/reclaimfinance.org\/site\/2026\/04\/27\/le-choix-de-la-bce-proteger-la-transition-energetique-ou-repeter-les-erreurs-du-passe\/\">Le choix de la BCE : prot\u00e9ger la transition \u00e9nerg\u00e9tique ou r\u00e9p\u00e9ter les erreurs du pass\u00e9<\/a><\/h3><p class=\"fusion-single-line-meta\"><span class=\"vcard\" style=\"display: none;\"><span class=\"fn\"><a href=\"https:\/\/reclaimfinance.org\/site\/author\/aman\/\" title=\"Articles par Aatira\u00ef Manickawasagar\" rel=\"author\">Aatira\u00ef Manickawasagar<\/a><\/span><\/span><span class=\"updated\" style=\"display:none;\">2026-04-27T14:38:08+02:00<\/span><span>27\/04\/2026<\/span><span class=\"fusion-inline-sep\">|<\/span><a href=\"https:\/\/reclaimfinance.org\/site\/category\/blog\/\" rel=\"category tag\">Articles<\/a><span class=\"fusion-inline-sep\">|<\/span><\/p><\/div><\/div><div class=\"fusion-clearfix\"><\/div><\/div>\n<\/article>\n<article id=\"blog-1-post-39586\" class=\"fusion-post-grid post-39586 post type-post status-publish format-standard has-post-thumbnail hentry category-blog acteurs_financiers-assurances-fr acteurs_financiers-investisseurs\">\n<div class=\"fusion-post-wrapper\" style=\"background-color:rgba(255,255,255,0);border:1px solid #2a2b3d;border-bottom-width:3px;\">\n\n\t\t\t<div class=\"fusion-flexslider flexslider fusion-flexslider-loading fusion-post-slideshow\" style=\"border-color:#2a2b3d;\">\n\t\t<ul class=\"slides\">\n\t\t\t\n\t\t\t\t\t\t\t\t\t\t\t\t\t\t<li><div  class=\"fusion-image-wrapper\" aria-haspopup=\"true\">\n\t\t\t\t<img decoding=\"async\" width=\"900\" height=\"400\" src=\"https:\/\/reclaimfinance.org\/site\/wp-content\/uploads\/2025\/09\/Totalenergies-investors1.png\" class=\"attachment-full size-full wp-post-image\" alt=\"\" \/><div class=\"fusion-rollover\">\n\t<div class=\"fusion-rollover-content\">\n\n\t\t\t\t\n\t\t\n\t\t\t\t\t\t\t\t\n\t\t\t\t\t\t\t\t\n\t\t\n\t\t\t\t\t\t<a class=\"fusion-link-wrapper\" href=\"https:\/\/reclaimfinance.org\/site\/2026\/04\/24\/totalenergies-finance-par-lassurance-vie-un-soutien-toujours-moins-defendable\/\" aria-label=\"TotalEnergies financ\u00e9 par l\u2019assurance-vie : un soutien toujours moins d\u00e9fendable\"><\/a>\n\t<\/div>\n<\/div>\n<\/div>\n<\/li>\n\t\t\t\n\t\t\t\n\t\t\t\t\t\t\t\t<\/ul>\n\t<\/div>\n\t<div class=\"fusion-post-content-wrapper\" style=\"padding:30px 25px 20px 25px;\"><div class=\"fusion-post-content post-content\"><h3 class=\"blog-shortcode-post-title entry-title\"><a href=\"https:\/\/reclaimfinance.org\/site\/2026\/04\/24\/totalenergies-finance-par-lassurance-vie-un-soutien-toujours-moins-defendable\/\">TotalEnergies financ\u00e9 par l\u2019assurance-vie : un soutien toujours moins d\u00e9fendable<\/a><\/h3><p class=\"fusion-single-line-meta\"><span class=\"vcard\" style=\"display: none;\"><span class=\"fn\"><a href=\"https:\/\/reclaimfinance.org\/site\/author\/alb\/\" title=\"Articles par Ariel Le Bourdonnec\" rel=\"author\">Ariel Le Bourdonnec<\/a><\/span><\/span><span class=\"updated\" style=\"display:none;\">2026-04-27T09:14:58+02:00<\/span><span>24\/04\/2026<\/span><span class=\"fusion-inline-sep\">|<\/span><a href=\"https:\/\/reclaimfinance.org\/site\/category\/blog\/\" rel=\"category tag\">Articles<\/a><span class=\"fusion-inline-sep\">|<\/span><\/p><\/div><\/div><div class=\"fusion-clearfix\"><\/div><\/div>\n<\/article>\n<article id=\"blog-1-post-39566\" class=\"fusion-post-grid post-39566 post type-post status-publish format-standard has-post-thumbnail hentry category-blog acteurs_financiers-assurances-fr acteurs_financiers-banques-fr acteurs_financiers-detenteurs-dactifs acteurs_financiers-gestionnaire-dactifs acteurs_financiers-gfanz acteurs_financiers-investisseurs acteurs_financiers-regulateurs-fr thematique-energies-fossiles\">\n<div class=\"fusion-post-wrapper\" style=\"background-color:rgba(255,255,255,0);border:1px solid #2a2b3d;border-bottom-width:3px;\">\n\n\t\t\t<div class=\"fusion-flexslider flexslider fusion-flexslider-loading fusion-post-slideshow\" style=\"border-color:#2a2b3d;\">\n\t\t<ul class=\"slides\">\n\t\t\t\n\t\t\t\t\t\t\t\t\t\t\t\t\t\t<li><div  class=\"fusion-image-wrapper\" aria-haspopup=\"true\">\n\t\t\t\t<img decoding=\"async\" width=\"1125\" height=\"500\" src=\"https:\/\/reclaimfinance.org\/site\/wp-content\/uploads\/2026\/04\/amazonie-.png\" class=\"attachment-full size-full wp-post-image\" alt=\"\" \/><div class=\"fusion-rollover\">\n\t<div class=\"fusion-rollover-content\">\n\n\t\t\t\t\n\t\t\n\t\t\t\t\t\t\t\t\n\t\t\t\t\t\t\t\t\n\t\t\n\t\t\t\t\t\t<a class=\"fusion-link-wrapper\" href=\"https:\/\/reclaimfinance.org\/site\/2026\/04\/22\/proteger-les-zones-critiques-pour-la-biodiversite-de-la-predation-fossile\/\" aria-label=\"Prot\u00e9ger les zones critiques pour la biodiversit\u00e9 de la pr\u00e9dation fossile\"><\/a>\n\t<\/div>\n<\/div>\n<\/div>\n<\/li>\n\t\t\t\n\t\t\t\n\t\t\t\t\t\t\t\t<\/ul>\n\t<\/div>\n\t<div class=\"fusion-post-content-wrapper\" style=\"padding:30px 25px 20px 25px;\"><div class=\"fusion-post-content post-content\"><h3 class=\"blog-shortcode-post-title entry-title\"><a href=\"https:\/\/reclaimfinance.org\/site\/2026\/04\/22\/proteger-les-zones-critiques-pour-la-biodiversite-de-la-predation-fossile\/\">Prot\u00e9ger les zones critiques pour la biodiversit\u00e9 de la pr\u00e9dation fossile<\/a><\/h3><p class=\"fusion-single-line-meta\"><span class=\"vcard\" style=\"display: none;\"><span class=\"fn\"><a href=\"https:\/\/reclaimfinance.org\/site\/author\/aman\/\" title=\"Articles par Aatira\u00ef Manickawasagar\" rel=\"author\">Aatira\u00ef Manickawasagar<\/a><\/span><\/span><span class=\"updated\" style=\"display:none;\">2026-04-27T16:20:23+02:00<\/span><span>22\/04\/2026<\/span><span class=\"fusion-inline-sep\">|<\/span><a href=\"https:\/\/reclaimfinance.org\/site\/category\/blog\/\" rel=\"category tag\">Articles<\/a><span class=\"fusion-inline-sep\">|<\/span><\/p><\/div><\/div><div class=\"fusion-clearfix\"><\/div><\/div>\n<\/article>\n<article id=\"blog-1-post-39543\" class=\"fusion-post-grid post-39543 post type-post status-publish format-standard has-post-thumbnail hentry category-blog acteurs_financiers-gestionnaire-dactifs thematique-energies-fossiles\">\n<div class=\"fusion-post-wrapper\" style=\"background-color:rgba(255,255,255,0);border:1px solid #2a2b3d;border-bottom-width:3px;\">\n\n\t\t\t<div class=\"fusion-flexslider flexslider fusion-flexslider-loading fusion-post-slideshow\" style=\"border-color:#2a2b3d;\">\n\t\t<ul class=\"slides\">\n\t\t\t\n\t\t\t\t\t\t\t\t\t\t\t\t\t\t<li><div  class=\"fusion-image-wrapper\" aria-haspopup=\"true\">\n\t\t\t\t<img decoding=\"async\" width=\"900\" height=\"400\" src=\"https:\/\/reclaimfinance.org\/site\/wp-content\/uploads\/2025\/11\/Amundi-investissement-fossile.png\" class=\"attachment-full size-full wp-post-image\" alt=\"\" \/><div class=\"fusion-rollover\">\n\t<div class=\"fusion-rollover-content\">\n\n\t\t\t\t\n\t\t\n\t\t\t\t\t\t\t\t\n\t\t\t\t\t\t\t\t\n\t\t\n\t\t\t\t\t\t<a class=\"fusion-link-wrapper\" href=\"https:\/\/reclaimfinance.org\/site\/2026\/04\/21\/epargne-salariale-amundi-addict-aux-fossiles-risque-limpasse\/\" aria-label=\"\u00c9pargne salariale : Amundi, addict aux fossiles, risque l\u2019impasse\"><\/a>\n\t<\/div>\n<\/div>\n<\/div>\n<\/li>\n\t\t\t\n\t\t\t\n\t\t\t\t\t\t\t\t<\/ul>\n\t<\/div>\n\t<div class=\"fusion-post-content-wrapper\" style=\"padding:30px 25px 20px 25px;\"><div class=\"fusion-post-content post-content\"><h3 class=\"blog-shortcode-post-title entry-title\"><a href=\"https:\/\/reclaimfinance.org\/site\/2026\/04\/21\/epargne-salariale-amundi-addict-aux-fossiles-risque-limpasse\/\">\u00c9pargne salariale : Amundi, addict aux fossiles, risque l\u2019impasse<\/a><\/h3><p class=\"fusion-single-line-meta\"><span class=\"vcard\" style=\"display: none;\"><span class=\"fn\"><a href=\"https:\/\/reclaimfinance.org\/site\/author\/aman\/\" title=\"Articles par Aatira\u00ef Manickawasagar\" rel=\"author\">Aatira\u00ef Manickawasagar<\/a><\/span><\/span><span class=\"updated\" style=\"display:none;\">2026-04-17T17:11:35+02:00<\/span><span>21\/04\/2026<\/span><span class=\"fusion-inline-sep\">|<\/span><a href=\"https:\/\/reclaimfinance.org\/site\/category\/blog\/\" rel=\"category tag\">Articles<\/a><span class=\"fusion-inline-sep\">|<\/span><\/p><\/div><\/div><div class=\"fusion-clearfix\"><\/div><\/div>\n<\/article>\n<article id=\"blog-1-post-39530\" class=\"fusion-post-grid post-39530 post type-post status-publish format-standard has-post-thumbnail hentry category-blog acteurs_financiers-gestionnaire-dactifs thematique-energies-fossiles\">\n<div class=\"fusion-post-wrapper\" style=\"background-color:rgba(255,255,255,0);border:1px solid #2a2b3d;border-bottom-width:3px;\">\n\n\t\t\t<div class=\"fusion-flexslider flexslider fusion-flexslider-loading fusion-post-slideshow\" style=\"border-color:#2a2b3d;\">\n\t\t<ul class=\"slides\">\n\t\t\t\n\t\t\t\t\t\t\t\t\t\t\t\t\t\t<li><div  class=\"fusion-image-wrapper\" aria-haspopup=\"true\">\n\t\t\t\t<img decoding=\"async\" width=\"1125\" height=\"500\" src=\"https:\/\/reclaimfinance.org\/site\/wp-content\/uploads\/2026\/04\/epargne-1.png\" class=\"attachment-full size-full wp-post-image\" alt=\"\" \/><div class=\"fusion-rollover\">\n\t<div class=\"fusion-rollover-content\">\n\n\t\t\t\t\n\t\t\n\t\t\t\t\t\t\t\t\n\t\t\t\t\t\t\t\t\n\t\t\n\t\t\t\t\t\t<a class=\"fusion-link-wrapper\" href=\"https:\/\/reclaimfinance.org\/site\/2026\/04\/21\/epargne-salariale-vega-is-numero-deux-du-marche-mais-leader-de-lexposition-fossile\/\" aria-label=\"\u00c9pargne salariale : Vega IS, num\u00e9ro deux du march\u00e9 mais leader de l\u2019exposition fossile\"><\/a>\n\t<\/div>\n<\/div>\n<\/div>\n<\/li>\n\t\t\t\n\t\t\t\n\t\t\t\t\t\t\t\t<\/ul>\n\t<\/div>\n\t<div class=\"fusion-post-content-wrapper\" style=\"padding:30px 25px 20px 25px;\"><div class=\"fusion-post-content post-content\"><h3 class=\"blog-shortcode-post-title entry-title\"><a href=\"https:\/\/reclaimfinance.org\/site\/2026\/04\/21\/epargne-salariale-vega-is-numero-deux-du-marche-mais-leader-de-lexposition-fossile\/\">\u00c9pargne salariale : Vega IS, num\u00e9ro deux du march\u00e9 mais leader de l\u2019exposition fossile<\/a><\/h3><p class=\"fusion-single-line-meta\"><span class=\"vcard\" style=\"display: none;\"><span class=\"fn\"><a href=\"https:\/\/reclaimfinance.org\/site\/author\/aman\/\" title=\"Articles par Aatira\u00ef Manickawasagar\" rel=\"author\">Aatira\u00ef Manickawasagar<\/a><\/span><\/span><span class=\"updated\" style=\"display:none;\">2026-04-16T14:48:20+02:00<\/span><span>21\/04\/2026<\/span><span class=\"fusion-inline-sep\">|<\/span><a href=\"https:\/\/reclaimfinance.org\/site\/category\/blog\/\" rel=\"category tag\">Articles<\/a><span class=\"fusion-inline-sep\">|<\/span><\/p><\/div><\/div><div class=\"fusion-clearfix\"><\/div><\/div>\n<\/article>\n<article id=\"blog-1-post-39506\" class=\"fusion-post-grid post-39506 post type-post status-publish format-standard has-post-thumbnail hentry category-communique-de-presse acteurs_financiers-banques-fr thematique-energies-fossiles thematique-gaz-fr\">\n<div class=\"fusion-post-wrapper\" style=\"background-color:rgba(255,255,255,0);border:1px solid #2a2b3d;border-bottom-width:3px;\">\n\n\t\t\t<div class=\"fusion-flexslider flexslider fusion-flexslider-loading fusion-post-slideshow\" style=\"border-color:#2a2b3d;\">\n\t\t<ul class=\"slides\">\n\t\t\t\n\t\t\t\t\t\t\t\t\t\t\t\t\t\t<li><div  class=\"fusion-image-wrapper\" aria-haspopup=\"true\">\n\t\t\t\t<img decoding=\"async\" width=\"1125\" height=\"500\" src=\"https:\/\/reclaimfinance.org\/site\/wp-content\/uploads\/2026\/04\/gas-power-plant.png\" class=\"attachment-full size-full wp-post-image\" alt=\"\" \/><div class=\"fusion-rollover\">\n\t<div class=\"fusion-rollover-content\">\n\n\t\t\t\t\n\t\t\n\t\t\t\t\t\t\t\t\n\t\t\t\t\t\t\t\t\n\t\t\n\t\t\t\t\t\t<a class=\"fusion-link-wrapper\" href=\"https:\/\/reclaimfinance.org\/site\/2026\/04\/08\/centrales-a-gaz-un-soutien-des-banques-europeennes-a-lexpansion-malgre-des-couts-sociaux-eleves\/\" aria-label=\"Centrales \u00e0 gaz : un soutien des banques europ\u00e9ennes \u00e0 l&rsquo;expansion malgr\u00e9 des co\u00fbts sociaux \u00e9lev\u00e9s\"><\/a>\n\t<\/div>\n<\/div>\n<\/div>\n<\/li>\n\t\t\t\n\t\t\t\n\t\t\t\t\t\t\t\t<\/ul>\n\t<\/div>\n\t<div class=\"fusion-post-content-wrapper\" style=\"padding:30px 25px 20px 25px;\"><div class=\"fusion-post-content post-content\"><h3 class=\"blog-shortcode-post-title entry-title\"><a href=\"https:\/\/reclaimfinance.org\/site\/2026\/04\/08\/centrales-a-gaz-un-soutien-des-banques-europeennes-a-lexpansion-malgre-des-couts-sociaux-eleves\/\">Centrales \u00e0 gaz : un soutien des banques europ\u00e9ennes \u00e0 l&rsquo;expansion malgr\u00e9 des co\u00fbts sociaux \u00e9lev\u00e9s<\/a><\/h3><p class=\"fusion-single-line-meta\"><span class=\"vcard\" style=\"display: none;\"><span class=\"fn\"><a href=\"https:\/\/reclaimfinance.org\/site\/author\/aman\/\" title=\"Articles par Aatira\u00ef Manickawasagar\" rel=\"author\">Aatira\u00ef Manickawasagar<\/a><\/span><\/span><span class=\"updated\" style=\"display:none;\">2026-04-07T15:33:26+02:00<\/span><span>08\/04\/2026<\/span><span class=\"fusion-inline-sep\">|<\/span><a href=\"https:\/\/reclaimfinance.org\/site\/category\/communique-de-presse\/\" rel=\"category tag\">Communiqu\u00e9s de presse<\/a><span class=\"fusion-inline-sep\">|<\/span><\/p><\/div><\/div><div class=\"fusion-clearfix\"><\/div><\/div>\n<\/article>\n<article id=\"blog-1-post-39416\" class=\"fusion-post-grid post-39416 post type-post status-publish format-standard has-post-thumbnail hentry category-blog acteurs_financiers-banques-fr thematique-petrole-et-gaz\">\n<div class=\"fusion-post-wrapper\" style=\"background-color:rgba(255,255,255,0);border:1px solid #2a2b3d;border-bottom-width:3px;\">\n\n\t\t\t<div class=\"fusion-flexslider flexslider fusion-flexslider-loading fusion-post-slideshow\" style=\"border-color:#2a2b3d;\">\n\t\t<ul class=\"slides\">\n\t\t\t\n\t\t\t\t\t\t\t\t\t\t\t\t\t\t<li><div  class=\"fusion-image-wrapper\" aria-haspopup=\"true\">\n\t\t\t\t<img decoding=\"async\" width=\"1125\" height=\"500\" src=\"https:\/\/reclaimfinance.org\/site\/wp-content\/uploads\/2026\/03\/european-banks-.png\" class=\"attachment-full size-full wp-post-image\" alt=\"european banks\" \/><div class=\"fusion-rollover\">\n\t<div class=\"fusion-rollover-content\">\n\n\t\t\t\t\n\t\t\n\t\t\t\t\t\t\t\t\n\t\t\t\t\t\t\t\t\n\t\t\n\t\t\t\t\t\t<a class=\"fusion-link-wrapper\" href=\"https:\/\/reclaimfinance.org\/site\/2026\/03\/27\/les-obligations-des-banques-europeennes-face-a-lexpansion-petroliere-et-gaziere-analyse-2021-2025\/\" aria-label=\"Les obligations des banques europ\u00e9ennes face \u00e0 l\u2019expansion p\u00e9troli\u00e8re et gazi\u00e8re: analyse 2021-2025\"><\/a>\n\t<\/div>\n<\/div>\n<\/div>\n<\/li>\n\t\t\t\n\t\t\t\n\t\t\t\t\t\t\t\t<\/ul>\n\t<\/div>\n\t<div class=\"fusion-post-content-wrapper\" style=\"padding:30px 25px 20px 25px;\"><div class=\"fusion-post-content post-content\"><h3 class=\"blog-shortcode-post-title entry-title\"><a href=\"https:\/\/reclaimfinance.org\/site\/2026\/03\/27\/les-obligations-des-banques-europeennes-face-a-lexpansion-petroliere-et-gaziere-analyse-2021-2025\/\">Les obligations des banques europ\u00e9ennes face \u00e0 l\u2019expansion p\u00e9troli\u00e8re et gazi\u00e8re: analyse 2021-2025<\/a><\/h3><p class=\"fusion-single-line-meta\"><span class=\"vcard\" style=\"display: none;\"><span class=\"fn\"><a href=\"https:\/\/reclaimfinance.org\/site\/author\/aman\/\" title=\"Articles par Aatira\u00ef Manickawasagar\" rel=\"author\">Aatira\u00ef Manickawasagar<\/a><\/span><\/span><span class=\"updated\" style=\"display:none;\">2026-03-26T16:21:35+01:00<\/span><span>27\/03\/2026<\/span><span class=\"fusion-inline-sep\">|<\/span><a href=\"https:\/\/reclaimfinance.org\/site\/category\/blog\/\" rel=\"category tag\">Articles<\/a><span class=\"fusion-inline-sep\">|<\/span><\/p><\/div><\/div><div class=\"fusion-clearfix\"><\/div><\/div>\n<\/article>\n<article id=\"blog-1-post-39444\" class=\"fusion-post-grid post-39444 post type-post status-publish format-standard has-post-thumbnail hentry category-blog thematique-finance programme-programme-3-fr\">\n<div class=\"fusion-post-wrapper\" style=\"background-color:rgba(255,255,255,0);border:1px solid #2a2b3d;border-bottom-width:3px;\">\n\n\t\t\t<div class=\"fusion-flexslider flexslider fusion-flexslider-loading fusion-post-slideshow\" style=\"border-color:#2a2b3d;\">\n\t\t<ul class=\"slides\">\n\t\t\t\n\t\t\t\t\t\t\t\t\t\t\t\t\t\t<li><div  class=\"fusion-image-wrapper\" aria-haspopup=\"true\">\n\t\t\t\t<img decoding=\"async\" width=\"1125\" height=\"500\" src=\"https:\/\/reclaimfinance.org\/site\/wp-content\/uploads\/2026\/03\/lobbies-parliament-1.png\" class=\"attachment-full size-full wp-post-image\" alt=\"lobbies parliament\" \/><div class=\"fusion-rollover\">\n\t<div class=\"fusion-rollover-content\">\n\n\t\t\t\t\n\t\t\n\t\t\t\t\t\t\t\t\n\t\t\t\t\t\t\t\t\n\t\t\n\t\t\t\t\t\t<a class=\"fusion-link-wrapper\" href=\"https:\/\/reclaimfinance.org\/site\/2026\/03\/25\/les-lobbies-font-ils-la-loi-au-parlement-europeen\/\" aria-label=\"Les lobbies font-ils la loi au Parlement europ\u00e9en ?\"><\/a>\n\t<\/div>\n<\/div>\n<\/div>\n<\/li>\n\t\t\t\n\t\t\t\n\t\t\t\t\t\t\t\t<\/ul>\n\t<\/div>\n\t<div class=\"fusion-post-content-wrapper\" style=\"padding:30px 25px 20px 25px;\"><div class=\"fusion-post-content post-content\"><h3 class=\"blog-shortcode-post-title entry-title\"><a href=\"https:\/\/reclaimfinance.org\/site\/2026\/03\/25\/les-lobbies-font-ils-la-loi-au-parlement-europeen\/\">Les lobbies font-ils la loi au Parlement europ\u00e9en ?<\/a><\/h3><p class=\"fusion-single-line-meta\"><span class=\"vcard\" style=\"display: none;\"><span class=\"fn\"><a href=\"https:\/\/reclaimfinance.org\/site\/author\/aman\/\" title=\"Articles par Aatira\u00ef Manickawasagar\" rel=\"author\">Aatira\u00ef Manickawasagar<\/a><\/span><\/span><span class=\"updated\" style=\"display:none;\">2026-03-24T10:29:10+01:00<\/span><span>25\/03\/2026<\/span><span class=\"fusion-inline-sep\">|<\/span><a href=\"https:\/\/reclaimfinance.org\/site\/category\/blog\/\" rel=\"category tag\">Articles<\/a><span class=\"fusion-inline-sep\">|<\/span><\/p><\/div><\/div><div class=\"fusion-clearfix\"><\/div><\/div>\n<\/article>\n<article id=\"blog-1-post-39396\" class=\"fusion-post-grid post-39396 post type-post status-publish format-standard has-post-thumbnail hentry category-blog\">\n<div class=\"fusion-post-wrapper\" style=\"background-color:rgba(255,255,255,0);border:1px solid #2a2b3d;border-bottom-width:3px;\">\n\n\t\t\t<div class=\"fusion-flexslider flexslider fusion-flexslider-loading fusion-post-slideshow\" style=\"border-color:#2a2b3d;\">\n\t\t<ul class=\"slides\">\n\t\t\t\n\t\t\t\t\t\t\t\t\t\t\t\t\t\t<li><div  class=\"fusion-image-wrapper\" aria-haspopup=\"true\">\n\t\t\t\t<img decoding=\"async\" width=\"1125\" height=\"500\" src=\"https:\/\/reclaimfinance.org\/site\/wp-content\/uploads\/2026\/03\/europe.png\" class=\"attachment-full size-full wp-post-image\" alt=\"\" \/><div class=\"fusion-rollover\">\n\t<div class=\"fusion-rollover-content\">\n\n\t\t\t\t\n\t\t\n\t\t\t\t\t\t\t\t\n\t\t\t\t\t\t\t\t\n\t\t\n\t\t\t\t\t\t<a class=\"fusion-link-wrapper\" href=\"https:\/\/reclaimfinance.org\/site\/2026\/03\/17\/faire-des-droits-des-actionnaires-un-levier-pour-la-transition-europeenne\/\" aria-label=\"Faire des droits des actionnaires un levier pour la transition europ\u00e9enne\"><\/a>\n\t<\/div>\n<\/div>\n<\/div>\n<\/li>\n\t\t\t\n\t\t\t\n\t\t\t\t\t\t\t\t<\/ul>\n\t<\/div>\n\t<div class=\"fusion-post-content-wrapper\" style=\"padding:30px 25px 20px 25px;\"><div class=\"fusion-post-content post-content\"><h3 class=\"blog-shortcode-post-title entry-title\"><a href=\"https:\/\/reclaimfinance.org\/site\/2026\/03\/17\/faire-des-droits-des-actionnaires-un-levier-pour-la-transition-europeenne\/\">Faire des droits des actionnaires un levier pour la transition europ\u00e9enne<\/a><\/h3><p class=\"fusion-single-line-meta\"><span class=\"vcard\" style=\"display: none;\"><span class=\"fn\"><a href=\"https:\/\/reclaimfinance.org\/site\/author\/aman\/\" title=\"Articles par Aatira\u00ef Manickawasagar\" rel=\"author\">Aatira\u00ef Manickawasagar<\/a><\/span><\/span><span class=\"updated\" style=\"display:none;\">2026-03-17T09:33:26+01:00<\/span><span>17\/03\/2026<\/span><span class=\"fusion-inline-sep\">|<\/span><a href=\"https:\/\/reclaimfinance.org\/site\/category\/blog\/\" rel=\"category tag\">Articles<\/a><span class=\"fusion-inline-sep\">|<\/span><\/p><\/div><\/div><div class=\"fusion-clearfix\"><\/div><\/div>\n<\/article>\n<article id=\"blog-1-post-39425\" class=\"fusion-post-grid post-39425 post type-post status-publish format-standard has-post-thumbnail hentry category-blog acteurs_financiers-banques-fr thematique-gaz-fr thematique-petrole-et-gaz programme-programme-1-fr\">\n<div class=\"fusion-post-wrapper\" style=\"background-color:rgba(255,255,255,0);border:1px solid #2a2b3d;border-bottom-width:3px;\">\n\n\t\t\t<div class=\"fusion-flexslider flexslider fusion-flexslider-loading fusion-post-slideshow\" style=\"border-color:#2a2b3d;\">\n\t\t<ul class=\"slides\">\n\t\t\t\n\t\t\t\t\t\t\t\t\t\t\t\t\t\t<li><div  class=\"fusion-image-wrapper\" aria-haspopup=\"true\">\n\t\t\t\t<img decoding=\"async\" width=\"900\" height=\"400\" src=\"https:\/\/reclaimfinance.org\/site\/wp-content\/uploads\/2024\/09\/LNG-terminal-mozambique-lng-TotalEnergies.jpg\" class=\"attachment-full size-full wp-post-image\" alt=\"\" srcset=\"https:\/\/reclaimfinance.org\/site\/wp-content\/uploads\/2024\/09\/LNG-terminal-mozambique-lng-TotalEnergies-200x89.jpg 200w, https:\/\/reclaimfinance.org\/site\/wp-content\/uploads\/2024\/09\/LNG-terminal-mozambique-lng-TotalEnergies-400x178.jpg 400w, https:\/\/reclaimfinance.org\/site\/wp-content\/uploads\/2024\/09\/LNG-terminal-mozambique-lng-TotalEnergies-600x267.jpg 600w, https:\/\/reclaimfinance.org\/site\/wp-content\/uploads\/2024\/09\/LNG-terminal-mozambique-lng-TotalEnergies-800x356.jpg 800w, https:\/\/reclaimfinance.org\/site\/wp-content\/uploads\/2024\/09\/LNG-terminal-mozambique-lng-TotalEnergies.jpg 900w\" sizes=\"(min-width: 2200px) 100vw, (min-width: 784px) 370px, (min-width: 712px) 555px, (min-width: 640px) 712px, \" \/><div class=\"fusion-rollover\">\n\t<div class=\"fusion-rollover-content\">\n\n\t\t\t\t\n\t\t\n\t\t\t\t\t\t\t\t\n\t\t\t\t\t\t\t\t\n\t\t\n\t\t\t\t\t\t<a class=\"fusion-link-wrapper\" href=\"https:\/\/reclaimfinance.org\/site\/2026\/03\/16\/papua-lng-notre-reponse-a-totalenergies\/\" aria-label=\"Papua LNG : notre r\u00e9ponse \u00e0 TotalEnergies\"><\/a>\n\t<\/div>\n<\/div>\n<\/div>\n<\/li>\n\t\t\t\n\t\t\t\n\t\t\t\t\t\t\t\t<\/ul>\n\t<\/div>\n\t<div class=\"fusion-post-content-wrapper\" style=\"padding:30px 25px 20px 25px;\"><div class=\"fusion-post-content post-content\"><h3 class=\"blog-shortcode-post-title entry-title\"><a href=\"https:\/\/reclaimfinance.org\/site\/2026\/03\/16\/papua-lng-notre-reponse-a-totalenergies\/\">Papua LNG : notre r\u00e9ponse \u00e0 TotalEnergies<\/a><\/h3><p class=\"fusion-single-line-meta\"><span class=\"vcard\" style=\"display: none;\"><span class=\"fn\"><a href=\"https:\/\/reclaimfinance.org\/site\/author\/abo\/\" title=\"Articles par Antoine Bouhey\" rel=\"author\">Antoine Bouhey<\/a><\/span><\/span><span class=\"updated\" style=\"display:none;\">2026-03-17T09:56:23+01:00<\/span><span>16\/03\/2026<\/span><span class=\"fusion-inline-sep\">|<\/span><a href=\"https:\/\/reclaimfinance.org\/site\/category\/blog\/\" rel=\"category tag\">Articles<\/a><span class=\"fusion-inline-sep\">|<\/span><\/p><\/div><\/div><div class=\"fusion-clearfix\"><\/div><\/div>\n<\/article>\n<article id=\"blog-1-post-39365\" class=\"fusion-post-grid post-39365 post type-post status-publish format-standard has-post-thumbnail hentry category-blog acteurs_financiers-detenteurs-dactifs acteurs_financiers-gestionnaire-dactifs acteurs_financiers-investisseurs thematique-charbon-fr-fr thematique-finance-durable thematique-petrole-et-gaz programme-programme-3-fr\">\n<div class=\"fusion-post-wrapper\" style=\"background-color:rgba(255,255,255,0);border:1px solid #2a2b3d;border-bottom-width:3px;\">\n\n\t\t\t<div class=\"fusion-flexslider flexslider fusion-flexslider-loading fusion-post-slideshow\" style=\"border-color:#2a2b3d;\">\n\t\t<ul class=\"slides\">\n\t\t\t\n\t\t\t\t\t\t\t\t\t\t\t\t\t\t<li><div  class=\"fusion-image-wrapper\" aria-haspopup=\"true\">\n\t\t\t\t<img decoding=\"async\" width=\"1125\" height=\"500\" src=\"https:\/\/reclaimfinance.org\/site\/wp-content\/uploads\/2025\/07\/Retraite-investissements.png\" class=\"attachment-full size-full wp-post-image\" alt=\"\" srcset=\"https:\/\/reclaimfinance.org\/site\/wp-content\/uploads\/2025\/07\/Retraite-investissements-200x89.png 200w, https:\/\/reclaimfinance.org\/site\/wp-content\/uploads\/2025\/07\/Retraite-investissements-400x178.png 400w, https:\/\/reclaimfinance.org\/site\/wp-content\/uploads\/2025\/07\/Retraite-investissements-600x267.png 600w, https:\/\/reclaimfinance.org\/site\/wp-content\/uploads\/2025\/07\/Retraite-investissements-800x356.png 800w, https:\/\/reclaimfinance.org\/site\/wp-content\/uploads\/2025\/07\/Retraite-investissements.png 1125w\" sizes=\"(min-width: 2200px) 100vw, (min-width: 784px) 370px, (min-width: 712px) 555px, (min-width: 640px) 712px, \" \/><div class=\"fusion-rollover\">\n\t<div class=\"fusion-rollover-content\">\n\n\t\t\t\t\n\t\t\n\t\t\t\t\t\t\t\t\n\t\t\t\t\t\t\t\t\n\t\t\n\t\t\t\t\t\t<a class=\"fusion-link-wrapper\" href=\"https:\/\/reclaimfinance.org\/site\/2026\/03\/13\/quand-des-investisseurs-institutionnels-montrent-la-voie-pour-faire-evoluer-les-gerants\/\" aria-label=\"Quand des investisseurs institutionnels montrent la voie pour faire \u00e9voluer les g\u00e9rants\"><\/a>\n\t<\/div>\n<\/div>\n<\/div>\n<\/li>\n\t\t\t\n\t\t\t\n\t\t\t\t\t\t\t\t<\/ul>\n\t<\/div>\n\t<div class=\"fusion-post-content-wrapper\" style=\"padding:30px 25px 20px 25px;\"><div class=\"fusion-post-content post-content\"><h3 class=\"blog-shortcode-post-title entry-title\"><a href=\"https:\/\/reclaimfinance.org\/site\/2026\/03\/13\/quand-des-investisseurs-institutionnels-montrent-la-voie-pour-faire-evoluer-les-gerants\/\">Quand des investisseurs institutionnels montrent la voie pour faire \u00e9voluer les g\u00e9rants<\/a><\/h3><p class=\"fusion-single-line-meta\"><span class=\"vcard\" style=\"display: none;\"><span class=\"fn\"><a href=\"https:\/\/reclaimfinance.org\/site\/author\/amas\/\" title=\"Articles par Agathe Masson\" rel=\"author\">Agathe Masson<\/a><\/span><\/span><span class=\"updated\" style=\"display:none;\">2026-04-01T17:33:05+02:00<\/span><span>13\/03\/2026<\/span><span class=\"fusion-inline-sep\">|<\/span><a href=\"https:\/\/reclaimfinance.org\/site\/category\/blog\/\" rel=\"category tag\">Articles<\/a><span class=\"fusion-inline-sep\">|<\/span><\/p><\/div><\/div><div class=\"fusion-clearfix\"><\/div><\/div>\n<\/article>\n<article id=\"blog-1-post-39344\" class=\"fusion-post-grid post-39344 post type-post status-publish format-standard has-post-thumbnail hentry category-communique-de-presse acteurs_financiers-assurances-fr programme-programme-3-fr\">\n<div class=\"fusion-post-wrapper\" style=\"background-color:rgba(255,255,255,0);border:1px solid #2a2b3d;border-bottom-width:3px;\">\n\n\t\t\t<div class=\"fusion-flexslider flexslider fusion-flexslider-loading fusion-post-slideshow\" style=\"border-color:#2a2b3d;\">\n\t\t<ul class=\"slides\">\n\t\t\t\n\t\t\t\t\t\t\t\t\t\t\t\t\t\t<li><div  class=\"fusion-image-wrapper\" aria-haspopup=\"true\">\n\t\t\t\t<img decoding=\"async\" width=\"1125\" height=\"500\" src=\"https:\/\/reclaimfinance.org\/site\/wp-content\/uploads\/2026\/03\/Catastrophe-naturelle-.png\" class=\"attachment-full size-full wp-post-image\" alt=\"Catastrophe naturelle\" \/><div class=\"fusion-rollover\">\n\t<div class=\"fusion-rollover-content\">\n\n\t\t\t\t\n\t\t\n\t\t\t\t\t\t\t\t\n\t\t\t\t\t\t\t\t\n\t\t\n\t\t\t\t\t\t<a class=\"fusion-link-wrapper\" href=\"https:\/\/reclaimfinance.org\/site\/2026\/03\/11\/catastrophes-naturelles-les-grands-assureurs-priorisent-leurs-profits-au-detriment-des-citoyens-et-collectivites\/\" aria-label=\"Catastrophes naturelles: les citoyens et collectivit\u00e9s paient la facture, malgr\u00e9 les profits records des grands assureurs\"><\/a>\n\t<\/div>\n<\/div>\n<\/div>\n<\/li>\n\t\t\t\n\t\t\t\n\t\t\t\t\t\t\t\t<\/ul>\n\t<\/div>\n\t<div class=\"fusion-post-content-wrapper\" style=\"padding:30px 25px 20px 25px;\"><div class=\"fusion-post-content post-content\"><h3 class=\"blog-shortcode-post-title entry-title\"><a href=\"https:\/\/reclaimfinance.org\/site\/2026\/03\/11\/catastrophes-naturelles-les-grands-assureurs-priorisent-leurs-profits-au-detriment-des-citoyens-et-collectivites\/\">Catastrophes naturelles: les citoyens et collectivit\u00e9s paient la facture, malgr\u00e9 les profits records des grands assureurs<\/a><\/h3><p class=\"fusion-single-line-meta\"><span class=\"vcard\" style=\"display: none;\"><span class=\"fn\"><a href=\"https:\/\/reclaimfinance.org\/site\/author\/aman\/\" title=\"Articles par Aatira\u00ef Manickawasagar\" rel=\"author\">Aatira\u00ef Manickawasagar<\/a><\/span><\/span><span class=\"updated\" style=\"display:none;\">2026-03-11T08:34:04+01:00<\/span><span>11\/03\/2026<\/span><span class=\"fusion-inline-sep\">|<\/span><a href=\"https:\/\/reclaimfinance.org\/site\/category\/communique-de-presse\/\" rel=\"category tag\">Communiqu\u00e9s de presse<\/a><span class=\"fusion-inline-sep\">|<\/span><\/p><\/div><\/div><div class=\"fusion-clearfix\"><\/div><\/div>\n<\/article>\n<article id=\"blog-1-post-39304\" class=\"fusion-post-grid post-39304 post type-post status-publish format-standard has-post-thumbnail hentry category-blog acteurs_financiers-banques-fr\">\n<div class=\"fusion-post-wrapper\" style=\"background-color:rgba(255,255,255,0);border:1px solid #2a2b3d;border-bottom-width:3px;\">\n\n\t\t\t<div class=\"fusion-flexslider flexslider fusion-flexslider-loading fusion-post-slideshow\" style=\"border-color:#2a2b3d;\">\n\t\t<ul class=\"slides\">\n\t\t\t\n\t\t\t\t\t\t\t\t\t\t\t\t\t\t<li><div  class=\"fusion-image-wrapper\" aria-haspopup=\"true\">\n\t\t\t\t<img decoding=\"async\" width=\"1125\" height=\"500\" src=\"https:\/\/reclaimfinance.org\/site\/wp-content\/uploads\/2026\/02\/compte-bancaire-.png\" class=\"attachment-full size-full wp-post-image\" alt=\"compte bancaire\" \/><div class=\"fusion-rollover\">\n\t<div class=\"fusion-rollover-content\">\n\n\t\t\t\t\n\t\t\n\t\t\t\t\t\t\t\t\n\t\t\t\t\t\t\t\t\n\t\t\n\t\t\t\t\t\t<a class=\"fusion-link-wrapper\" href=\"https:\/\/reclaimfinance.org\/site\/2026\/02\/26\/changer-de-banque-un-levier-pour-peser-sur-leconomie-reelle\/\" aria-label=\"Changer de banque : un levier pour peser sur l\u2019\u00e9conomie r\u00e9elle ?\"><\/a>\n\t<\/div>\n<\/div>\n<\/div>\n<\/li>\n\t\t\t\n\t\t\t\n\t\t\t\t\t\t\t\t<\/ul>\n\t<\/div>\n\t<div class=\"fusion-post-content-wrapper\" style=\"padding:30px 25px 20px 25px;\"><div class=\"fusion-post-content post-content\"><h3 class=\"blog-shortcode-post-title entry-title\"><a href=\"https:\/\/reclaimfinance.org\/site\/2026\/02\/26\/changer-de-banque-un-levier-pour-peser-sur-leconomie-reelle\/\">Changer de banque : un levier pour peser sur l\u2019\u00e9conomie r\u00e9elle ?<\/a><\/h3><p class=\"fusion-single-line-meta\"><span class=\"vcard\" style=\"display: none;\"><span class=\"fn\"><a href=\"https:\/\/reclaimfinance.org\/site\/author\/aman\/\" title=\"Articles par Aatira\u00ef Manickawasagar\" rel=\"author\">Aatira\u00ef Manickawasagar<\/a><\/span><\/span><span class=\"updated\" style=\"display:none;\">2026-02-25T15:17:38+01:00<\/span><span>26\/02\/2026<\/span><span class=\"fusion-inline-sep\">|<\/span><a href=\"https:\/\/reclaimfinance.org\/site\/category\/blog\/\" rel=\"category tag\">Articles<\/a><span class=\"fusion-inline-sep\">|<\/span><\/p><\/div><\/div><div class=\"fusion-clearfix\"><\/div><\/div>\n<\/article>\n<article id=\"blog-1-post-39313\" class=\"fusion-post-grid post-39313 post type-post status-publish format-standard has-post-thumbnail hentry category-blog\">\n<div class=\"fusion-post-wrapper\" style=\"background-color:rgba(255,255,255,0);border:1px solid #2a2b3d;border-bottom-width:3px;\">\n\n\t\t\t<div class=\"fusion-flexslider flexslider fusion-flexslider-loading fusion-post-slideshow\" style=\"border-color:#2a2b3d;\">\n\t\t<ul class=\"slides\">\n\t\t\t\n\t\t\t\t\t\t\t\t\t\t\t\t\t\t<li><div  class=\"fusion-image-wrapper\" aria-haspopup=\"true\">\n\t\t\t\t<img decoding=\"async\" width=\"1125\" height=\"500\" src=\"https:\/\/reclaimfinance.org\/site\/wp-content\/uploads\/2026\/02\/epargne-.png\" class=\"attachment-full size-full wp-post-image\" alt=\"\" \/><div class=\"fusion-rollover\">\n\t<div class=\"fusion-rollover-content\">\n\n\t\t\t\t\n\t\t\n\t\t\t\t\t\t\t\t\n\t\t\t\t\t\t\t\t\n\t\t\n\t\t\t\t\t\t<a class=\"fusion-link-wrapper\" href=\"https:\/\/reclaimfinance.org\/site\/2026\/02\/26\/lepargne-un-levier-daction-climatique\/\" aria-label=\"L\u2019\u00e9pargne : un levier d\u2019action climatique\"><\/a>\n\t<\/div>\n<\/div>\n<\/div>\n<\/li>\n\t\t\t\n\t\t\t\n\t\t\t\t\t\t\t\t<\/ul>\n\t<\/div>\n\t<div class=\"fusion-post-content-wrapper\" style=\"padding:30px 25px 20px 25px;\"><div class=\"fusion-post-content post-content\"><h3 class=\"blog-shortcode-post-title entry-title\"><a href=\"https:\/\/reclaimfinance.org\/site\/2026\/02\/26\/lepargne-un-levier-daction-climatique\/\">L\u2019\u00e9pargne : un levier d\u2019action climatique<\/a><\/h3><p class=\"fusion-single-line-meta\"><span class=\"vcard\" style=\"display: none;\"><span class=\"fn\"><a href=\"https:\/\/reclaimfinance.org\/site\/author\/aman\/\" title=\"Articles par Aatira\u00ef Manickawasagar\" rel=\"author\">Aatira\u00ef Manickawasagar<\/a><\/span><\/span><span class=\"updated\" style=\"display:none;\">2026-03-19T16:49:31+01:00<\/span><span>26\/02\/2026<\/span><span class=\"fusion-inline-sep\">|<\/span><a href=\"https:\/\/reclaimfinance.org\/site\/category\/blog\/\" rel=\"category tag\">Articles<\/a><span class=\"fusion-inline-sep\">|<\/span><\/p><\/div><\/div><div class=\"fusion-clearfix\"><\/div><\/div>\n<\/article>\n<article id=\"blog-1-post-39280\" class=\"fusion-post-grid post-39280 post type-post status-publish format-standard has-post-thumbnail hentry category-communique-de-presse programme-programme-3-fr\">\n<div class=\"fusion-post-wrapper\" style=\"background-color:rgba(255,255,255,0);border:1px solid #2a2b3d;border-bottom-width:3px;\">\n\n\t\t\t<div class=\"fusion-flexslider flexslider fusion-flexslider-loading fusion-post-slideshow\" style=\"border-color:#2a2b3d;\">\n\t\t<ul class=\"slides\">\n\t\t\t\n\t\t\t\t\t\t\t\t\t\t\t\t\t\t<li><div  class=\"fusion-image-wrapper\" aria-haspopup=\"true\">\n\t\t\t\t<img decoding=\"async\" width=\"1125\" height=\"500\" src=\"https:\/\/reclaimfinance.org\/site\/wp-content\/uploads\/2026\/02\/European-commission.png\" class=\"attachment-full size-full wp-post-image\" alt=\"\" \/><div class=\"fusion-rollover\">\n\t<div class=\"fusion-rollover-content\">\n\n\t\t\t\t\n\t\t\n\t\t\t\t\t\t\t\t\n\t\t\t\t\t\t\t\t\n\t\t\n\t\t\t\t\t\t<a class=\"fusion-link-wrapper\" href=\"https:\/\/reclaimfinance.org\/site\/2026\/02\/19\/lettre-ouverte-plus-de-130-signataires-appellent-a-exclure-les-energies-fossiles-des-fonds-durables-de-lue\/\" aria-label=\"Lettre ouverte : plus de 130 signataires appellent \u00e0 exclure les \u00e9nergies fossiles des fonds durables de l\u2019UE\"><\/a>\n\t<\/div>\n<\/div>\n<\/div>\n<\/li>\n\t\t\t\n\t\t\t\n\t\t\t\t\t\t\t\t<\/ul>\n\t<\/div>\n\t<div class=\"fusion-post-content-wrapper\" style=\"padding:30px 25px 20px 25px;\"><div class=\"fusion-post-content post-content\"><h3 class=\"blog-shortcode-post-title entry-title\"><a href=\"https:\/\/reclaimfinance.org\/site\/2026\/02\/19\/lettre-ouverte-plus-de-130-signataires-appellent-a-exclure-les-energies-fossiles-des-fonds-durables-de-lue\/\">Lettre ouverte : plus de 130 signataires appellent \u00e0 exclure les \u00e9nergies fossiles des fonds durables de l\u2019UE<\/a><\/h3><p class=\"fusion-single-line-meta\"><span class=\"vcard\" style=\"display: none;\"><span class=\"fn\"><a href=\"https:\/\/reclaimfinance.org\/site\/author\/aman\/\" title=\"Articles par Aatira\u00ef Manickawasagar\" rel=\"author\">Aatira\u00ef Manickawasagar<\/a><\/span><\/span><span class=\"updated\" style=\"display:none;\">2026-02-19T14:18:11+01:00<\/span><span>19\/02\/2026<\/span><span class=\"fusion-inline-sep\">|<\/span><a href=\"https:\/\/reclaimfinance.org\/site\/category\/communique-de-presse\/\" rel=\"category tag\">Communiqu\u00e9s de presse<\/a><span class=\"fusion-inline-sep\">|<\/span><\/p><\/div><\/div><div class=\"fusion-clearfix\"><\/div><\/div>\n<\/article>\n<article id=\"blog-1-post-39268\" class=\"fusion-post-grid post-39268 post type-post status-publish format-standard has-post-thumbnail hentry category-blog acteurs_financiers-banques-fr thematique-energies-fossiles\">\n<div class=\"fusion-post-wrapper\" style=\"background-color:rgba(255,255,255,0);border:1px solid #2a2b3d;border-bottom-width:3px;\">\n\n\t\t\t<div class=\"fusion-flexslider flexslider fusion-flexslider-loading fusion-post-slideshow\" style=\"border-color:#2a2b3d;\">\n\t\t<ul class=\"slides\">\n\t\t\t\n\t\t\t\t\t\t\t\t\t\t\t\t\t\t<li><div  class=\"fusion-image-wrapper\" aria-haspopup=\"true\">\n\t\t\t\t<img decoding=\"async\" width=\"1125\" height=\"500\" src=\"https:\/\/reclaimfinance.org\/site\/wp-content\/uploads\/2026\/02\/Stop-the-money-pipeline-.png\" class=\"attachment-full size-full wp-post-image\" alt=\"\" \/><div class=\"fusion-rollover\">\n\t<div class=\"fusion-rollover-content\">\n\n\t\t\t\t\n\t\t\n\t\t\t\t\t\t\t\t\n\t\t\t\t\t\t\t\t\n\t\t\n\t\t\t\t\t\t<a class=\"fusion-link-wrapper\" href=\"https:\/\/reclaimfinance.org\/site\/2026\/02\/18\/entreprises-vos-choix-bancaires-peuvent-compromettre-vos-engagements-climatiques\/\" aria-label=\"Entreprises : vos choix bancaires peuvent compromettre vos engagements climatiques\"><\/a>\n\t<\/div>\n<\/div>\n<\/div>\n<\/li>\n\t\t\t\n\t\t\t\n\t\t\t\t\t\t\t\t<\/ul>\n\t<\/div>\n\t<div class=\"fusion-post-content-wrapper\" style=\"padding:30px 25px 20px 25px;\"><div class=\"fusion-post-content post-content\"><h3 class=\"blog-shortcode-post-title entry-title\"><a href=\"https:\/\/reclaimfinance.org\/site\/2026\/02\/18\/entreprises-vos-choix-bancaires-peuvent-compromettre-vos-engagements-climatiques\/\">Entreprises : vos choix bancaires peuvent compromettre vos engagements climatiques<\/a><\/h3><p class=\"fusion-single-line-meta\"><span class=\"vcard\" style=\"display: none;\"><span class=\"fn\"><a href=\"https:\/\/reclaimfinance.org\/site\/author\/aman\/\" title=\"Articles par Aatira\u00ef Manickawasagar\" rel=\"author\">Aatira\u00ef Manickawasagar<\/a><\/span><\/span><span class=\"updated\" style=\"display:none;\">2026-02-18T17:18:58+01:00<\/span><span>18\/02\/2026<\/span><span class=\"fusion-inline-sep\">|<\/span><a href=\"https:\/\/reclaimfinance.org\/site\/category\/blog\/\" rel=\"category tag\">Articles<\/a><span class=\"fusion-inline-sep\">|<\/span><\/p><\/div><\/div><div class=\"fusion-clearfix\"><\/div><\/div>\n<\/article>\n<article id=\"blog-1-post-39253\" class=\"fusion-post-grid post-39253 post type-post status-publish format-standard has-post-thumbnail hentry category-blog acteurs_financiers-detenteurs-dactifs acteurs_financiers-gestionnaire-dactifs thematique-energies-fossiles programme-programme-1-fr\">\n<div class=\"fusion-post-wrapper\" style=\"background-color:rgba(255,255,255,0);border:1px solid #2a2b3d;border-bottom-width:3px;\">\n\n\t\t\t<div class=\"fusion-flexslider flexslider fusion-flexslider-loading fusion-post-slideshow\" style=\"border-color:#2a2b3d;\">\n\t\t<ul class=\"slides\">\n\t\t\t\n\t\t\t\t\t\t\t\t\t\t\t\t\t\t<li><div  class=\"fusion-image-wrapper\" aria-haspopup=\"true\">\n\t\t\t\t<img decoding=\"async\" width=\"1125\" height=\"500\" src=\"https:\/\/reclaimfinance.org\/site\/wp-content\/uploads\/2026\/02\/ERAFP.png\" class=\"attachment-full size-full wp-post-image\" alt=\"\" \/><div class=\"fusion-rollover\">\n\t<div class=\"fusion-rollover-content\">\n\n\t\t\t\t\n\t\t\n\t\t\t\t\t\t\t\t\n\t\t\t\t\t\t\t\t\n\t\t\n\t\t\t\t\t\t<a class=\"fusion-link-wrapper\" href=\"https:\/\/reclaimfinance.org\/site\/2026\/02\/17\/nouveaux-engagements-climatiques-de-lerafp-des-avancees-en-trompe-loeil\/\" aria-label=\"Nouveaux engagements climatiques de l\u2019ERAFP\u202f: des avanc\u00e9es en trompe-l\u2019\u0153il ?\"><\/a>\n\t<\/div>\n<\/div>\n<\/div>\n<\/li>\n\t\t\t\n\t\t\t\n\t\t\t\t\t\t\t\t<\/ul>\n\t<\/div>\n\t<div class=\"fusion-post-content-wrapper\" style=\"padding:30px 25px 20px 25px;\"><div class=\"fusion-post-content post-content\"><h3 class=\"blog-shortcode-post-title entry-title\"><a href=\"https:\/\/reclaimfinance.org\/site\/2026\/02\/17\/nouveaux-engagements-climatiques-de-lerafp-des-avancees-en-trompe-loeil\/\">Nouveaux engagements climatiques de l\u2019ERAFP\u202f: des avanc\u00e9es en trompe-l\u2019\u0153il ?<\/a><\/h3><p class=\"fusion-single-line-meta\"><span class=\"vcard\" style=\"display: none;\"><span class=\"fn\"><a href=\"https:\/\/reclaimfinance.org\/site\/author\/aman\/\" title=\"Articles par Aatira\u00ef Manickawasagar\" rel=\"author\">Aatira\u00ef Manickawasagar<\/a><\/span><\/span><span class=\"updated\" style=\"display:none;\">2026-02-17T09:46:10+01:00<\/span><span>17\/02\/2026<\/span><span class=\"fusion-inline-sep\">|<\/span><a href=\"https:\/\/reclaimfinance.org\/site\/category\/blog\/\" rel=\"category tag\">Articles<\/a><span class=\"fusion-inline-sep\">|<\/span><\/p><\/div><\/div><div class=\"fusion-clearfix\"><\/div><\/div>\n<\/article>\n<article id=\"blog-1-post-39242\" class=\"fusion-post-grid post-39242 post type-post status-publish format-standard has-post-thumbnail hentry category-communique-de-presse acteurs_financiers-banques-fr thematique-gaz-fr thematique-petrole-et-gaz programme-programme-1-fr\">\n<div class=\"fusion-post-wrapper\" style=\"background-color:rgba(255,255,255,0);border:1px solid #2a2b3d;border-bottom-width:3px;\">\n\n\t\t\t<div class=\"fusion-flexslider flexslider fusion-flexslider-loading fusion-post-slideshow\" style=\"border-color:#2a2b3d;\">\n\t\t<ul class=\"slides\">\n\t\t\t\n\t\t\t\t\t\t\t\t\t\t\t\t\t\t<li><div  class=\"fusion-image-wrapper\" aria-haspopup=\"true\">\n\t\t\t\t<img decoding=\"async\" width=\"1350\" height=\"600\" src=\"https:\/\/reclaimfinance.org\/site\/wp-content\/uploads\/2022\/10\/1.-BANNER-SITEWEB20.png\" class=\"attachment-full size-full wp-post-image\" alt=\"\" srcset=\"https:\/\/reclaimfinance.org\/site\/wp-content\/uploads\/2022\/10\/1.-BANNER-SITEWEB20-200x89.png 200w, https:\/\/reclaimfinance.org\/site\/wp-content\/uploads\/2022\/10\/1.-BANNER-SITEWEB20-400x178.png 400w, https:\/\/reclaimfinance.org\/site\/wp-content\/uploads\/2022\/10\/1.-BANNER-SITEWEB20-600x267.png 600w, https:\/\/reclaimfinance.org\/site\/wp-content\/uploads\/2022\/10\/1.-BANNER-SITEWEB20-800x356.png 800w, https:\/\/reclaimfinance.org\/site\/wp-content\/uploads\/2022\/10\/1.-BANNER-SITEWEB20-1200x533.png 1200w, https:\/\/reclaimfinance.org\/site\/wp-content\/uploads\/2022\/10\/1.-BANNER-SITEWEB20.png 1350w\" sizes=\"(min-width: 2200px) 100vw, (min-width: 784px) 370px, (min-width: 712px) 555px, (min-width: 640px) 712px, \" \/><div class=\"fusion-rollover\">\n\t<div class=\"fusion-rollover-content\">\n\n\t\t\t\t\n\t\t\n\t\t\t\t\t\t\t\t\n\t\t\t\t\t\t\t\t\n\t\t\n\t\t\t\t\t\t<a class=\"fusion-link-wrapper\" href=\"https:\/\/reclaimfinance.org\/site\/2026\/02\/10\/totalenergies-pres-de-30-banques-tournent-desormais-le-dos-au-projet-papua-lng\/\" aria-label=\"TotalEnergies : pr\u00e8s de 30 banques tournent d\u00e9sormais le dos au projet Papua LNG\"><\/a>\n\t<\/div>\n<\/div>\n<\/div>\n<\/li>\n\t\t\t\n\t\t\t\n\t\t\t\t\t\t\t\t<\/ul>\n\t<\/div>\n\t<div class=\"fusion-post-content-wrapper\" style=\"padding:30px 25px 20px 25px;\"><div class=\"fusion-post-content post-content\"><h3 class=\"blog-shortcode-post-title entry-title\"><a href=\"https:\/\/reclaimfinance.org\/site\/2026\/02\/10\/totalenergies-pres-de-30-banques-tournent-desormais-le-dos-au-projet-papua-lng\/\">TotalEnergies : pr\u00e8s de 30 banques tournent d\u00e9sormais le dos au projet Papua LNG<\/a><\/h3><p class=\"fusion-single-line-meta\"><span class=\"vcard\" style=\"display: none;\"><span class=\"fn\"><a href=\"https:\/\/reclaimfinance.org\/site\/author\/abo\/\" title=\"Articles par Antoine Bouhey\" rel=\"author\">Antoine Bouhey<\/a><\/span><\/span><span class=\"updated\" style=\"display:none;\">2026-02-16T17:23:17+01:00<\/span><span>10\/02\/2026<\/span><span class=\"fusion-inline-sep\">|<\/span><a href=\"https:\/\/reclaimfinance.org\/site\/category\/communique-de-presse\/\" rel=\"category tag\">Communiqu\u00e9s de presse<\/a><span class=\"fusion-inline-sep\">|<\/span><\/p><\/div><\/div><div class=\"fusion-clearfix\"><\/div><\/div>\n<\/article>\n<article id=\"blog-1-post-39189\" class=\"fusion-post-grid post-39189 post type-post status-publish format-standard has-post-thumbnail hentry category-blog thematique-energies-fossiles thematique-gaz-fr programme-programme-1-fr\">\n<div class=\"fusion-post-wrapper\" style=\"background-color:rgba(255,255,255,0);border:1px solid #2a2b3d;border-bottom-width:3px;\">\n\n\t\t\t<div class=\"fusion-flexslider flexslider fusion-flexslider-loading fusion-post-slideshow\" style=\"border-color:#2a2b3d;\">\n\t\t<ul class=\"slides\">\n\t\t\t\n\t\t\t\t\t\t\t\t\t\t\t\t\t\t<li><div  class=\"fusion-image-wrapper\" aria-haspopup=\"true\">\n\t\t\t\t<img decoding=\"async\" width=\"1125\" height=\"500\" src=\"https:\/\/reclaimfinance.org\/site\/wp-content\/uploads\/2026\/02\/US-liquefied-natural-gas.png\" class=\"attachment-full size-full wp-post-image\" alt=\"\" \/><div class=\"fusion-rollover\">\n\t<div class=\"fusion-rollover-content\">\n\n\t\t\t\t\n\t\t\n\t\t\t\t\t\t\t\t\n\t\t\t\t\t\t\t\t\n\t\t\n\t\t\t\t\t\t<a class=\"fusion-link-wrapper\" href=\"https:\/\/reclaimfinance.org\/site\/2026\/02\/09\/gnl-etats-unien-et-autonomie-europeenne-le-dilemme-des-banques-europeennes\/\" aria-label=\"GNL etats-unien et autonomie europ\u00e9enne : le dilemme des banques europ\u00e9ennes\"><\/a>\n\t<\/div>\n<\/div>\n<\/div>\n<\/li>\n\t\t\t\n\t\t\t\n\t\t\t\t\t\t\t\t<\/ul>\n\t<\/div>\n\t<div class=\"fusion-post-content-wrapper\" style=\"padding:30px 25px 20px 25px;\"><div class=\"fusion-post-content post-content\"><h3 class=\"blog-shortcode-post-title entry-title\"><a href=\"https:\/\/reclaimfinance.org\/site\/2026\/02\/09\/gnl-etats-unien-et-autonomie-europeenne-le-dilemme-des-banques-europeennes\/\">GNL etats-unien et autonomie europ\u00e9enne : le dilemme des banques europ\u00e9ennes<\/a><\/h3><p class=\"fusion-single-line-meta\"><span class=\"vcard\" style=\"display: none;\"><span class=\"fn\"><a href=\"https:\/\/reclaimfinance.org\/site\/author\/lma\/\" title=\"Articles par L\u00e9o Martin\" rel=\"author\">L\u00e9o Martin<\/a><\/span><\/span><span class=\"updated\" style=\"display:none;\">2026-02-06T15:10:06+01:00<\/span><span>09\/02\/2026<\/span><span class=\"fusion-inline-sep\">|<\/span><a href=\"https:\/\/reclaimfinance.org\/site\/category\/blog\/\" rel=\"category tag\">Articles<\/a><span class=\"fusion-inline-sep\">|<\/span><\/p><\/div><\/div><div class=\"fusion-clearfix\"><\/div><\/div>\n<\/article>\n<article id=\"blog-1-post-39162\" class=\"fusion-post-grid post-39162 post type-post status-publish format-standard has-post-thumbnail hentry category-blog acteurs_financiers-gestionnaire-dactifs thematique-energies-fossiles programme-programme-1-fr programme-programme-3-fr\">\n<div class=\"fusion-post-wrapper\" style=\"background-color:rgba(255,255,255,0);border:1px solid #2a2b3d;border-bottom-width:3px;\">\n\n\t\t\t<div class=\"fusion-flexslider flexslider fusion-flexslider-loading fusion-post-slideshow\" style=\"border-color:#2a2b3d;\">\n\t\t<ul class=\"slides\">\n\t\t\t\n\t\t\t\t\t\t\t\t\t\t\t\t\t\t<li><div  class=\"fusion-image-wrapper\" aria-haspopup=\"true\">\n\t\t\t\t<img decoding=\"async\" width=\"1125\" height=\"500\" src=\"https:\/\/reclaimfinance.org\/site\/wp-content\/uploads\/2026\/02\/Pension-funds-fossil-fuels.png\" class=\"attachment-full size-full wp-post-image\" alt=\"\" \/><div class=\"fusion-rollover\">\n\t<div class=\"fusion-rollover-content\">\n\n\t\t\t\t\n\t\t\n\t\t\t\t\t\t\t\t\n\t\t\t\t\t\t\t\t\n\t\t\n\t\t\t\t\t\t<a class=\"fusion-link-wrapper\" href=\"https:\/\/reclaimfinance.org\/site\/2026\/02\/06\/fonds-de-reserve-pour-les-retraites-encore-de-largent-public-pour-les-fossiles\/\" aria-label=\"Fonds de r\u00e9serve pour les retraites\u202f: encore de l\u2019argent public pour les fossiles\"><\/a>\n\t<\/div>\n<\/div>\n<\/div>\n<\/li>\n\t\t\t\n\t\t\t\n\t\t\t\t\t\t\t\t<\/ul>\n\t<\/div>\n\t<div class=\"fusion-post-content-wrapper\" style=\"padding:30px 25px 20px 25px;\"><div class=\"fusion-post-content post-content\"><h3 class=\"blog-shortcode-post-title entry-title\"><a href=\"https:\/\/reclaimfinance.org\/site\/2026\/02\/06\/fonds-de-reserve-pour-les-retraites-encore-de-largent-public-pour-les-fossiles\/\">Fonds de r\u00e9serve pour les retraites\u202f: encore de l\u2019argent public pour les fossiles<\/a><\/h3><p class=\"fusion-single-line-meta\"><span class=\"vcard\" style=\"display: none;\"><span class=\"fn\"><a href=\"https:\/\/reclaimfinance.org\/site\/author\/lma\/\" title=\"Articles par L\u00e9o Martin\" rel=\"author\">L\u00e9o Martin<\/a><\/span><\/span><span class=\"updated\" style=\"display:none;\">2026-02-06T10:09:53+01:00<\/span><span>06\/02\/2026<\/span><span class=\"fusion-inline-sep\">|<\/span><a href=\"https:\/\/reclaimfinance.org\/site\/category\/blog\/\" rel=\"category tag\">Articles<\/a><span class=\"fusion-inline-sep\">|<\/span><\/p><\/div><\/div><div class=\"fusion-clearfix\"><\/div><\/div>\n<\/article>\n<div class=\"fusion-clearfix\"><\/div><\/div><div class=\"pagination clearfix\"><span class=\"current\">1<\/span><a href=\"https:\/\/reclaimfinance.org\/site\/wp-json\/wp\/v2\/pages\/664\/page\/2\/\" class=\"inactive\">2<\/a><a href=\"https:\/\/reclaimfinance.org\/site\/wp-json\/wp\/v2\/pages\/664\/page\/3\/\" class=\"inactive\">3<\/a><span class=\"pagination-dots paginations-dots-end\">&middot;&middot;&middot;<\/span><a href=\"https:\/\/reclaimfinance.org\/site\/wp-json\/wp\/v2\/pages\/664\/page\/41\/\" class=\"inactive\">41<\/a><a class=\"pagination-next\" rel=\"next\" href=\"https:\/\/reclaimfinance.org\/site\/wp-json\/wp\/v2\/pages\/664\/page\/2\/\"><span class=\"page-text\">Suivant<\/span><span class=\"page-next\"><\/span><\/a><\/div><div class=\"fusion-clearfix\"><\/div><\/div><\/div><\/div><div class=\"fusion-layout-column fusion_builder_column fusion-builder-column-3 fusion_builder_column_1_1 1_1 fusion-flex-column fusion-flex-align-self-flex-start fusion-column-no-min-height fusion-no-small-visibility\" style=\"--awb-bg-size:cover;--awb-width-large:100%;--awb-margin-top-large:50px;--awb-spacing-right-large:0px;--awb-margin-bottom-large:0px;--awb-spacing-left-large:0px;--awb-width-medium:100%;--awb-spacing-right-medium:0px;--awb-spacing-left-medium:0px;--awb-width-small:100%;--awb-spacing-right-small:0px;--awb-spacing-left-small:0px;\"><div class=\"fusion-column-wrapper fusion-column-has-shadow fusion-flex-justify-content-flex-start fusion-content-layout-column\"><div class=\"fusion-section-separator section-separator big-half-circle fusion-section-separator-1\" style=\"--awb-spacer-height:99px;--awb-svg-margin-right:0px;--awb-svg-margin-left-medium:0px;--awb-svg-margin-right-medium:0px;--awb-svg-margin-left-small:0px;--awb-svg-margin-right-small:0px;--awb-divider-height:99px;--awb-spacer-padding-top:inherit;--awb-sep-padding:0;--awb-svg-padding:0;--awb-margin-bottom:-1px;\"><div class=\"fusion-section-separator-svg\"><svg class=\"fusion-big-half-circle-candy\" xmlns=\"http:\/\/www.w3.org\/2000\/svg\" version=\"1.1\" width=\"100%\" height=\"100\" viewBox=\"0 0 100 100\" preserveAspectRatio=\"none\" fill=\"rgba(80,172,120,1)\"><path d=\"M0 100 C40 0 60 0 100 100 Z\"><\/path><\/svg><\/div><div class=\"fusion-section-separator-spacer\"><div class=\"fusion-section-separator-spacer-height\"><\/div><\/div><\/div><\/div><\/div><\/div><\/div><\/p>\n","protected":false},"excerpt":{"rendered":"","protected":false},"author":28,"featured_media":0,"parent":0,"menu_order":0,"comment_status":"closed","ping_status":"open","template":"100-width.php","meta":{"footnotes":""},"programme":[],"class_list":["post-664","page","type-page","status-publish","hentry"],"yoast_head":"<!-- This site is optimized with the Yoast SEO plugin v23.1 - https:\/\/yoast.com\/wordpress\/plugins\/seo\/ -->\n<title>Publications - Reclaim Finance<\/title>\n<meta name=\"robots\" content=\"index, follow, max-snippet:-1, max-image-preview:large, max-video-preview:-1\" \/>\n<link rel=\"canonical\" href=\"https:\/\/reclaimfinance.org\/site\/blog\/\" \/>\n<meta property=\"og:locale\" content=\"fr_FR\" \/>\n<meta property=\"og:type\" content=\"article\" \/>\n<meta property=\"og:title\" content=\"Publications - Reclaim Finance\" \/>\n<meta property=\"og:url\" content=\"https:\/\/reclaimfinance.org\/site\/blog\/\" \/>\n<meta property=\"og:site_name\" content=\"Reclaim Finance\" \/>\n<meta property=\"article:publisher\" content=\"https:\/\/www.facebook.com\/ReclaimFinanceONG\" \/>\n<meta property=\"article:modified_time\" content=\"2024-04-04T08:32:14+00:00\" \/>\n<meta name=\"twitter:card\" content=\"summary_large_image\" \/>\n<meta name=\"twitter:site\" content=\"@ReclaimFinance\" \/>\n<meta name=\"twitter:label1\" content=\"Dur\u00e9e de lecture estim\u00e9e\" \/>\n\t<meta name=\"twitter:data1\" content=\"3 minutes\" \/>\n<script type=\"application\/ld+json\" class=\"yoast-schema-graph\">{\"@context\":\"https:\/\/schema.org\",\"@graph\":[{\"@type\":\"WebPage\",\"@id\":\"https:\/\/reclaimfinance.org\/site\/blog\/\",\"url\":\"https:\/\/reclaimfinance.org\/site\/blog\/\",\"name\":\"Publications - Reclaim Finance\",\"isPartOf\":{\"@id\":\"https:\/\/reclaimfinance.org\/site\/#website\"},\"datePublished\":\"2020-03-02T15:23:05+00:00\",\"dateModified\":\"2024-04-04T08:32:14+00:00\",\"breadcrumb\":{\"@id\":\"https:\/\/reclaimfinance.org\/site\/blog\/#breadcrumb\"},\"inLanguage\":\"fr-FR\",\"potentialAction\":[{\"@type\":\"ReadAction\",\"target\":[\"https:\/\/reclaimfinance.org\/site\/blog\/\"]}]},{\"@type\":\"BreadcrumbList\",\"@id\":\"https:\/\/reclaimfinance.org\/site\/blog\/#breadcrumb\",\"itemListElement\":[{\"@type\":\"ListItem\",\"position\":1,\"name\":\"Accueil\",\"item\":\"https:\/\/reclaimfinance.org\/site\/\"},{\"@type\":\"ListItem\",\"position\":2,\"name\":\"Publications\"}]},{\"@type\":\"WebSite\",\"@id\":\"https:\/\/reclaimfinance.org\/site\/#website\",\"url\":\"https:\/\/reclaimfinance.org\/site\/\",\"name\":\"Reclaim Finance\",\"description\":\"Reprendre le contr\u00f4le de la finance pour le climat et la biodiversit\u00e9\",\"publisher\":{\"@id\":\"https:\/\/reclaimfinance.org\/site\/#organization\"},\"potentialAction\":[{\"@type\":\"SearchAction\",\"target\":{\"@type\":\"EntryPoint\",\"urlTemplate\":\"https:\/\/reclaimfinance.org\/site\/?s={search_term_string}\"},\"query-input\":\"required name=search_term_string\"}],\"inLanguage\":\"fr-FR\"},{\"@type\":\"Organization\",\"@id\":\"https:\/\/reclaimfinance.org\/site\/#organization\",\"name\":\"Reclaim Finance\",\"url\":\"https:\/\/reclaimfinance.org\/site\/\",\"logo\":{\"@type\":\"ImageObject\",\"inLanguage\":\"fr-FR\",\"@id\":\"https:\/\/reclaimfinance.org\/site\/#\/schema\/logo\/image\/\",\"url\":\"https:\/\/reclaimfinance.org\/site\/wp-content\/uploads\/2020\/03\/logo_RC_space.png\",\"contentUrl\":\"https:\/\/reclaimfinance.org\/site\/wp-content\/uploads\/2020\/03\/logo_RC_space.png\",\"width\":800,\"height\":800,\"caption\":\"Reclaim Finance\"},\"image\":{\"@id\":\"https:\/\/reclaimfinance.org\/site\/#\/schema\/logo\/image\/\"},\"sameAs\":[\"https:\/\/www.facebook.com\/ReclaimFinanceONG\",\"https:\/\/x.com\/ReclaimFinance\",\"https:\/\/www.instagram.com\/reclaimfinance\/\",\"https:\/\/www.linkedin.com\/company\/reclaim-finance-ong-think-tank\"]}]}<\/script>\n<!-- \/ Yoast SEO plugin. -->","yoast_head_json":{"title":"Publications - Reclaim Finance","robots":{"index":"index","follow":"follow","max-snippet":"max-snippet:-1","max-image-preview":"max-image-preview:large","max-video-preview":"max-video-preview:-1"},"canonical":"https:\/\/reclaimfinance.org\/site\/blog\/","og_locale":"fr_FR","og_type":"article","og_title":"Publications - Reclaim Finance","og_url":"https:\/\/reclaimfinance.org\/site\/blog\/","og_site_name":"Reclaim Finance","article_publisher":"https:\/\/www.facebook.com\/ReclaimFinanceONG","article_modified_time":"2024-04-04T08:32:14+00:00","twitter_card":"summary_large_image","twitter_site":"@ReclaimFinance","twitter_misc":{"Dur\u00e9e de lecture estim\u00e9e":"3 minutes"},"schema":{"@context":"https:\/\/schema.org","@graph":[{"@type":"WebPage","@id":"https:\/\/reclaimfinance.org\/site\/blog\/","url":"https:\/\/reclaimfinance.org\/site\/blog\/","name":"Publications - Reclaim Finance","isPartOf":{"@id":"https:\/\/reclaimfinance.org\/site\/#website"},"datePublished":"2020-03-02T15:23:05+00:00","dateModified":"2024-04-04T08:32:14+00:00","breadcrumb":{"@id":"https:\/\/reclaimfinance.org\/site\/blog\/#breadcrumb"},"inLanguage":"fr-FR","potentialAction":[{"@type":"ReadAction","target":["https:\/\/reclaimfinance.org\/site\/blog\/"]}]},{"@type":"BreadcrumbList","@id":"https:\/\/reclaimfinance.org\/site\/blog\/#breadcrumb","itemListElement":[{"@type":"ListItem","position":1,"name":"Accueil","item":"https:\/\/reclaimfinance.org\/site\/"},{"@type":"ListItem","position":2,"name":"Publications"}]},{"@type":"WebSite","@id":"https:\/\/reclaimfinance.org\/site\/#website","url":"https:\/\/reclaimfinance.org\/site\/","name":"Reclaim Finance","description":"Reprendre le contr\u00f4le de la finance pour le climat et la biodiversit\u00e9","publisher":{"@id":"https:\/\/reclaimfinance.org\/site\/#organization"},"potentialAction":[{"@type":"SearchAction","target":{"@type":"EntryPoint","urlTemplate":"https:\/\/reclaimfinance.org\/site\/?s={search_term_string}"},"query-input":"required name=search_term_string"}],"inLanguage":"fr-FR"},{"@type":"Organization","@id":"https:\/\/reclaimfinance.org\/site\/#organization","name":"Reclaim Finance","url":"https:\/\/reclaimfinance.org\/site\/","logo":{"@type":"ImageObject","inLanguage":"fr-FR","@id":"https:\/\/reclaimfinance.org\/site\/#\/schema\/logo\/image\/","url":"https:\/\/reclaimfinance.org\/site\/wp-content\/uploads\/2020\/03\/logo_RC_space.png","contentUrl":"https:\/\/reclaimfinance.org\/site\/wp-content\/uploads\/2020\/03\/logo_RC_space.png","width":800,"height":800,"caption":"Reclaim Finance"},"image":{"@id":"https:\/\/reclaimfinance.org\/site\/#\/schema\/logo\/image\/"},"sameAs":["https:\/\/www.facebook.com\/ReclaimFinanceONG","https:\/\/x.com\/ReclaimFinance","https:\/\/www.instagram.com\/reclaimfinance\/","https:\/\/www.linkedin.com\/company\/reclaim-finance-ong-think-tank"]}]}},"_links":{"self":[{"href":"https:\/\/reclaimfinance.org\/site\/wp-json\/wp\/v2\/pages\/664"}],"collection":[{"href":"https:\/\/reclaimfinance.org\/site\/wp-json\/wp\/v2\/pages"}],"about":[{"href":"https:\/\/reclaimfinance.org\/site\/wp-json\/wp\/v2\/types\/page"}],"author":[{"embeddable":true,"href":"https:\/\/reclaimfinance.org\/site\/wp-json\/wp\/v2\/users\/28"}],"replies":[{"embeddable":true,"href":"https:\/\/reclaimfinance.org\/site\/wp-json\/wp\/v2\/comments?post=664"}],"version-history":[{"count":0,"href":"https:\/\/reclaimfinance.org\/site\/wp-json\/wp\/v2\/pages\/664\/revisions"}],"wp:attachment":[{"href":"https:\/\/reclaimfinance.org\/site\/wp-json\/wp\/v2\/media?parent=664"}],"wp:term":[{"taxonomy":"programme","embeddable":true,"href":"https:\/\/reclaimfinance.org\/site\/wp-json\/wp\/v2\/programme?post=664"}],"curies":[{"name":"wp","href":"https:\/\/api.w.org\/{rel}","templated":true}]}}